{"id":3807,"date":"2024-08-13T10:52:50","date_gmt":"2024-08-13T08:52:50","guid":{"rendered":"https:\/\/groupedelmar.fr\/familiale-openluchthotelgroep-argeles-sur-mer\/"},"modified":"2025-01-15T15:20:30","modified_gmt":"2025-01-15T14:20:30","slug":"familiale-openluchthotelgroep-argeles-sur-mer","status":"publish","type":"page","link":"https:\/\/groupedelmar.fr\/nl\/familiale-openluchthotelgroep-argeles-sur-mer\/","title":{"rendered":"Drie etablissementen, \u00e9\u00e9n ambitie: u een droomvakantie bezorgen in de Pyrenee\u00ebn-Orientales"},"content":{"rendered":"\n<div class=\"wp-block-group alignfull gt-reveal has-global-padding is-layout-constrained wp-container-core-group-is-layout-10 wp-block-group-is-layout-constrained\">\n<div style=\"height:6rem\" aria-hidden=\"true\" class=\"wp-block-spacer gt-hide-mobile\"><\/div>\n\n\n\n<div class=\"wp-block-group alignfull animated fadeIn slower is-layout-flow wp-block-group-is-layout-flow\" style=\"margin-top:0;margin-bottom:-33px;padding-right:0;padding-left:0\">\n<p class=\"has-text-align-center gt-sliding-text has-contrast-3-color has-text-color has-link-color has-sogo-font-family wp-elements-fc4aa592ed57078b94532f1afc031a7c\" style=\"margin-top:0;margin-right:-33px;margin-bottom:0;margin-left:-33px;font-size:4.5vw;font-style:normal;font-weight:300;line-height:1;text-transform:uppercase\">Ontdek onze vestigingen<\/p>\n<\/div>\n\n\n\n<div style=\"height:3rem\" aria-hidden=\"true\" class=\"wp-block-spacer gt-hide-mobile\"><\/div>\n\n\n\n<div data-swiper=\"{&quot;speed&quot;:400,&quot;spaceBetween&quot;:16,&quot;slidesPerView&quot;:3,&quot;createElements&quot;:true,&quot;loop&quot;:true,&quot;freemode&quot;:true,&quot;navigation&quot;:{&quot;nextEl&quot;:&quot;buttonNext&quot;,&quot;prevEl&quot;:&quot;buttonPrev&quot;},&quot;pagination&quot;:{&quot;el&quot;:&quot;.swiper-pagination&quot;,&quot;dynamicBullets&quot;:true},&quot;breakpoints&quot;:{&quot;0&quot;:{&quot;slidesPerView&quot;:1},&quot;380&quot;:{&quot;slidesPerView&quot;:2},&quot;1024&quot;:{&quot;slidesPerView&quot;:3}},&quot;autoplay&quot;:{&quot;delay&quot;:2000}}\" class=\"wp-block-group alignfull gt-logos-camping gt-is-slider gt-is-slider-mobile is-content-justification-center is-nowrap is-layout-flex wp-container-core-group-is-layout-5 wp-block-group-is-layout-flex\" style=\"margin-top:0;margin-bottom:0;padding-top:var(--wp--preset--spacing--30);padding-bottom:var(--wp--preset--spacing--30)\">\n<div class=\"wp-block-group gt-camping-logo gt-reveal-down is-vertical is-layout-flex wp-container-core-group-is-layout-2 wp-block-group-is-layout-flex\">\n<figure class=\"wp-block-image size-full is-resized wp-duotone-132f44-132f44-1\"><a href=\"https:\/\/camping-del-mar.com\/nl\/\" target=\"_blank\" rel=\"noreferrer noopener\"><img data-dominant-color=\"d2cbb0\" data-has-transparency=\"true\" decoding=\"async\" width=\"158\" height=\"160\" src=\"https:\/\/groupedelmar.fr\/wp-content\/uploads\/2024\/08\/village-delmar.png\" alt=\"dorp delmar\" class=\"wp-image-124 has-transparency\" style=\"--dominant-color: #d2cbb0; object-fit:contain;width:160px;height:160px\"\/><\/a><\/figure>\n<\/div>\n\n\n\n<div class=\"wp-block-group gt-camping-logo gt-reveal-down is-vertical is-layout-flex wp-container-core-group-is-layout-3 wp-block-group-is-layout-flex\" data-scrolltrigger-start=\"top 80%\">\n<figure class=\"wp-block-image size-full is-resized wp-duotone-174c4f-174c4f-2\"><a href=\"https:\/\/campingclosduthym.com\/nl\/\" target=\"_blank\" rel=\"noreferrer noopener\"><img data-dominant-color=\"e6e0cc\" data-has-transparency=\"true\" decoding=\"async\" width=\"295\" height=\"85\" src=\"https:\/\/groupedelmar.fr\/wp-content\/uploads\/2024\/08\/clos-du-thym.png\" alt=\"clos du thym\" class=\"wp-image-126 has-transparency\" style=\"--dominant-color: #e6e0cc; object-fit:contain;width:285px;height:85px\"\/><\/a><\/figure>\n<\/div>\n\n\n\n<div class=\"wp-block-group gt-camping-logo gt-reveal-down is-vertical is-layout-flex wp-container-core-group-is-layout-4 wp-block-group-is-layout-flex\" data-scrolltrigger-start=\"top 70%\">\n<figure class=\"wp-block-image size-full is-resized wp-duotone-a54122-a54122-3\"><a href=\"https:\/\/residence-argeles-sur-mer.com\/nl\/\" target=\"_blank\" rel=\"noreferrer noopener\"><img data-dominant-color=\"e6e0cc\" data-has-transparency=\"true\" decoding=\"async\" width=\"125\" height=\"163\" src=\"https:\/\/groupedelmar.fr\/wp-content\/uploads\/2024\/08\/antinea-1.png\" alt=\"antinea\" class=\"wp-image-136 has-transparency\" style=\"--dominant-color: #e6e0cc; object-fit:contain;width:154px;height:154px\"\/><\/a><\/figure>\n<\/div>\n<\/div>\n\n\n\n<div style=\"height:var(--wp--preset--spacing--50)\" aria-hidden=\"true\" class=\"wp-block-spacer gt-hide-mobile\"><\/div>\n\n\n\n<div class=\"wp-block-group alignwide gt-break-mobile gt-reverse-mobile is-nowrap is-layout-flex wp-container-core-group-is-layout-9 wp-block-group-is-layout-flex\">\n<div class=\"wp-block-group has-global-padding is-layout-constrained wp-block-group-is-layout-constrained\">\n<div class=\"wp-block-group is-layout-flow wp-block-group-is-layout-flow\" style=\"padding-right:var(--wp--preset--spacing--30);padding-left:var(--wp--preset--spacing--30)\">\n<div style=\"height:10rem\" aria-hidden=\"true\" class=\"wp-block-spacer gt-hide-mobile\"><\/div>\n\n\n\n<figure class=\"wp-block-image aligncenter size-full gt-reveal-down\"><img data-dominant-color=\"b15526\" data-has-transparency=\"true\" style=\"--dominant-color: #b15526;\" decoding=\"async\" width=\"43\" height=\"21\" src=\"https:\/\/groupedelmar.fr\/wp-content\/uploads\/2024\/08\/separator.png\" alt=\"scheider\" class=\"wp-image-150 has-transparency\"\/><\/figure>\n\n\n<h2 class=\"wp-block-heading has-text-align-center gt-reveal-down has-accent-color has-text-color has-link-color wp-elements-dc80c4752d293090a05c288832f7a4d3\" id=\"de-geschiedenis-vaneen-familiegroep-aanwezigin-argeles-sur-mer-sinds-1970\">De geschiedenis van<br>een familiegroep aanwezig<br>in Argel\u00e8s-sur-Mer sinds 1970<\/h2>\n\n\n<p class=\"has-text-align-center gt-reveal-down has-medium-font-size\">Sinds 1970 <a href=\"https:\/\/groupedelmar.fr\/nl\/\">is de Del Mar Village familiegroep gevestigd in Argel\u00e8s-sur-Mer<\/a>, in het hart van de Pyrenee\u00ebn. Elke generatie heeft bijgedragen aan ons succes en heeft onze expertise en ons dienstenaanbod verrijkt. <\/p>\n\n\n\n<p class=\"has-text-align-center gt-reveal-down has-medium-font-size\">Vandaag de dag zetten we dit <strong>erfgoed<\/strong> met trots voort en bieden we producten en diensten aan onze trouwe klanten. Ontdek onze geschiedenis en deel onze passie voor Argel\u00e8s-sur-Mer, een unieke bestemming waar <strong>heden en verleden in harmonie samenkomen<\/strong>. <\/p>\n\n\n\n<p class=\"has-text-align-center gt-reveal-down has-medium-font-size\">Bezoek de <a href=\"https:\/\/camping-del-mar.com\/en\/campsite-history-argeles-sur-mer\/\" target=\"_blank\" rel=\"noreferrer noopener\">website van Camping Del Mar voor meer informatie over de geschiedenis<\/a> en onze inzet voor <strong>kwaliteit<\/strong> en <strong>traditie in Argel\u00e8s-sur-Mer gedurende meer dan vijftig jaar<\/strong>.<\/p>\n\n\n\n<div style=\"height:2rem\" aria-hidden=\"true\" class=\"wp-block-spacer is-style-gt-hide-mobile gt-hide-mobile\"><\/div>\n<\/div>\n<\/div>\n\n\n\n<div class=\"wp-block-group wp-container-content-1 is-layout-flow wp-block-group-is-layout-flow\">\n<figure class=\"wp-block-image size-full gt-reveal\"><img data-dominant-color=\"7e7e7e\" data-has-transparency=\"false\" style=\"--dominant-color: #7e7e7e;\" decoding=\"async\" width=\"640\" height=\"961\" src=\"https:\/\/groupedelmar.fr\/wp-content\/uploads\/2024\/11\/groupe-familial-argeles-sur-mer-depuis-1970.webp\" alt=\"familiegroep argeles sur mer sinds 1970\" class=\"wp-image-3062 not-transparent\" srcset=\"https:\/\/groupedelmar.fr\/wp-content\/uploads\/2024\/11\/groupe-familial-argeles-sur-mer-depuis-1970.webp 640w, https:\/\/groupedelmar.fr\/wp-content\/uploads\/2024\/11\/groupe-familial-argeles-sur-mer-depuis-1970-200x300.webp 200w\" sizes=\"(max-width: 640px) 100vw, 640px\" \/><\/figure>\n<\/div>\n<\/div>\n<\/div>\n\n<div class=\"wp-block-group alignfull gt-reveal gt-reverse-mobile has-global-padding is-layout-constrained wp-container-core-group-is-layout-16 wp-block-group-is-layout-constrained\">\n<div style=\"height:6rem\" aria-hidden=\"true\" class=\"wp-block-spacer gt-hide-mobile\"><\/div>\n\n\n\n<div class=\"wp-block-group alignwide animated fadeIn slower gt-hide-mobile is-layout-flow wp-block-group-is-layout-flow\" style=\"margin-top:0;margin-bottom:-33px;padding-right:0;padding-left:0\">\n<p class=\"gt-sliding-text has-contrast-3-color has-text-color has-link-color has-sogo-font-family wp-elements-c14d479e41db72592d2929a5ac042e1f\" style=\"margin-top:0;margin-right:0;margin-bottom:0;margin-left:0;font-size:7vw;font-style:normal;font-weight:300;line-height:1;text-transform:uppercase\">UW VAKANTIE<\/p>\n<\/div>\n\n\n\n<div class=\"wp-block-group alignwide gt-break-mobile is-nowrap is-layout-flex wp-container-core-group-is-layout-15 wp-block-group-is-layout-flex\">\n<div class=\"wp-block-group wp-container-content-2 is-layout-flow wp-block-group-is-layout-flow\">\n<figure class=\"wp-block-image size-full gt-reveal\"><img data-dominant-color=\"a39470\" data-has-transparency=\"false\" style=\"--dominant-color: #a39470;\" decoding=\"async\" width=\"640\" height=\"960\" src=\"https:\/\/groupedelmar.fr\/wp-content\/uploads\/2024\/11\/toutes-vos-envies-de-vacances.webp\" alt=\"al uw vakantiewensen\" class=\"wp-image-2477 not-transparent\" srcset=\"https:\/\/groupedelmar.fr\/wp-content\/uploads\/2024\/11\/toutes-vos-envies-de-vacances.webp 640w, https:\/\/groupedelmar.fr\/wp-content\/uploads\/2024\/11\/toutes-vos-envies-de-vacances-200x300.webp 200w\" sizes=\"(max-width: 640px) 100vw, 640px\" \/><\/figure>\n<\/div>\n\n\n\n<div class=\"wp-block-group has-global-padding is-layout-constrained wp-block-group-is-layout-constrained\">\n<div class=\"wp-block-group is-layout-flow wp-block-group-is-layout-flow\" style=\"padding-right:var(--wp--preset--spacing--30);padding-left:var(--wp--preset--spacing--30)\">\n<div style=\"height:10rem\" aria-hidden=\"true\" class=\"wp-block-spacer gt-hide-mobile\"><\/div>\n\n\n\n<figure class=\"wp-block-image aligncenter size-full gt-reveal-down\"><img data-dominant-color=\"b15526\" data-has-transparency=\"true\" style=\"--dominant-color: #b15526;\" decoding=\"async\" width=\"43\" height=\"21\" src=\"https:\/\/groupedelmar.fr\/wp-content\/uploads\/2024\/08\/separator.png\" alt=\"scheider\" class=\"wp-image-150 has-transparency\"\/><\/figure>\n\n\n<h2 class=\"wp-block-heading has-text-align-center gt-reveal-down has-accent-color has-text-color has-link-color wp-elements-80501c6bee215a72a72838df442a6fda\" id=\"ontdek-onzeetablissementen-diezijn-aangepast-aanal-je-vakantiewensen\">Ontdek onze<br>etablissementen die<br>zijn aangepast aan<br>al je vakantiewensen<\/h2>\n\n\n<p class=\"has-text-align-center gt-reveal-down has-medium-font-size\">Ontdek onze etablissementen voor <strong>al je vakantiewensen<\/strong>.<\/p>\n\n\n\n<p class=\"has-text-align-center gt-reveal-down has-medium-font-size\"><a href=\"https:\/\/groupedelmar.fr\/nl\/camping-residentie-argeles-sur-mer\/#delmar\">Camping Del<\/a> Mar, op slechts 500 m van het strand, biedt de <strong>ideale omgeving voor een vakantie aan zee<\/strong>.<\/p>\n\n\n\n<p class=\"has-text-align-center gt-reveal-down has-medium-font-size\">Voor wie graag dicht bij de voorzieningen is, is <a href=\"https:\/\/groupedelmar.fr\/nl\/camping-residentie-argeles-sur-mer\/#closduthym\">Camping Clos du Thym<\/a> perfect dankzij de <strong>nabijheid van het dorp<\/strong>.<\/p>\n\n\n\n<p class=\"has-text-align-center gt-reveal-down has-medium-font-size\"><a href=\"https:\/\/groupedelmar.fr\/nl\/camping-residentie-argeles-sur-mer\/#antinea\">R\u00e9sidence Antin\u00e9a<\/a> biedt studio&#8217;s en appartementen te huur aan, perfect voor een <strong>self-catering verblijf<\/strong>. <\/p>\n\n\n\n<p class=\"has-text-align-center gt-reveal-down has-medium-font-size\">Of je nu van het strand houdt of van een pittoresk dorpje, onze etablissementen zullen aan <strong>al je verwachtingen<\/strong> voldoen.<\/p>\n\n\n\n<p class=\"has-text-align-center gt-reveal-down has-medium-font-size\">Boek nu en geniet van een onvergetelijke vakantie.<\/p>\n\n\n\n<div style=\"height:2rem\" aria-hidden=\"true\" class=\"wp-block-spacer is-style-gt-hide-mobile gt-hide-mobile\"><\/div>\n<\/div>\n<\/div>\n<\/div>\n<\/div>\n\n<div class=\"wp-block-group alignfull gt-reveal is-nowrap is-layout-flex wp-container-core-group-is-layout-19 wp-block-group-is-layout-flex\">\n<div class=\"wp-block-cover gt-hide-mobile wp-container-content-3\" style=\"min-height:100vh;aspect-ratio:unset;aspect-ratio:unset;\"><img data-dominant-color=\"77846b\" data-has-transparency=\"false\" style=\"--dominant-color: #77846b;\" decoding=\"async\" width=\"381\" height=\"981\" class=\"wp-block-cover__image-background wp-image-3055 not-transparent\" alt=\"le groupe camping clos du thyme argeles sur mer\" src=\"https:\/\/groupedelmar.fr\/wp-content\/uploads\/2024\/11\/le-groupe-camping-clos-du-thyme-argeles-sur-mer.webp\" data-object-fit=\"cover\" srcset=\"https:\/\/groupedelmar.fr\/wp-content\/uploads\/2024\/11\/le-groupe-camping-clos-du-thyme-argeles-sur-mer.webp 381w, https:\/\/groupedelmar.fr\/wp-content\/uploads\/2024\/11\/le-groupe-camping-clos-du-thyme-argeles-sur-mer-117x300.webp 117w\" sizes=\"(max-width: 381px) 100vw, 381px\" \/><span aria-hidden=\"true\" class=\"wp-block-cover__background has-background-dim-10 has-background-dim\"><\/span><div class=\"wp-block-cover__inner-container has-global-padding is-layout-constrained wp-block-cover-is-layout-constrained\">\n<p class=\"has-text-align-center has-large-font-size\"><\/p>\n<\/div><\/div>\n\n\n\n<div class=\"wp-block-cover has-custom-content-position is-position-top-center wp-container-content-4\" style=\"padding-top:0;padding-bottom:0;min-height:100vh;aspect-ratio:unset;aspect-ratio:unset;\"><img data-dominant-color=\"828663\" data-has-transparency=\"false\" style=\"--dominant-color: #828663;\" decoding=\"async\" width=\"2560\" height=\"1707\" class=\"wp-block-cover__image-background wp-image-3444 size-full not-transparent\" alt=\"famille au camping\" src=\"https:\/\/groupedelmar.fr\/wp-content\/uploads\/2024\/12\/h2-dlm-scaled.avif\" data-object-fit=\"cover\" srcset=\"https:\/\/groupedelmar.fr\/wp-content\/uploads\/2024\/12\/h2-dlm-scaled.avif 2560w, https:\/\/groupedelmar.fr\/wp-content\/uploads\/2024\/12\/h2-dlm-300x200.jpg 300w, https:\/\/groupedelmar.fr\/wp-content\/uploads\/2024\/12\/h2-dlm-1024x683.jpg 1024w, https:\/\/groupedelmar.fr\/wp-content\/uploads\/2024\/12\/h2-dlm-768x512.jpg 768w, https:\/\/groupedelmar.fr\/wp-content\/uploads\/2024\/12\/h2-dlm-1536x1024.jpg 1536w, https:\/\/groupedelmar.fr\/wp-content\/uploads\/2024\/12\/h2-dlm-2048x1365.jpg 2048w\" sizes=\"(max-width: 2560px) 100vw, 2560px\" \/><span aria-hidden=\"true\" class=\"wp-block-cover__background has-background-dim-40 has-background-dim\"><\/span><div class=\"wp-block-cover__inner-container has-global-padding is-layout-constrained wp-block-cover-is-layout-constrained\">\n<div class=\"wp-block-group gt-reveal-down has-global-padding is-layout-constrained wp-container-core-group-is-layout-18 wp-block-group-is-layout-constrained\">\n<div class=\"wp-block-group has-contrast-3-background-color has-background is-layout-flow wp-block-group-is-layout-flow\" style=\"min-height:12rem\"><\/div>\n<\/div>\n\n\n\n<figure class=\"wp-block-image aligncenter size-full gt-reveal-down wp-duotone-e5e0ce-ffffff-4\"><img data-dominant-color=\"b15526\" data-has-transparency=\"true\" style=\"--dominant-color: #b15526;\" decoding=\"async\" width=\"43\" height=\"21\" src=\"https:\/\/groupedelmar.fr\/wp-content\/uploads\/2024\/08\/separator.png\" alt=\"scheider\" class=\"wp-image-150 has-transparency\"\/><\/figure>\n\n\n\n<div style=\"height:1rem\" aria-hidden=\"true\" class=\"wp-block-spacer gt-hide-mobile\"><\/div>\n\n\n<h3 class=\"wp-block-heading has-text-align-center has-base-color has-text-color has-link-color has-large-font-size wp-elements-1af2b279850ff85d0e0b6ec73e4f107f\" id=\"camping-del-mareen-4-sterrenverblijf-in-argeles-sur-mer\">Camping del Mar:<br>een 4-sterrenverblijf in Argel\u00e8s-sur-Mer<\/h3>\n\n\n<p class=\"has-text-align-center has-base-color has-text-color has-link-color has-medium-font-size wp-elements-c57f92854f99646b36e3a6e55cac75c7\">Camping Del Mar, een <strong>4-sterrenaccommodatie<\/strong> in Argel\u00e8s-sur-Mer, onderscheidt zich door zijn <strong>prachtige mediterrane vegetatie<\/strong>. Genesteld in het hart van deze uitzonderlijke natuurlijke omgeving, biedt de camping <strong>schaduwrijke standplaatsen<\/strong> en een <strong>weelderige groene omgeving<\/strong>, perfect voor <strong>ontspanning<\/strong> en <strong>buitenactiviteiten<\/strong>. <\/p>\n\n\n\n<p class=\"has-text-align-center has-base-color has-text-color has-link-color has-medium-font-size wp-elements-1c80193f48300db1d6d3a57a6830bb95\">Camping Del Mar, een <strong>4-sterrenaccommodatie<\/strong> in Argel\u00e8s-sur-Mer, onderscheidt zich door zijn <strong>prachtige mediterrane vegetatie<\/strong>. Genesteld in het hart van deze uitzonderlijke natuurlijke omgeving, biedt de camping <strong>schaduwrijke standplaatsen<\/strong> en <strong>een weelderige groene omgeving<\/strong>, perfect voor <strong>ontspanning<\/strong> en <strong>buitenactiviteiten<\/strong>. Dichtbij stranden en lokale attracties is het een ideale uitvalsbasis om de regio te verkennen. Uitgerust met <strong>kwaliteitsfaciliteiten<\/strong> en <strong>-diensten<\/strong> zorgt Camping Del Mar voor een comfortabel en aangenaam verblijf. Kies voor een unieke ervaring in een idyllische omgeving voor je volgende vakantie.    <\/p>\n\n\n\n<div style=\"height:var(--wp--preset--spacing--10)\" aria-hidden=\"true\" class=\"wp-block-spacer gt-hide-mobile\"><\/div>\n\n\n\n<div class=\"wp-block-buttons is-content-justification-center is-layout-flex wp-container-core-buttons-is-layout-1 wp-block-buttons-is-layout-flex\">\n<div class=\"wp-block-button has-custom-font-size is-style-gt-contour-small has-sogo-font-family has-large-font-size\" style=\"font-style:normal;font-weight:300\"><a class=\"wp-block-button__link has-base-color has-text-color has-link-color wp-element-button\" href=\"https:\/\/camping-del-mar.com\/nl\/\" target=\"_blank\" rel=\"noreferrer noopener\">Camping Le Mar<\/a><\/div>\n<\/div>\n\n\n\n<div style=\"height:var(--wp--preset--spacing--40)\" aria-hidden=\"true\" class=\"wp-block-spacer gt-hide-mobile\"><\/div>\n<\/div><\/div>\n<\/div>\n\n<div class=\"wp-block-group alignfull gt-break-mobile is-content-justification-right is-nowrap is-layout-flex wp-container-core-group-is-layout-25 wp-block-group-is-layout-flex\">\n<div class=\"wp-block-group alignwide gt-absolute-text gt-hide-mobile wp-container-content-5 is-content-justification-right is-nowrap is-layout-flex wp-container-core-group-is-layout-20 wp-block-group-is-layout-flex\" style=\"margin-top:0;padding-right:0;padding-left:0\">\n<p class=\"gt-sliding-text-y has-contrast-3-color has-text-color has-link-color has-sogo-font-family wp-elements-9fe3af02b174c2c40059f5f5472d0472\" style=\"margin-top:0;margin-right:0;margin-bottom:0;margin-left:0;font-size:7vw;font-style:normal;font-weight:300;line-height:1;text-transform:uppercase\">Comfort<\/p>\n<\/div>\n\n\n\n<div class=\"wp-block-group has-accent-2-background-color has-background wp-container-content-6 is-layout-flow wp-block-group-is-layout-flow\">\n<div class=\"wp-block-group is-layout-flow wp-block-group-is-layout-flow\" style=\"padding-top:0;padding-right:var(--wp--preset--spacing--60);padding-bottom:var(--wp--preset--spacing--30);padding-left:var(--wp--preset--spacing--60)\">\n<div class=\"wp-block-group gt-reveal-down has-global-padding is-layout-constrained wp-container-core-group-is-layout-22 wp-block-group-is-layout-constrained\" style=\"margin-top:-3rem\">\n<div class=\"wp-block-group has-contrast-3-background-color has-background is-layout-flow wp-block-group-is-layout-flow\" style=\"min-height:6rem\"><\/div>\n<\/div>\n\n\n\n<figure class=\"wp-block-image aligncenter size-full gt-reveal-down wp-duotone-a55a32-a55a32-5\"><img data-dominant-color=\"b15526\" data-has-transparency=\"true\" style=\"--dominant-color: #b15526;\" decoding=\"async\" width=\"43\" height=\"21\" src=\"https:\/\/groupedelmar.fr\/wp-content\/uploads\/2024\/08\/separator.png\" alt=\"scheider\" class=\"wp-image-150 has-transparency\"\/><\/figure>\n\n\n<h3 class=\"wp-block-heading has-text-align-center has-accent-color has-text-color has-link-color wp-elements-018d582fdbaceb216151901bc841ed28\" id=\"camping-clos-du-thym-rust-en-natuur-tussen-zee-en-bergen\">Camping Clos du Thym :<br>rust en natuur tussen zee en bergen<\/h3>\n\n\n<p class=\"has-text-align-center gt-reveal-down has-medium-font-size\">Camping Clos du Thym, op slechts 2,5 km van het strand en dicht bij het dorp Argel\u00e8s-sur-Mer, biedt een unieke ervaring van <strong>rust<\/strong> en <strong>natuur tussen zee en bergen<\/strong>.<\/p>\n\n\n\n<p class=\"has-text-align-center gt-reveal-down has-medium-font-size\">Deze camping ligt in een <strong>ongerepte natuurlijke omgeving<\/strong> en is ideaal voor vakantiegangers die op zoek zijn naar <strong>ontspanning<\/strong> en <strong>rust<\/strong>. Geniet van een bevoorrechte locatie om de schoonheid van de regio te ontdekken en profiteer tegelijkertijd van <strong>de moderne voorzieningen<\/strong>. <\/p>\n\n\n\n<p class=\"has-text-align-center gt-reveal-down has-medium-font-size\">Camping Le Clos du Thym belooft een verblijf in <strong>een rustige omgeving<\/strong>, ideaal om <strong>te ontspannen <\/strong>met familie of vrienden.<\/p>\n\n\n\n<div style=\"height:1rem\" aria-hidden=\"true\" class=\"wp-block-spacer gt-hide-mobile\"><\/div>\n\n\n\n<div class=\"wp-block-buttons is-content-justification-center is-layout-flex wp-container-core-buttons-is-layout-2 wp-block-buttons-is-layout-flex\">\n<div class=\"wp-block-button has-custom-font-size is-style-gt-contour-small has-sogo-font-family has-large-font-size\" style=\"font-style:normal;font-weight:300\"><a class=\"wp-block-button__link has-accent-color has-text-color has-link-color wp-element-button\" href=\"https:\/\/campingclosduthym.com\/nl\/\" target=\"_blank\" rel=\"noreferrer noopener\">Camping La Pin\u00e8de<\/a><\/div>\n<\/div>\n<\/div>\n\n\n\n<div style=\"height:6rem\" aria-hidden=\"true\" class=\"wp-block-spacer gt-hide-mobile\"><\/div>\n<\/div>\n<\/div>\n\n<div class=\"wp-block-group alignfull has-global-padding is-layout-constrained wp-block-group-is-layout-constrained\">\n<div style=\"height:6rem\" aria-hidden=\"true\" class=\"wp-block-spacer gt-hide-mobile\"><\/div>\n\n\n\n<div class=\"wp-block-group alignfull gt-reveal gt-break-mobile is-content-justification-center is-nowrap is-layout-flex wp-container-core-group-is-layout-31 wp-block-group-is-layout-flex\">\n<div class=\"wp-block-group is-nowrap is-layout-flex wp-container-core-group-is-layout-30 wp-block-group-is-layout-flex\" style=\"padding-right:var(--wp--preset--spacing--20);padding-left:var(--wp--preset--spacing--20)\">\n<div class=\"wp-block-group has-global-padding is-layout-constrained wp-block-group-is-layout-constrained\">\n<div class=\"wp-block-group animated fadeInDown slow gt-reveal-down has-global-padding is-layout-constrained wp-container-core-group-is-layout-27 wp-block-group-is-layout-constrained\">\n<div class=\"wp-block-group gt-reveal-down has-contrast-3-background-color has-background is-layout-flow wp-block-group-is-layout-flow\" style=\"min-height:30rem\"><\/div>\n<\/div>\n\n\n\n<figure class=\"wp-block-image aligncenter size-full gt-reveal-down wp-duotone-e5e0ce-ffffff-6\"><img data-dominant-color=\"b15526\" data-has-transparency=\"true\" style=\"--dominant-color: #b15526;\" decoding=\"async\" width=\"43\" height=\"21\" src=\"https:\/\/groupedelmar.fr\/wp-content\/uploads\/2024\/08\/separator.png\" alt=\"scheider\" class=\"wp-image-150 has-transparency\"\/><\/figure>\n<\/div>\n\n\n\n<div class=\"wp-block-group has-global-padding is-layout-constrained wp-block-group-is-layout-constrained\"><h3 class=\"wp-block-heading has-accent-color has-text-color has-link-color wp-elements-22be4922068a7cc0e55869c10f538b3a\" id=\"residence-antineapersoonlijke-service-encomfortabele-accommodatie\">R\u00e9sidence Antin\u00e9a:<br>persoonlijke service en<br>comfortabele accommodatie<\/h3>\n\n\n<p class=\"has-medium-font-size\">R\u00e9sidence Antin\u00e9a, genesteld op een 4-sterrencamping, biedt <strong>persoonlijke service <\/strong>en <strong>comfortabele accommodatie<\/strong>.<\/p>\n\n\n\n<p class=\"has-medium-font-size\">Deze residentie ligt dicht bij de stranden van Argel\u00e8s-sur-Mer en biedt de perfecte combinatie van <strong>rust<\/strong> en <strong>gemak<\/strong>.<\/p>\n\n\n\n<p class=\"has-medium-font-size\">Gasten kunnen gebruik maken van het <strong>zwembad<\/strong>,<strong>entertainment <\/strong>en verschillende <strong>vrijetijdsmogelijkheden<\/strong>, wat zorgt voor een aangenaam en zorgeloos verblijf.<\/p>\n\n\n\n<p class=\"has-medium-font-size\">Kies R\u00e9sidence Antin\u00e9a voor een onvergetelijke ervaring en combineer <strong>ontspanning, comfort en diensten<\/strong>.<\/p>\n\n\n\n<div style=\"height:1rem\" aria-hidden=\"true\" class=\"wp-block-spacer gt-hide-mobile\"><\/div>\n\n\n\n<div class=\"wp-block-buttons is-content-justification-center is-layout-flex wp-container-core-buttons-is-layout-3 wp-block-buttons-is-layout-flex\">\n<div class=\"wp-block-button has-custom-font-size is-style-gt-contour-small has-sogo-font-family has-large-font-size\" style=\"font-style:normal;font-weight:300\"><a class=\"wp-block-button__link has-accent-color has-text-color has-link-color wp-element-button\" href=\"https:\/\/residence-argeles-sur-mer.com\/nl\/\" target=\"_blank\" rel=\"noreferrer noopener\">Woning Antin\u00e9a<\/a><\/div>\n<\/div>\n<\/div>\n<\/div>\n\n\n\n<figure class=\"wp-block-image size-full\"><img data-dominant-color=\"97926d\" data-has-transparency=\"false\" style=\"--dominant-color: #97926d;\" decoding=\"async\" width=\"1108\" height=\"738\" src=\"https:\/\/groupedelmar.fr\/wp-content\/uploads\/2024\/11\/residence-antinea-services-personnalises.webp\" alt=\"residentie antinea gepersonaliseerde diensten\" class=\"wp-image-2843 not-transparent\" srcset=\"https:\/\/groupedelmar.fr\/wp-content\/uploads\/2024\/11\/residence-antinea-services-personnalises.webp 1108w, https:\/\/groupedelmar.fr\/wp-content\/uploads\/2024\/11\/residence-antinea-services-personnalises-300x200.webp 300w, https:\/\/groupedelmar.fr\/wp-content\/uploads\/2024\/11\/residence-antinea-services-personnalises-1024x682.webp 1024w, https:\/\/groupedelmar.fr\/wp-content\/uploads\/2024\/11\/residence-antinea-services-personnalises-768x512.webp 768w\" sizes=\"(max-width: 1108px) 100vw, 1108px\" \/><\/figure>\n<\/div>\n\n\n\n<div style=\"height:6rem\" aria-hidden=\"true\" class=\"wp-block-spacer gt-hide-mobile\"><\/div>\n<\/div>\n\n<div style=\"height:6rem\" aria-hidden=\"true\" class=\"wp-block-spacer gt-hide-mobile\"><\/div>\n\n<div class=\"wp-block-group alignfull is-layout-flow wp-block-group-is-layout-flow\" style=\"padding-bottom:0\">\n<div class=\"wp-block-group alignwide animated fadeIn slower gt-break-mobile is-layout-flow wp-block-group-is-layout-flow\" style=\"margin-top:0;margin-bottom:20px;padding-right:0;padding-left:0\">\n<p class=\"gt-sliding-text has-contrast-3-color has-text-color has-link-color has-sogo-font-family wp-elements-2be7d4816518d9cff582102f9beb03d7\" style=\"margin-top:0;margin-right:0;margin-bottom:0;margin-left:0;font-size:7vw;font-style:normal;font-weight:300;line-height:1;text-transform:uppercase\">ONTDEK<\/p>\n<\/div>\n\n\n\n<div class=\"wp-block-group gt-break-mobile is-layout-grid wp-container-core-group-is-layout-37 wp-block-group-is-layout-grid\" style=\"border-radius:2rem\">\n<div\n\tstyle=\"border-radius:0rem;\" class=\"gt-maillage-7 wp-block-gt-gt-fse-maillage\"\tdata-wp-interactive=\"gt\/maillage\"\n\tdata-wp-on--click=\"actions.ctaLoad\"\n\tdata-wp-context='{\"radius\":\"0rem\",\"hover_bg_color\":\"#132f44\",\"hover_text_color\":\"#ffffff\",\"hover_image_opacity\":0.5}'>\t\n\n\t\n\t\t\t\t\t\t\t\t\t<div \n\t\t\t\tclass=\"gt-fse-maillage-link gt-fse-maillage-image-zoom gt-fse-maillage-hover-background-color gt-fse-maillage-hover-text-color\"\n\t\t\t\tstyle=\"border-radius: 0rem\"\n\t\t\t\tdata-wp-on-async--mouseover=\"actions.mouseover\"\n\t\t\t>\n\t\t\t\t\t\t\t\t\t\t\t\n<div class=\"wp-block-group is-layout-flow wp-block-group-is-layout-flow\">\n<div style=\"aspect-ratio:16\/9;min-height:unset;aspect-ratio:16\/9;min-height:unset;\" class=\"wp-block-cover is-light has-custom-content-position is-position-bottom-right has-aspect-ratio\"><span aria-hidden=\"true\" class=\"wp-block-cover__background has-black-background-color has-background-dim\"><\/span><img decoding=\"async\" width=\"1920\" height=\"434\" src=\"https:\/\/groupedelmar.fr\/wp-content\/uploads\/2024\/11\/groupe-del-mar-devenir-proprietaire-argeles-sur-mer.webp\" class=\"wp-block-cover__image-background not-transparent wp-post-image\" alt=\"groupe del mar eigenaar worden argeles sur mer\" data-object-fit=\"cover\" srcset=\"https:\/\/groupedelmar.fr\/wp-content\/uploads\/2024\/11\/groupe-del-mar-devenir-proprietaire-argeles-sur-mer.webp 1920w, https:\/\/groupedelmar.fr\/wp-content\/uploads\/2024\/11\/groupe-del-mar-devenir-proprietaire-argeles-sur-mer-300x68.webp 300w, https:\/\/groupedelmar.fr\/wp-content\/uploads\/2024\/11\/groupe-del-mar-devenir-proprietaire-argeles-sur-mer-1024x231.webp 1024w, https:\/\/groupedelmar.fr\/wp-content\/uploads\/2024\/11\/groupe-del-mar-devenir-proprietaire-argeles-sur-mer-768x174.webp 768w, https:\/\/groupedelmar.fr\/wp-content\/uploads\/2024\/11\/groupe-del-mar-devenir-proprietaire-argeles-sur-mer-1536x347.webp 1536w\" sizes=\"(max-width: 1920px) 100vw, 1920px\" data-has-transparency=\"false\" data-dominant-color=\"9e9171\" style=\"--dominant-color: #9e9171;\" \/><div class=\"wp-block-cover__inner-container has-global-padding is-layout-constrained wp-block-cover-is-layout-constrained\">\n\n\n\n<p style=\"font-weight:700;text-transform:uppercase;\" class=\"wp-elements-07611e8410ba885a13be86d25add2159 wp-block-gt-gt-fse-maillage-titre has-text-color has-base-color has-large-font-size has-sogo-font-family\">\n    Word eigenaar in Argel\u00e8s-sur-Mer<\/p>\n\n<\/div><\/div>\n<\/div>\n\t\t\t\t\t\t\t<\/div>\n\t\t\t\t\t\t\t\t\t\t\t<div \n\t\t\t\tclass=\"gt-fse-maillage-link gt-fse-maillage-image-zoom gt-fse-maillage-hover-background-color gt-fse-maillage-hover-text-color\"\n\t\t\t\tstyle=\"border-radius: 0rem\"\n\t\t\t\tdata-wp-on-async--mouseover=\"actions.mouseover\"\n\t\t\t>\n\t\t\t\t\t\t\t\t\t\t\t\n<div class=\"wp-block-group is-layout-flow wp-block-group-is-layout-flow\">\n<div style=\"aspect-ratio:16\/9;min-height:unset;aspect-ratio:16\/9;min-height:unset;\" class=\"wp-block-cover is-light has-custom-content-position is-position-bottom-right has-aspect-ratio\"><span aria-hidden=\"true\" class=\"wp-block-cover__background has-black-background-color has-background-dim\"><\/span><img decoding=\"async\" width=\"1920\" height=\"434\" src=\"https:\/\/groupedelmar.fr\/wp-content\/uploads\/2024\/11\/location-hebergement-argeles-sur-mer-groupe-del-mar.webp\" class=\"wp-block-cover__image-background not-transparent wp-post-image\" alt=\"verhuur accommodatie argeles sur mer groupe del mar\" data-object-fit=\"cover\" srcset=\"https:\/\/groupedelmar.fr\/wp-content\/uploads\/2024\/11\/location-hebergement-argeles-sur-mer-groupe-del-mar.webp 1920w, https:\/\/groupedelmar.fr\/wp-content\/uploads\/2024\/11\/location-hebergement-argeles-sur-mer-groupe-del-mar-300x68.webp 300w, https:\/\/groupedelmar.fr\/wp-content\/uploads\/2024\/11\/location-hebergement-argeles-sur-mer-groupe-del-mar-1024x231.webp 1024w, https:\/\/groupedelmar.fr\/wp-content\/uploads\/2024\/11\/location-hebergement-argeles-sur-mer-groupe-del-mar-768x174.webp 768w, https:\/\/groupedelmar.fr\/wp-content\/uploads\/2024\/11\/location-hebergement-argeles-sur-mer-groupe-del-mar-1536x347.webp 1536w\" sizes=\"(max-width: 1920px) 100vw, 1920px\" data-has-transparency=\"false\" data-dominant-color=\"b4a381\" style=\"--dominant-color: #b4a381;\" \/><div class=\"wp-block-cover__inner-container has-global-padding is-layout-constrained wp-block-cover-is-layout-constrained\">\n\n\n\n<p style=\"font-weight:700;text-transform:uppercase;\" class=\"wp-elements-07611e8410ba885a13be86d25add2159 wp-block-gt-gt-fse-maillage-titre has-text-color has-base-color has-large-font-size has-sogo-font-family\">\n    Comfortabele accommodatie te huur in Argel\u00e8s-sur-Mer<\/p>\n\n<\/div><\/div>\n<\/div>\n\t\t\t\t\t\t\t<\/div>\n\t\t\t\t\t\t\t\t\t\t\t<div \n\t\t\t\tclass=\"gt-fse-maillage-link gt-fse-maillage-image-zoom gt-fse-maillage-hover-background-color gt-fse-maillage-hover-text-color\"\n\t\t\t\tstyle=\"border-radius: 0rem\"\n\t\t\t\tdata-wp-on-async--mouseover=\"actions.mouseover\"\n\t\t\t>\n\t\t\t\t\t\t\t\t\t\t\t\n<div class=\"wp-block-group is-layout-flow wp-block-group-is-layout-flow\">\n<div style=\"aspect-ratio:16\/9;min-height:unset;aspect-ratio:16\/9;min-height:unset;\" class=\"wp-block-cover is-light has-custom-content-position is-position-bottom-right has-aspect-ratio\"><span aria-hidden=\"true\" class=\"wp-block-cover__background has-black-background-color has-background-dim\"><\/span><img decoding=\"async\" width=\"1920\" height=\"434\" src=\"https:\/\/groupedelmar.fr\/wp-content\/uploads\/2024\/11\/groupe-del-mar-campings-residence-argeles-sur-mer.webp\" class=\"wp-block-cover__image-background not-transparent wp-post-image\" alt=\"groupe del mar campings residence argeles sur mer\" data-object-fit=\"cover\" srcset=\"https:\/\/groupedelmar.fr\/wp-content\/uploads\/2024\/11\/groupe-del-mar-campings-residence-argeles-sur-mer.webp 1920w, https:\/\/groupedelmar.fr\/wp-content\/uploads\/2024\/11\/groupe-del-mar-campings-residence-argeles-sur-mer-300x68.webp 300w, https:\/\/groupedelmar.fr\/wp-content\/uploads\/2024\/11\/groupe-del-mar-campings-residence-argeles-sur-mer-1024x231.webp 1024w, https:\/\/groupedelmar.fr\/wp-content\/uploads\/2024\/11\/groupe-del-mar-campings-residence-argeles-sur-mer-768x174.webp 768w, https:\/\/groupedelmar.fr\/wp-content\/uploads\/2024\/11\/groupe-del-mar-campings-residence-argeles-sur-mer-1536x347.webp 1536w\" sizes=\"(max-width: 1920px) 100vw, 1920px\" data-has-transparency=\"false\" data-dominant-color=\"8a7c76\" style=\"--dominant-color: #8a7c76;\" \/><div class=\"wp-block-cover__inner-container has-global-padding is-layout-constrained wp-block-cover-is-layout-constrained\">\n\n\n\n<p style=\"font-weight:700;text-transform:uppercase;\" class=\"wp-elements-07611e8410ba885a13be86d25add2159 wp-block-gt-gt-fse-maillage-titre has-text-color has-base-color has-large-font-size has-sogo-font-family\">\n    Welkom bij onze drie etablissementen met een ideale ligging in Argel\u00e8s-sur-Mer<\/p>\n\n<\/div><\/div>\n<\/div>\n\t\t\t\t\t\t\t<\/div>\n\t\t\t\t\t\t\t\t<\/div><\/div>\n\n\n\n<div style=\"height:6rem\" aria-hidden=\"true\" class=\"wp-block-spacer\"><\/div>\n<\/div>\n","protected":false},"excerpt":{"rendered":"<p>Ontdek onze vestigingen De geschiedenis vaneen familiegroep aanwezigin Argel\u00e8s-sur-Mer sinds 1970 Sinds 1970 is de Del Mar Village familiegroep gevestigd in Argel\u00e8s-sur-Mer, in het hart van de Pyrenee\u00ebn. Elke generatie heeft bijgedragen aan ons succes en heeft onze expertise en ons dienstenaanbod verrijkt. Vandaag de dag zetten we dit erfgoed met trots voort en bieden [&hellip;]<\/p>\n","protected":false},"author":1,"featured_media":3819,"parent":0,"menu_order":0,"comment_status":"closed","ping_status":"closed","template":"","meta":{"_acf_changed":false,"_seopress_robots_primary_cat":"","_seopress_titles_title":"Familiale openluchthotelgroep in Argel\u00e8s-sur-Mer","_seopress_titles_desc":"Ontdek de geschiedenis en de vakantiehuizen van de familiegroep Del Mar Village in Argel\u00e8s-sur-Mer, 2 campings en 1 residentie in de regio Pyr\u00e9n\u00e9es-Orientales","_seopress_robots_index":"","_gt_ctv_global_id":"","_gt_ctv_id_group":false,"inline_featured_image":false,"gt_fse_maillage_image":"https:\/\/groupedelmar.fr\/wp-content\/uploads\/2024\/11\/groupe-familial-del-mar-argeles-sur-mer.webp","gt_fse_maillage_titre":"Drie etablissementen, \u00e9\u00e9n ambitie: u een droomvakantie bezorgen in de Pyrenee\u00ebn-Orientales","gt_fse_maillage_resume":"","_gt_maillage_image":0,"_gt_maillage_video":0,"_gt_maillage_title":"","footnotes":""},"categories":[],"tags":[],"class_list":["post-3807","page","type-page","status-publish","has-post-thumbnail","hentry"],"acf":[],"_links":{"self":[{"href":"https:\/\/groupedelmar.fr\/nl\/wp-json\/wp\/v2\/pages\/3807","targetHints":{"allow":["GET"]}}],"collection":[{"href":"https:\/\/groupedelmar.fr\/nl\/wp-json\/wp\/v2\/pages"}],"about":[{"href":"https:\/\/groupedelmar.fr\/nl\/wp-json\/wp\/v2\/types\/page"}],"author":[{"embeddable":true,"href":"https:\/\/groupedelmar.fr\/nl\/wp-json\/wp\/v2\/users\/1"}],"replies":[{"embeddable":true,"href":"https:\/\/groupedelmar.fr\/nl\/wp-json\/wp\/v2\/comments?post=3807"}],"version-history":[{"count":5,"href":"https:\/\/groupedelmar.fr\/nl\/wp-json\/wp\/v2\/pages\/3807\/revisions"}],"predecessor-version":[{"id":3932,"href":"https:\/\/groupedelmar.fr\/nl\/wp-json\/wp\/v2\/pages\/3807\/revisions\/3932"}],"wp:featuredmedia":[{"embeddable":true,"href":"https:\/\/groupedelmar.fr\/nl\/wp-json\/wp\/v2\/media\/3819"}],"wp:attachment":[{"href":"https:\/\/groupedelmar.fr\/nl\/wp-json\/wp\/v2\/media?parent=3807"}],"wp:term":[{"taxonomy":"category","embeddable":true,"href":"https:\/\/groupedelmar.fr\/nl\/wp-json\/wp\/v2\/categories?post=3807"},{"taxonomy":"post_tag","embeddable":true,"href":"https:\/\/groupedelmar.fr\/nl\/wp-json\/wp\/v2\/tags?post=3807"}],"curies":[{"name":"wp","href":"https:\/\/api.w.org\/{rel}","templated":true}]}}