{"id":3777,"date":"2024-08-13T10:52:51","date_gmt":"2024-08-13T08:52:51","guid":{"rendered":"https:\/\/groupedelmar.fr\/camping-residentie-aan-het-strand-argeles-sur-mer\/"},"modified":"2025-01-15T15:19:57","modified_gmt":"2025-01-15T14:19:57","slug":"camping-residentie-aan-het-strand-argeles-sur-mer","status":"publish","type":"page","link":"https:\/\/groupedelmar.fr\/nl\/camping-residentie-aan-het-strand-argeles-sur-mer\/","title":{"rendered":"Uw vakantie in het paradijs op de campings in de buurt van de stranden van de Pyrenee\u00ebn-Orientales"},"content":{"rendered":"\n<div class=\"wp-block-group alignfull gt-reveal has-global-padding is-layout-constrained wp-container-core-group-is-layout-10 wp-block-group-is-layout-constrained\">\n<div style=\"height:6rem\" aria-hidden=\"true\" class=\"wp-block-spacer\"><\/div>\n\n\n\n<div class=\"wp-block-group alignfull animated fadeIn slower is-layout-flow wp-block-group-is-layout-flow\" style=\"margin-top:0;margin-bottom:-33px;padding-right:0;padding-left:0\">\n<p class=\"has-text-align-center gt-sliding-text has-contrast-3-color has-text-color has-link-color has-sogo-font-family wp-elements-f440c59af918e346e48f2f518c0003d2\" style=\"margin-top:0;margin-right:-33px;margin-bottom:0;margin-left:-33px;font-size:4.5vw;font-style:normal;font-weight:300;line-height:1;text-transform:uppercase\">Ontdek uw FARNIENTE VAKANTIE <\/p>\n<\/div>\n\n\n\n<div style=\"height:3rem\" aria-hidden=\"true\" class=\"wp-block-spacer\"><\/div>\n\n\n\n<div data-swiper=\"{&quot;speed&quot;:400,&quot;spaceBetween&quot;:16,&quot;slidesPerView&quot;:3,&quot;createElements&quot;:true,&quot;loop&quot;:true,&quot;freemode&quot;:true,&quot;navigation&quot;:{&quot;nextEl&quot;:&quot;buttonNext&quot;,&quot;prevEl&quot;:&quot;buttonPrev&quot;},&quot;pagination&quot;:{&quot;el&quot;:&quot;.swiper-pagination&quot;,&quot;dynamicBullets&quot;:true},&quot;breakpoints&quot;:{&quot;0&quot;:{&quot;slidesPerView&quot;:1},&quot;380&quot;:{&quot;slidesPerView&quot;:2},&quot;1024&quot;:{&quot;slidesPerView&quot;:3}},&quot;autoplay&quot;:{&quot;delay&quot;:2000}}\" class=\"wp-block-group alignfull gt-logos-camping gt-is-slider gt-is-slider-mobile is-content-justification-center is-nowrap is-layout-flex wp-container-core-group-is-layout-5 wp-block-group-is-layout-flex\" style=\"margin-top:0;margin-bottom:0;padding-top:var(--wp--preset--spacing--30);padding-bottom:var(--wp--preset--spacing--30)\">\n<div class=\"wp-block-group gt-camping-logo gt-reveal-down is-vertical is-layout-flex wp-container-core-group-is-layout-2 wp-block-group-is-layout-flex\">\n<figure class=\"wp-block-image size-full is-resized wp-duotone-132f44-132f44-1\"><a href=\"https:\/\/camping-del-mar.com\/nl\/\" target=\"_blank\" rel=\"noreferrer noopener\"><img data-dominant-color=\"d2cbb0\" data-has-transparency=\"true\" decoding=\"async\" width=\"158\" height=\"160\" src=\"https:\/\/groupedelmar.fr\/wp-content\/uploads\/2024\/08\/village-delmar.png\" alt=\"dorp delmar\" class=\"wp-image-124 has-transparency\" style=\"--dominant-color: #d2cbb0; object-fit:contain;width:160px;height:160px\"\/><\/a><\/figure>\n<\/div>\n\n\n\n<div class=\"wp-block-group gt-camping-logo gt-reveal-down is-vertical is-layout-flex wp-container-core-group-is-layout-3 wp-block-group-is-layout-flex\" data-scrolltrigger-start=\"top 80%\">\n<figure class=\"wp-block-image size-full is-resized wp-duotone-174c4f-174c4f-2\"><a href=\"https:\/\/campingclosduthym.com\/nl\/\" target=\"_blank\" rel=\"noreferrer noopener\"><img data-dominant-color=\"e6e0cc\" data-has-transparency=\"true\" decoding=\"async\" width=\"295\" height=\"85\" src=\"https:\/\/groupedelmar.fr\/wp-content\/uploads\/2024\/08\/clos-du-thym.png\" alt=\"clos du thym\" class=\"wp-image-126 has-transparency\" style=\"--dominant-color: #e6e0cc; object-fit:contain;width:285px;height:85px\"\/><\/a><\/figure>\n<\/div>\n\n\n\n<div class=\"wp-block-group gt-camping-logo gt-reveal-down is-vertical is-layout-flex wp-container-core-group-is-layout-4 wp-block-group-is-layout-flex\" data-scrolltrigger-start=\"top 70%\">\n<figure class=\"wp-block-image size-full is-resized wp-duotone-a54122-a54122-3\"><a href=\"https:\/\/residence-argeles-sur-mer.com\/nl\/\" target=\"_blank\" rel=\"noreferrer noopener\"><img data-dominant-color=\"e6e0cc\" data-has-transparency=\"true\" decoding=\"async\" width=\"125\" height=\"163\" src=\"https:\/\/groupedelmar.fr\/wp-content\/uploads\/2024\/08\/antinea-1.png\" alt=\"antinea\" class=\"wp-image-136 has-transparency\" style=\"--dominant-color: #e6e0cc; object-fit:contain;width:154px;height:154px\"\/><\/a><\/figure>\n<\/div>\n<\/div>\n\n\n\n<div style=\"height:var(--wp--preset--spacing--50)\" aria-hidden=\"true\" class=\"wp-block-spacer\"><\/div>\n\n\n\n<div class=\"wp-block-group alignwide gt-break-mobile gt-reverse-mobile is-nowrap is-layout-flex wp-container-core-group-is-layout-9 wp-block-group-is-layout-flex\">\n<div class=\"wp-block-group has-global-padding is-layout-constrained wp-block-group-is-layout-constrained\">\n<div class=\"wp-block-group is-layout-flow wp-block-group-is-layout-flow\" style=\"padding-right:var(--wp--preset--spacing--30);padding-left:var(--wp--preset--spacing--30)\">\n<div style=\"height:10rem\" aria-hidden=\"true\" class=\"wp-block-spacer gt-hide-mobile\"><\/div>\n\n\n\n<figure class=\"wp-block-image aligncenter size-full gt-reveal-down\"><img data-dominant-color=\"b15526\" data-has-transparency=\"true\" style=\"--dominant-color: #b15526;\" decoding=\"async\" width=\"43\" height=\"21\" src=\"https:\/\/groupedelmar.fr\/wp-content\/uploads\/2024\/08\/separator.png\" alt=\"scheider\" class=\"wp-image-150 has-transparency\"\/><\/figure>\n\n\n<h2 class=\"wp-block-heading has-text-align-center gt-reveal-down has-accent-color has-text-color has-link-color wp-elements-3c08d9d4da85dcb0f3e397d5a0b68cac\" id=\"drie-vestigingen-in-argeles-sur-mer\">Drie vestigingen in Argel\u00e8s-sur-Mer<\/h2>\n\n\n<p class=\"has-text-align-center gt-reveal-down has-medium-font-size\"><strong>Ontdek Camping Del Mar, Camping Clos du Thym en R\u00e9sidence Antin\u00e9a in Argel\u00e8s-sur-Mer<\/strong><\/p>\n\n\n\n<p class=\"has-text-align-center gt-reveal-down has-medium-font-size\">Welkom op Camping Del Mar en R\u00e9sidence Antin\u00e9a, genesteld <strong>aan de voet van de majestueuze Pyrenee\u00ebn<\/strong> in Argel\u00e8s-sur-Mer.<\/p>\n\n\n\n<p class=\"has-text-align-center gt-reveal-down has-medium-font-size\">Op slechts <strong>500 meter van een zandstrand<\/strong> ligt ons <a href=\"https:\/\/groupedelmar.fr\/nl\/\">landgoed Del Mar Village in de Pyr\u00e9n\u00e9es-Orientales<\/a>, <strong>8 hectare groot<\/strong>, met <strong>273 stacaravans<\/strong>, in een bevoorrechte omgeving waar mediterrane en exotische vegetatie elkaar ontmoeten.<\/p>\n\n\n\n<div style=\"height:2rem\" aria-hidden=\"true\" class=\"wp-block-spacer is-style-gt-hide-mobile\"><\/div>\n<\/div>\n<\/div>\n\n\n\n<div class=\"wp-block-group wp-container-content-1 is-layout-flow wp-block-group-is-layout-flow\">\n<figure class=\"wp-block-image size-full gt-reveal\"><img data-dominant-color=\"81a09f\" data-has-transparency=\"false\" style=\"--dominant-color: #81a09f;\" decoding=\"async\" width=\"640\" height=\"961\" src=\"https:\/\/groupedelmar.fr\/wp-content\/uploads\/2024\/11\/plage-argeles-sur-mer.webp\" alt=\"argeles sur mer strand\" class=\"wp-image-3121 not-transparent\" srcset=\"https:\/\/groupedelmar.fr\/wp-content\/uploads\/2024\/11\/plage-argeles-sur-mer.webp 640w, https:\/\/groupedelmar.fr\/wp-content\/uploads\/2024\/11\/plage-argeles-sur-mer-200x300.webp 200w\" sizes=\"(max-width: 640px) 100vw, 640px\" \/><\/figure>\n<\/div>\n<\/div>\n<\/div>\n\n<div class=\"wp-block-group alignfull gt-reveal has-global-padding is-layout-constrained wp-container-core-group-is-layout-16 wp-block-group-is-layout-constrained\">\n<div style=\"height:6rem\" aria-hidden=\"true\" class=\"wp-block-spacer\"><\/div>\n\n\n\n<div class=\"wp-block-group alignwide animated fadeIn slower gt-hide-mobile is-layout-flow wp-block-group-is-layout-flow\" style=\"margin-top:0;margin-bottom:-33px;padding-right:0;padding-left:0\"><\/div>\n\n\n\n<div class=\"wp-block-group alignwide gt-break-mobile is-nowrap is-layout-flex wp-container-core-group-is-layout-15 wp-block-group-is-layout-flex\">\n<div class=\"wp-block-group wp-container-content-2 is-layout-flow wp-block-group-is-layout-flow\">\n<figure class=\"wp-block-image size-full gt-reveal\"><img data-dominant-color=\"738786\" data-has-transparency=\"false\" style=\"--dominant-color: #738786;\" decoding=\"async\" width=\"640\" height=\"960\" src=\"https:\/\/groupedelmar.fr\/wp-content\/uploads\/2024\/11\/le-camping-del-mar-et-la-residence-antinea-a-argeles-sur-mer.webp\" alt=\"camping del mar en residentie antinea in argeles sur mer\" class=\"wp-image-2930 not-transparent\" srcset=\"https:\/\/groupedelmar.fr\/wp-content\/uploads\/2024\/11\/le-camping-del-mar-et-la-residence-antinea-a-argeles-sur-mer.webp 640w, https:\/\/groupedelmar.fr\/wp-content\/uploads\/2024\/11\/le-camping-del-mar-et-la-residence-antinea-a-argeles-sur-mer-200x300.webp 200w\" sizes=\"(max-width: 640px) 100vw, 640px\" \/><\/figure>\n<\/div>\n\n\n\n<div class=\"wp-block-group has-global-padding is-layout-constrained wp-block-group-is-layout-constrained\">\n<div class=\"wp-block-group is-layout-flow wp-block-group-is-layout-flow\" style=\"padding-right:var(--wp--preset--spacing--30);padding-left:var(--wp--preset--spacing--30)\">\n<div style=\"height:10rem\" aria-hidden=\"true\" class=\"wp-block-spacer gt-hide-mobile\"><\/div>\n\n\n\n<figure class=\"wp-block-image aligncenter size-full gt-reveal-down\"><img data-dominant-color=\"b15526\" data-has-transparency=\"true\" style=\"--dominant-color: #b15526;\" decoding=\"async\" width=\"43\" height=\"21\" src=\"https:\/\/groupedelmar.fr\/wp-content\/uploads\/2024\/08\/separator.png\" alt=\"scheider\" class=\"wp-image-150 has-transparency\"\/><\/figure>\n\n\n\n<p class=\"has-text-align-center gt-reveal-down has-medium-font-size\"><strong>Camping Del Mar****<\/strong><br\/><a href=\"https:\/\/camping-del-mar.com\/\" target=\"_blank\" rel=\"noreferrer noopener\">Camping Del Mar<\/a> biedt verhuur van stacaravans in een <strong>familiale sfeer<\/strong>. De camping ligt op 500 meter van het noordelijke strand en biedt een gemakkelijke toegang tot de zee. Profiteer van <strong>het zwembad met waterglijbanen<\/strong>, de <strong>sport- en recreatievoorzieningen<\/strong> en de vele <strong>gezinsactiviteiten en -evenementen in juli en augustus<\/strong>. Kom en ontdek de prachtige regio Occitanie en het zonnige mediterrane klimaat.   <\/p>\n\n\n\n<div style=\"height:0.25rem\" aria-hidden=\"true\" class=\"wp-block-spacer is-style-gt-hide-mobile\"><\/div>\n\n\n\n<div class=\"wp-block-buttons is-content-justification-center is-layout-flex wp-container-core-buttons-is-layout-1 wp-block-buttons-is-layout-flex\">\n<div class=\"wp-block-button has-custom-font-size is-style-gt-contour-small has-sogo-font-family has-large-font-size\" style=\"font-style:normal;font-weight:300\"><a class=\"wp-block-button__link has-accent-color has-text-color has-link-color wp-element-button\" href=\"https:\/\/camping-del-mar.com\/nl\/\" target=\"_blank\" rel=\"noreferrer noopener\">Camping Le Mar<\/a><\/div>\n<\/div>\n\n\n\n<div style=\"height:0.5rem\" aria-hidden=\"true\" class=\"wp-block-spacer is-style-gt-hide-mobile\"><\/div>\n\n\n\n<p class=\"has-text-align-center gt-reveal-down has-medium-font-size\"><strong>R\u00e9sidence Antin\u00e9a<\/strong><br\/><a href=\"https:\/\/residence-argeles-sur-mer.com\/\" target=\"_blank\" rel=\"noreferrer noopener\">R\u00e9sidence Antin\u00e9a<\/a> ligt op een steenworp afstand van de zee in het hart van camping Del Mar en beschikt over 4 **** sterren. Ontdek de unieke ervaring van een verblijf in onze accommodatie, die <strong>comfort en privacy<\/strong> combineert. Geniet van de nabijheid van het typische dorpje Argel\u00e8s-sur-Mer en zijn prachtige stranden, met een prachtig uitzicht op het Alb\u00e8res-massief. Geniet te voet van de zee vanuit onze accommodaties en beleef een onvergetelijke vakantie in Argel\u00e8s-sur-Mer.   <\/p>\n\n\n\n<div style=\"height:0.25rem\" aria-hidden=\"true\" class=\"wp-block-spacer is-style-gt-hide-mobile\"><\/div>\n\n\n\n<div class=\"wp-block-buttons is-content-justification-center is-layout-flex wp-container-core-buttons-is-layout-2 wp-block-buttons-is-layout-flex\">\n<div class=\"wp-block-button has-custom-font-size is-style-gt-contour-small has-sogo-font-family has-large-font-size\" style=\"font-style:normal;font-weight:300\"><a class=\"wp-block-button__link has-accent-color has-text-color has-link-color wp-element-button\" href=\"https:\/\/residence-argeles-sur-mer.com\/nl\/\" target=\"_blank\" rel=\"noreferrer noopener\">Woning Antin\u00e9a<\/a><\/div>\n<\/div>\n\n\n\n<div style=\"height:0.5rem\" aria-hidden=\"true\" class=\"wp-block-spacer is-style-gt-hide-mobile\"><\/div>\n<\/div>\n<\/div>\n<\/div>\n<\/div>\n\n<div class=\"wp-block-group alignfull gt-reveal is-nowrap is-layout-flex wp-container-core-group-is-layout-19 wp-block-group-is-layout-flex\">\n<div class=\"wp-block-cover gt-hide-mobile wp-container-content-3\" style=\"min-height:100vh;aspect-ratio:unset;aspect-ratio:unset;\"><img data-dominant-color=\"468586\" data-has-transparency=\"false\" style=\"--dominant-color: #468586;\" decoding=\"async\" width=\"279\" height=\"867\" class=\"wp-block-cover__image-background wp-image-2799 not-transparent\" alt=\"proximite de la plage\" src=\"https:\/\/groupedelmar.fr\/wp-content\/uploads\/2024\/11\/proximite-de-la-plage.webp\" data-object-fit=\"cover\" srcset=\"https:\/\/groupedelmar.fr\/wp-content\/uploads\/2024\/11\/proximite-de-la-plage.webp 279w, https:\/\/groupedelmar.fr\/wp-content\/uploads\/2024\/11\/proximite-de-la-plage-97x300.webp 97w\" sizes=\"(max-width: 279px) 100vw, 279px\" \/><span aria-hidden=\"true\" class=\"wp-block-cover__background has-background-dim-10 has-background-dim\"><\/span><div class=\"wp-block-cover__inner-container has-global-padding is-layout-constrained wp-block-cover-is-layout-constrained\">\n<p class=\"has-text-align-center has-large-font-size\"><\/p>\n<\/div><\/div>\n\n\n\n<div class=\"wp-block-cover has-custom-content-position is-position-top-center wp-container-content-4\" style=\"padding-top:0;padding-bottom:0;min-height:100vh;aspect-ratio:unset;aspect-ratio:unset;\"><img data-dominant-color=\"607043\" data-has-transparency=\"false\" style=\"--dominant-color: #607043;\" decoding=\"async\" width=\"1616\" height=\"1259\" class=\"wp-block-cover__image-background wp-image-2933 not-transparent\" alt=\"camping nature a proximite de la plage\" src=\"https:\/\/groupedelmar.fr\/wp-content\/uploads\/2024\/11\/camping-nature-a-proximite-de-la-plage.webp\" data-object-fit=\"cover\" srcset=\"https:\/\/groupedelmar.fr\/wp-content\/uploads\/2024\/11\/camping-nature-a-proximite-de-la-plage.webp 1616w, https:\/\/groupedelmar.fr\/wp-content\/uploads\/2024\/11\/camping-nature-a-proximite-de-la-plage-300x234.webp 300w, https:\/\/groupedelmar.fr\/wp-content\/uploads\/2024\/11\/camping-nature-a-proximite-de-la-plage-1024x798.webp 1024w, https:\/\/groupedelmar.fr\/wp-content\/uploads\/2024\/11\/camping-nature-a-proximite-de-la-plage-768x598.webp 768w, https:\/\/groupedelmar.fr\/wp-content\/uploads\/2024\/11\/camping-nature-a-proximite-de-la-plage-1536x1197.webp 1536w\" sizes=\"(max-width: 1616px) 100vw, 1616px\" \/><span aria-hidden=\"true\" class=\"wp-block-cover__background has-background-dim-30 has-background-dim\"><\/span><div class=\"wp-block-cover__inner-container has-global-padding is-layout-constrained wp-container-core-cover-is-layout-2 wp-block-cover-is-layout-constrained\">\n<div class=\"wp-block-group gt-reveal-down has-global-padding is-layout-constrained wp-container-core-group-is-layout-18 wp-block-group-is-layout-constrained\">\n<div class=\"wp-block-group has-contrast-3-background-color has-background is-layout-flow wp-block-group-is-layout-flow\" style=\"min-height:12rem\"><\/div>\n<\/div>\n\n\n\n<figure class=\"wp-block-image aligncenter size-full gt-reveal-down wp-duotone-e5e0ce-ffffff-4\"><img data-dominant-color=\"b15526\" data-has-transparency=\"true\" style=\"--dominant-color: #b15526;\" decoding=\"async\" width=\"43\" height=\"21\" src=\"https:\/\/groupedelmar.fr\/wp-content\/uploads\/2024\/08\/separator.png\" alt=\"scheider\" class=\"wp-image-150 has-transparency\"\/><\/figure>\n\n\n\n<div style=\"height:1rem\" aria-hidden=\"true\" class=\"wp-block-spacer\"><\/div>\n\n\n<h2 class=\"wp-block-heading has-text-align-center has-base-color has-text-color has-link-color has-large-font-size wp-elements-b451c2f490d83f67af92704811438aef\" id=\"een-natuurcamping-vlakbij-het-strand\">Een natuurcamping vlakbij het strand<\/h2>\n\n\n<p class=\"has-text-align-center has-base-color has-text-color has-link-color has-medium-font-size wp-elements-313058a41e6aaa1d68dc5fa97ea6e1fe\">Welkom op <a href=\"https:\/\/campingclosduthym.com\/\" target=\"_blank\" rel=\"noreferrer noopener\">Camping Clos du Thym<\/a>, uw <strong>oase van rust<\/strong> tussen <strong>zee en bergen<\/strong> in de <strong>prachtige regio Languedoc-Roussillon<\/strong>. Onze exclusieve <strong>residenti\u00eble<\/strong> camping met 176 plaatsen biedt een unieke ervaring <strong>ver weg van de drukte<\/strong>. <\/p>\n\n\n\n<p class=\"has-text-align-center has-base-color has-text-color has-link-color has-medium-font-size wp-elements-254acf9a63ed2e5caaab5b7951c95bc0\">Ondergedompeld in een vriendelijke sfeer, onderscheidt Camping Clos du Thym zich door zijn <strong>warme, familiaire sfeer<\/strong>, omdat alleen de eigenaren hier wonen, wat een gastvrije sfeer cre\u00ebert.<\/p>\n\n\n\n<p class=\"has-text-align-center has-base-color has-text-color has-link-color has-medium-font-size wp-elements-8be490aca928b9405ad4d8a78663013d\">Een gezinsvriendelijk verblijf<\/p>\n\n\n\n<p class=\"has-text-align-center has-base-color has-text-color has-link-color has-medium-font-size wp-elements-ab0ab31fd4e5276717ba021bbe7138db\">Ons exclusieve stacaravanpark ligt <strong>op minder dan 3 km van het strand<\/strong> en is de ideale plek voor een <strong>gezinsvriendelijke vakantie<\/strong>. Verlaat de drukte van de traditionele toeristische bestemmingen en ontdek de <strong>rust<\/strong> en <strong>sereniteit<\/strong> die Camping Clos du Thym te bieden heeft. <\/p>\n\n\n\n<div style=\"height:var(--wp--preset--spacing--40)\" aria-hidden=\"true\" class=\"wp-block-spacer\"><\/div>\n<\/div><\/div>\n<\/div>\n\n<div class=\"wp-block-group alignfull gt-break-mobile is-content-justification-right is-nowrap is-layout-flex wp-container-core-group-is-layout-25 wp-block-group-is-layout-flex\">\n<div class=\"wp-block-group alignwide gt-absolute-text gt-hide-mobile wp-container-content-5 is-content-justification-right is-nowrap is-layout-flex wp-container-core-group-is-layout-20 wp-block-group-is-layout-flex\" style=\"margin-top:0;padding-right:0;padding-left:0\">\n<p class=\"gt-sliding-text-y has-contrast-3-color has-text-color has-link-color has-sogo-font-family wp-elements-859f7e87e2d7c8b29bb650dfc2442f74\" style=\"margin-top:0;margin-right:0;margin-bottom:0;margin-left:0;font-size:7vw;font-style:normal;font-weight:300;line-height:1;text-transform:uppercase\">C\u00f4te Vermeille<\/p>\n<\/div>\n\n\n\n<div class=\"wp-block-group has-accent-2-background-color has-background wp-container-content-6 is-layout-flow wp-block-group-is-layout-flow\">\n<div class=\"wp-block-group is-layout-flow wp-block-group-is-layout-flow\" style=\"padding-top:0;padding-right:var(--wp--preset--spacing--60);padding-bottom:var(--wp--preset--spacing--30);padding-left:var(--wp--preset--spacing--60)\">\n<div class=\"wp-block-group gt-reveal-down has-global-padding is-layout-constrained wp-container-core-group-is-layout-22 wp-block-group-is-layout-constrained\" style=\"margin-top:-3rem\">\n<div class=\"wp-block-group has-contrast-3-background-color has-background is-layout-flow wp-block-group-is-layout-flow\" style=\"min-height:6rem\"><\/div>\n<\/div>\n\n\n\n<figure class=\"wp-block-image aligncenter size-full gt-reveal-down wp-duotone-a55a32-a55a32-5\"><img data-dominant-color=\"b15526\" data-has-transparency=\"true\" style=\"--dominant-color: #b15526;\" decoding=\"async\" width=\"43\" height=\"21\" src=\"https:\/\/groupedelmar.fr\/wp-content\/uploads\/2024\/08\/separator.png\" alt=\"scheider\" class=\"wp-image-150 has-transparency\"\/><\/figure>\n\n\n<h2 class=\"wp-block-heading has-text-align-center has-accent-color has-text-color has-link-color wp-elements-437b42669fda98dbfc3758e9ed2069a7\" id=\"ontspannen-op-de-mooiste-strandenin-de-buurt-van-onze-campings\">Ontspannen op de mooiste stranden<br>in de buurt van onze campings<\/h2>\n\n\n<p class=\"has-text-align-center gt-reveal-down has-medium-font-size\"><strong>Ontspannen en loungen<\/strong> op de beste stranden van Argel\u00e8s-sur-Mer<\/p>\n\n\n\n<p class=\"has-text-align-center gt-reveal-down has-medium-font-size\">Kom genieten van <strong>zon en zee <\/strong>op onze campings in Argel\u00e8s-sur-Mer, aan de Middellandse Zee. Camping Del Mar en \u00c9sidence Antin\u00e9a liggen op slechts <strong>500 meter van het strand<\/strong> en bieden u een bevoorrechte toegang. U kunt hier in alle rust ontspannen, zonnebaden en zwemmen.  <\/p>\n\n\n\n<p class=\"has-text-align-center gt-reveal-down has-medium-font-size\">Als je liever dicht bij het dorp bent, dan is Camping Clos du Thym iets voor jou. Genesteld in een rustige omgeving, kunt u genieten van de charmes van Argel\u00e8s-sur-Mer, terwijl u <strong>comfortabel dicht bij het strand<\/strong> blijft <strong>, op slechts 2,5 km afstand<\/strong>. Onze campings heten u welkom voor een onvergetelijke vakantie. Dus leg uw handdoek klaar, doe uw zonnebrandcr\u00e8me op en laat u meeslepen door de <strong>milde mediterrane kust<\/strong>!   <\/p>\n\n\n\n<p class=\"has-text-align-center gt-reveal-down has-medium-font-size\">Aarzel niet om onze campings te ontdekken voor momenten van ontspanning en nietsdoen aan zee.<\/p>\n<\/div>\n\n\n\n<div style=\"height:6rem\" aria-hidden=\"true\" class=\"wp-block-spacer\"><\/div>\n<\/div>\n<\/div>\n\n<div class=\"wp-block-group alignfull has-global-padding is-layout-constrained wp-block-group-is-layout-constrained\">\n<div style=\"height:6rem\" aria-hidden=\"true\" class=\"wp-block-spacer\"><\/div>\n\n\n\n<div class=\"wp-block-group alignfull gt-reveal gt-break-mobile gt-reverse-mobile is-content-justification-center is-nowrap is-layout-flex wp-container-core-group-is-layout-31 wp-block-group-is-layout-flex\">\n<div class=\"wp-block-group is-nowrap is-layout-flex wp-container-core-group-is-layout-30 wp-block-group-is-layout-flex\" style=\"padding-right:var(--wp--preset--spacing--20);padding-left:var(--wp--preset--spacing--20)\">\n<div class=\"wp-block-group has-global-padding is-layout-constrained wp-block-group-is-layout-constrained\">\n<div class=\"wp-block-group animated fadeInDown slow gt-reveal-down has-global-padding is-layout-constrained wp-container-core-group-is-layout-27 wp-block-group-is-layout-constrained\">\n<div class=\"wp-block-group gt-reveal-down has-contrast-3-background-color has-background is-layout-flow wp-block-group-is-layout-flow\" style=\"min-height:30rem\"><\/div>\n<\/div>\n\n\n\n<figure class=\"wp-block-image aligncenter size-full gt-reveal-down wp-duotone-e5e0ce-ffffff-6\"><img data-dominant-color=\"b15526\" data-has-transparency=\"true\" style=\"--dominant-color: #b15526;\" decoding=\"async\" width=\"43\" height=\"21\" src=\"https:\/\/groupedelmar.fr\/wp-content\/uploads\/2024\/08\/separator.png\" alt=\"scheider\" class=\"wp-image-150 has-transparency\"\/><\/figure>\n<\/div>\n\n\n\n<div class=\"wp-block-group has-global-padding is-layout-constrained wp-block-group-is-layout-constrained\"><h2 class=\"wp-block-heading has-accent-color has-text-color has-link-color wp-elements-806e6ce4454474635aad2d37175f686d\" id=\"probeer-watersportenop-een-camping-in-debuurt-van-de-strandenin-de-pyrenees-orientales\">Probeer watersporten<br>op een camping in de<br>buurt van de stranden<br>in de Pyr\u00e9n\u00e9es-Orientales<\/h2>\n\n\n<p class=\"has-medium-font-size\"><strong>&#8220;Ontdek de geneugten van het water in Argel\u00e8s-sur-Mer<\/strong><\/p>\n\n\n\n<p class=\"has-medium-font-size\">Profiteer van ons zwembad om af te koelen tijdens je vakantie. Voor liefhebbers van avonturen op zee bieden onze partners een <strong>breed scala aan watersportactiviteiten<\/strong>: verhuur van <strong>motorboten<\/strong> met of zonder vaarbewijs, <strong>kajaktochten<\/strong> rond de kreken en Collioure, <strong>zeewandelingen<\/strong> met <strong>onderwaterzicht<\/strong>, <strong>duiken<\/strong>, en nog veel meer! Dankzij onze partners hebben we <strong>voorkeurtarieven <\/strong>kunnen bedingen zodat onze klanten optimaal van hun verblijf kunnen genieten. Boek nu en beleef onvergetelijke momenten in het hart van de C\u00f4te Vermeille.   <\/p>\n<\/div>\n<\/div>\n\n\n\n<figure class=\"wp-block-image size-full\"><img data-dominant-color=\"53706f\" data-has-transparency=\"false\" style=\"--dominant-color: #53706f;\" decoding=\"async\" width=\"1108\" height=\"738\" src=\"https:\/\/groupedelmar.fr\/wp-content\/uploads\/2024\/11\/activites-nautiques-au-camping-pres-des-plages-des-pyrenees-orientales.webp\" alt=\"watersportactiviteiten op de camping bij de stranden van de oostelijke pyrenee&#xEB;n\" class=\"wp-image-2737 not-transparent\" srcset=\"https:\/\/groupedelmar.fr\/wp-content\/uploads\/2024\/11\/activites-nautiques-au-camping-pres-des-plages-des-pyrenees-orientales.webp 1108w, https:\/\/groupedelmar.fr\/wp-content\/uploads\/2024\/11\/activites-nautiques-au-camping-pres-des-plages-des-pyrenees-orientales-300x200.webp 300w, https:\/\/groupedelmar.fr\/wp-content\/uploads\/2024\/11\/activites-nautiques-au-camping-pres-des-plages-des-pyrenees-orientales-1024x682.webp 1024w, https:\/\/groupedelmar.fr\/wp-content\/uploads\/2024\/11\/activites-nautiques-au-camping-pres-des-plages-des-pyrenees-orientales-768x512.webp 768w\" sizes=\"(max-width: 1108px) 100vw, 1108px\" \/><\/figure>\n<\/div>\n\n\n\n<div style=\"height:6rem\" aria-hidden=\"true\" class=\"wp-block-spacer\"><\/div>\n<\/div>\n\n<div style=\"height:6rem\" aria-hidden=\"true\" class=\"wp-block-spacer\"><\/div>\n\n<div class=\"wp-block-group alignfull is-layout-flow wp-block-group-is-layout-flow\" style=\"padding-bottom:0\">\n<div class=\"wp-block-group alignwide animated fadeIn slower is-layout-flow wp-block-group-is-layout-flow\" style=\"margin-top:0;margin-bottom:-33px;padding-right:0;padding-left:0\">\n<p class=\"gt-sliding-text has-contrast-3-color has-text-color has-link-color has-sogo-font-family wp-elements-2be7d4816518d9cff582102f9beb03d7\" style=\"margin-top:0;margin-right:0;margin-bottom:0;margin-left:0;font-size:7vw;font-style:normal;font-weight:300;line-height:1;text-transform:uppercase\">ONTDEK<\/p>\n<\/div>\n\n\n\n<div class=\"wp-block-group gt-break-mobile is-layout-grid wp-container-core-group-is-layout-37 wp-block-group-is-layout-grid\" style=\"border-radius:2rem\">\n<div\n\tstyle=\"border-radius:0rem;\" class=\"gt-maillage-7 wp-block-gt-gt-fse-maillage\"\tdata-wp-interactive=\"gt\/maillage\"\n\tdata-wp-on--click=\"actions.ctaLoad\"\n\tdata-wp-context='{\"radius\":\"0rem\",\"hover_bg_color\":\"#132f44\",\"hover_text_color\":\"#ffffff\",\"hover_image_opacity\":0.5}'>\t\n\n\t\n\t\t\t\t\t\t\t\t\t<div \n\t\t\t\tclass=\"gt-fse-maillage-link gt-fse-maillage-image-zoom gt-fse-maillage-hover-background-color gt-fse-maillage-hover-text-color\"\n\t\t\t\tstyle=\"border-radius: 0rem\"\n\t\t\t\tdata-wp-on-async--mouseover=\"actions.mouseover\"\n\t\t\t>\n\t\t\t\t\t\t\t\t\t\t\t\n<div class=\"wp-block-group is-layout-flow wp-block-group-is-layout-flow\">\n<div style=\"aspect-ratio:16\/9;min-height:unset;aspect-ratio:16\/9;min-height:unset;\" class=\"wp-block-cover is-light has-custom-content-position is-position-bottom-right has-aspect-ratio\"><span aria-hidden=\"true\" class=\"wp-block-cover__background has-black-background-color has-background-dim\"><\/span><img decoding=\"async\" width=\"1920\" height=\"434\" src=\"https:\/\/groupedelmar.fr\/wp-content\/uploads\/2024\/11\/location-hebergement-argeles-sur-mer-groupe-del-mar.webp\" class=\"wp-block-cover__image-background not-transparent wp-post-image\" alt=\"verhuur accommodatie argeles sur mer groupe del mar\" data-object-fit=\"cover\" srcset=\"https:\/\/groupedelmar.fr\/wp-content\/uploads\/2024\/11\/location-hebergement-argeles-sur-mer-groupe-del-mar.webp 1920w, https:\/\/groupedelmar.fr\/wp-content\/uploads\/2024\/11\/location-hebergement-argeles-sur-mer-groupe-del-mar-300x68.webp 300w, https:\/\/groupedelmar.fr\/wp-content\/uploads\/2024\/11\/location-hebergement-argeles-sur-mer-groupe-del-mar-1024x231.webp 1024w, https:\/\/groupedelmar.fr\/wp-content\/uploads\/2024\/11\/location-hebergement-argeles-sur-mer-groupe-del-mar-768x174.webp 768w, https:\/\/groupedelmar.fr\/wp-content\/uploads\/2024\/11\/location-hebergement-argeles-sur-mer-groupe-del-mar-1536x347.webp 1536w\" sizes=\"(max-width: 1920px) 100vw, 1920px\" data-has-transparency=\"false\" data-dominant-color=\"b4a381\" style=\"--dominant-color: #b4a381;\" \/><div class=\"wp-block-cover__inner-container has-global-padding is-layout-constrained wp-block-cover-is-layout-constrained\">\n\n\n\n<p style=\"font-weight:700;text-transform:uppercase;\" class=\"wp-elements-07611e8410ba885a13be86d25add2159 wp-block-gt-gt-fse-maillage-titre has-text-color has-base-color has-large-font-size has-sogo-font-family\">\n    Comfortabele accommodatie te huur in Argel\u00e8s-sur-Mer<\/p>\n\n<\/div><\/div>\n<\/div>\n\t\t\t\t\t\t\t<\/div>\n\t\t\t\t\t\t\t\t\t\t\t<div \n\t\t\t\tclass=\"gt-fse-maillage-link gt-fse-maillage-image-zoom gt-fse-maillage-hover-background-color gt-fse-maillage-hover-text-color\"\n\t\t\t\tstyle=\"border-radius: 0rem\"\n\t\t\t\tdata-wp-on-async--mouseover=\"actions.mouseover\"\n\t\t\t>\n\t\t\t\t\t\t\t\t\t\t\t\n<div class=\"wp-block-group is-layout-flow wp-block-group-is-layout-flow\">\n<div style=\"aspect-ratio:16\/9;min-height:unset;aspect-ratio:16\/9;min-height:unset;\" class=\"wp-block-cover is-light has-custom-content-position is-position-bottom-right has-aspect-ratio\"><span aria-hidden=\"true\" class=\"wp-block-cover__background has-black-background-color has-background-dim\"><\/span><img decoding=\"async\" width=\"1920\" height=\"434\" src=\"https:\/\/groupedelmar.fr\/wp-content\/uploads\/2024\/11\/piscine-groupe-del-mar.webp\" class=\"wp-block-cover__image-background not-transparent wp-post-image\" alt=\"zwembad groep del mar\" data-object-fit=\"cover\" srcset=\"https:\/\/groupedelmar.fr\/wp-content\/uploads\/2024\/11\/piscine-groupe-del-mar.webp 1920w, https:\/\/groupedelmar.fr\/wp-content\/uploads\/2024\/11\/piscine-groupe-del-mar-300x68.webp 300w, https:\/\/groupedelmar.fr\/wp-content\/uploads\/2024\/11\/piscine-groupe-del-mar-1024x231.webp 1024w, https:\/\/groupedelmar.fr\/wp-content\/uploads\/2024\/11\/piscine-groupe-del-mar-768x174.webp 768w, https:\/\/groupedelmar.fr\/wp-content\/uploads\/2024\/11\/piscine-groupe-del-mar-1536x347.webp 1536w\" sizes=\"(max-width: 1920px) 100vw, 1920px\" data-has-transparency=\"false\" data-dominant-color=\"6fb0ab\" style=\"--dominant-color: #6fb0ab;\" \/><div class=\"wp-block-cover__inner-container has-global-padding is-layout-constrained wp-block-cover-is-layout-constrained\">\n\n\n\n<p style=\"font-weight:700;text-transform:uppercase;\" class=\"wp-elements-07611e8410ba885a13be86d25add2159 wp-block-gt-gt-fse-maillage-titre has-text-color has-base-color has-large-font-size has-sogo-font-family\">\n    Een zwemparadijs en zwembad ontworpen voor uw welzijn in de Pyr\u00e9n\u00e9es-Orientales<\/p>\n\n<\/div><\/div>\n<\/div>\n\t\t\t\t\t\t\t<\/div>\n\t\t\t\t\t\t\t\t\t\t\t<div \n\t\t\t\tclass=\"gt-fse-maillage-link gt-fse-maillage-image-zoom gt-fse-maillage-hover-background-color gt-fse-maillage-hover-text-color\"\n\t\t\t\tstyle=\"border-radius: 0rem\"\n\t\t\t\tdata-wp-on-async--mouseover=\"actions.mouseover\"\n\t\t\t>\n\t\t\t\t\t\t\t\t\t\t\t\n<div class=\"wp-block-group is-layout-flow wp-block-group-is-layout-flow\">\n<div style=\"aspect-ratio:16\/9;min-height:unset;aspect-ratio:16\/9;min-height:unset;\" class=\"wp-block-cover is-light has-custom-content-position is-position-bottom-right has-aspect-ratio\"><span aria-hidden=\"true\" class=\"wp-block-cover__background has-black-background-color has-background-dim\"><\/span><img decoding=\"async\" width=\"1920\" height=\"434\" src=\"https:\/\/groupedelmar.fr\/wp-content\/uploads\/2024\/11\/groupe-del-mar-campings-residence-argeles-sur-mer.webp\" class=\"wp-block-cover__image-background not-transparent wp-post-image\" alt=\"groupe del mar campings residence argeles sur mer\" data-object-fit=\"cover\" srcset=\"https:\/\/groupedelmar.fr\/wp-content\/uploads\/2024\/11\/groupe-del-mar-campings-residence-argeles-sur-mer.webp 1920w, https:\/\/groupedelmar.fr\/wp-content\/uploads\/2024\/11\/groupe-del-mar-campings-residence-argeles-sur-mer-300x68.webp 300w, https:\/\/groupedelmar.fr\/wp-content\/uploads\/2024\/11\/groupe-del-mar-campings-residence-argeles-sur-mer-1024x231.webp 1024w, https:\/\/groupedelmar.fr\/wp-content\/uploads\/2024\/11\/groupe-del-mar-campings-residence-argeles-sur-mer-768x174.webp 768w, https:\/\/groupedelmar.fr\/wp-content\/uploads\/2024\/11\/groupe-del-mar-campings-residence-argeles-sur-mer-1536x347.webp 1536w\" sizes=\"(max-width: 1920px) 100vw, 1920px\" data-has-transparency=\"false\" data-dominant-color=\"8a7c76\" style=\"--dominant-color: #8a7c76;\" \/><div class=\"wp-block-cover__inner-container has-global-padding is-layout-constrained wp-block-cover-is-layout-constrained\">\n\n\n\n<p style=\"font-weight:700;text-transform:uppercase;\" class=\"wp-elements-07611e8410ba885a13be86d25add2159 wp-block-gt-gt-fse-maillage-titre has-text-color has-base-color has-large-font-size has-sogo-font-family\">\n    Welkom bij onze drie etablissementen met een ideale ligging in Argel\u00e8s-sur-Mer<\/p>\n\n<\/div><\/div>\n<\/div>\n\t\t\t\t\t\t\t<\/div>\n\t\t\t\t\t\t\t\t<\/div><\/div>\n\n\n\n<div style=\"height:6rem\" aria-hidden=\"true\" class=\"wp-block-spacer\"><\/div>\n<\/div>\n","protected":false},"excerpt":{"rendered":"<p>Ontdek uw FARNIENTE VAKANTIE Drie vestigingen in Argel\u00e8s-sur-Mer Ontdek Camping Del Mar, Camping Clos du Thym en R\u00e9sidence Antin\u00e9a in Argel\u00e8s-sur-Mer Welkom op Camping Del Mar en R\u00e9sidence Antin\u00e9a, genesteld aan de voet van de majestueuze Pyrenee\u00ebn in Argel\u00e8s-sur-Mer. Op slechts 500 meter van een zandstrand ligt ons landgoed Del Mar Village in de Pyr\u00e9n\u00e9es-Orientales, [&hellip;]<\/p>\n","protected":false},"author":1,"featured_media":3789,"parent":0,"menu_order":0,"comment_status":"closed","ping_status":"closed","template":"","meta":{"_acf_changed":false,"_seopress_robots_primary_cat":"","_seopress_titles_title":"Campings en residenties in de buurt van het strand in Argel\u00e8s-sur-Mer","_seopress_titles_desc":"Ontspan in een residentie en camping aan het strand in Argel\u00e8s-sur-Mer, en een natuurcamping dicht bij de stranden in de Pyr\u00e9n\u00e9es-Orientales.","_seopress_robots_index":"","_gt_ctv_global_id":"","_gt_ctv_id_group":false,"inline_featured_image":false,"gt_fse_maillage_image":"https:\/\/groupedelmar.fr\/wp-content\/uploads\/2024\/11\/campings-residence-bord-de-plage.webp","gt_fse_maillage_titre":"Uw vakantie in het paradijs op de campings in de buurt van de stranden van de Pyrenee\u00ebn-Orientales","gt_fse_maillage_resume":"","_gt_maillage_image":0,"_gt_maillage_video":0,"_gt_maillage_title":"","footnotes":""},"categories":[],"tags":[],"class_list":["post-3777","page","type-page","status-publish","has-post-thumbnail","hentry"],"acf":[],"_links":{"self":[{"href":"https:\/\/groupedelmar.fr\/nl\/wp-json\/wp\/v2\/pages\/3777","targetHints":{"allow":["GET"]}}],"collection":[{"href":"https:\/\/groupedelmar.fr\/nl\/wp-json\/wp\/v2\/pages"}],"about":[{"href":"https:\/\/groupedelmar.fr\/nl\/wp-json\/wp\/v2\/types\/page"}],"author":[{"embeddable":true,"href":"https:\/\/groupedelmar.fr\/nl\/wp-json\/wp\/v2\/users\/1"}],"replies":[{"embeddable":true,"href":"https:\/\/groupedelmar.fr\/nl\/wp-json\/wp\/v2\/comments?post=3777"}],"version-history":[{"count":6,"href":"https:\/\/groupedelmar.fr\/nl\/wp-json\/wp\/v2\/pages\/3777\/revisions"}],"predecessor-version":[{"id":4013,"href":"https:\/\/groupedelmar.fr\/nl\/wp-json\/wp\/v2\/pages\/3777\/revisions\/4013"}],"wp:featuredmedia":[{"embeddable":true,"href":"https:\/\/groupedelmar.fr\/nl\/wp-json\/wp\/v2\/media\/3789"}],"wp:attachment":[{"href":"https:\/\/groupedelmar.fr\/nl\/wp-json\/wp\/v2\/media?parent=3777"}],"wp:term":[{"taxonomy":"category","embeddable":true,"href":"https:\/\/groupedelmar.fr\/nl\/wp-json\/wp\/v2\/categories?post=3777"},{"taxonomy":"post_tag","embeddable":true,"href":"https:\/\/groupedelmar.fr\/nl\/wp-json\/wp\/v2\/tags?post=3777"}],"curies":[{"name":"wp","href":"https:\/\/api.w.org\/{rel}","templated":true}]}}