{"id":3765,"date":"2024-08-13T10:52:51","date_gmt":"2024-08-13T08:52:51","guid":{"rendered":"https:\/\/groupedelmar.fr\/campings-waterplaatsen-argeles-sur-mer\/"},"modified":"2025-01-15T15:23:23","modified_gmt":"2025-01-15T14:23:23","slug":"campings-waterplaatsen-argeles-sur-mer","status":"publish","type":"page","link":"https:\/\/groupedelmar.fr\/nl\/campings-waterplaatsen-argeles-sur-mer\/","title":{"rendered":"Een zwemparadijs en zwembad ontworpen voor uw welzijn in de Pyr\u00e9n\u00e9es-Orientales"},"content":{"rendered":"\n<div class=\"wp-block-group alignfull gt-reveal has-global-padding is-layout-constrained wp-container-core-group-is-layout-10 wp-block-group-is-layout-constrained\">\n<div style=\"height:6rem\" aria-hidden=\"true\" class=\"wp-block-spacer\"><\/div>\n\n\n\n<div class=\"wp-block-group alignfull animated fadeIn slower is-layout-flow wp-block-group-is-layout-flow\" style=\"margin-top:0;margin-bottom:-33px;padding-right:0;padding-left:0\">\n<p class=\"has-text-align-center gt-sliding-text has-contrast-3-color has-text-color has-link-color has-sogo-font-family wp-elements-9890c45f1f842b97342f4a53100b1911\" style=\"margin-top:0;margin-right:-33px;margin-bottom:0;margin-left:-33px;font-size:4.5vw;font-style:normal;font-weight:300;line-height:1;text-transform:uppercase\">Ontdek onze aquatische ruimtes<\/p>\n<\/div>\n\n\n\n<div style=\"height:3rem\" aria-hidden=\"true\" class=\"wp-block-spacer\"><\/div>\n\n\n\n<div data-swiper=\"{&quot;speed&quot;:400,&quot;spaceBetween&quot;:16,&quot;slidesPerView&quot;:3,&quot;createElements&quot;:true,&quot;loop&quot;:true,&quot;freemode&quot;:true,&quot;navigation&quot;:{&quot;nextEl&quot;:&quot;buttonNext&quot;,&quot;prevEl&quot;:&quot;buttonPrev&quot;},&quot;pagination&quot;:{&quot;el&quot;:&quot;.swiper-pagination&quot;,&quot;dynamicBullets&quot;:true},&quot;breakpoints&quot;:{&quot;0&quot;:{&quot;slidesPerView&quot;:1},&quot;380&quot;:{&quot;slidesPerView&quot;:2},&quot;1024&quot;:{&quot;slidesPerView&quot;:3}},&quot;autoplay&quot;:{&quot;delay&quot;:2000}}\" class=\"wp-block-group alignfull gt-logos-camping gt-is-slider gt-is-slider-mobile is-content-justification-center is-nowrap is-layout-flex wp-container-core-group-is-layout-5 wp-block-group-is-layout-flex\" style=\"margin-top:0;margin-bottom:0;padding-top:var(--wp--preset--spacing--30);padding-bottom:var(--wp--preset--spacing--30)\">\n<div class=\"wp-block-group gt-camping-logo gt-reveal-down is-vertical is-layout-flex wp-container-core-group-is-layout-2 wp-block-group-is-layout-flex\">\n<figure class=\"wp-block-image size-full is-resized wp-duotone-132f44-132f44-1\"><a href=\"https:\/\/camping-del-mar.com\/nl\/\" target=\"_blank\" rel=\"noreferrer noopener\"><img data-dominant-color=\"d2cbb0\" data-has-transparency=\"true\" decoding=\"async\" width=\"158\" height=\"160\" src=\"https:\/\/groupedelmar.fr\/wp-content\/uploads\/2024\/08\/village-delmar.png\" alt=\"dorp delmar\" class=\"wp-image-124 has-transparency\" style=\"--dominant-color: #d2cbb0; object-fit:contain;width:160px;height:160px\"\/><\/a><\/figure>\n<\/div>\n\n\n\n<div class=\"wp-block-group gt-camping-logo gt-reveal-down is-vertical is-layout-flex wp-container-core-group-is-layout-3 wp-block-group-is-layout-flex\" data-scrolltrigger-start=\"top 80%\">\n<figure class=\"wp-block-image size-full is-resized wp-duotone-174c4f-174c4f-2\"><a href=\"https:\/\/campingclosduthym.com\/nl\/\" target=\"_blank\" rel=\"noreferrer noopener\"><img data-dominant-color=\"e6e0cc\" data-has-transparency=\"true\" decoding=\"async\" width=\"295\" height=\"85\" src=\"https:\/\/groupedelmar.fr\/wp-content\/uploads\/2024\/08\/clos-du-thym.png\" alt=\"clos du thym\" class=\"wp-image-126 has-transparency\" style=\"--dominant-color: #e6e0cc; object-fit:contain;width:285px;height:85px\"\/><\/a><\/figure>\n<\/div>\n\n\n\n<div class=\"wp-block-group gt-camping-logo gt-reveal-down is-vertical is-layout-flex wp-container-core-group-is-layout-4 wp-block-group-is-layout-flex\" data-scrolltrigger-start=\"top 70%\">\n<figure class=\"wp-block-image size-full is-resized wp-duotone-a54122-a54122-3\"><a href=\"https:\/\/residence-argeles-sur-mer.com\/nl\/\" target=\"_blank\" rel=\"noreferrer noopener\"><img data-dominant-color=\"e6e0cc\" data-has-transparency=\"true\" decoding=\"async\" width=\"125\" height=\"163\" src=\"https:\/\/groupedelmar.fr\/wp-content\/uploads\/2024\/08\/antinea-1.png\" alt=\"antinea\" class=\"wp-image-136 has-transparency\" style=\"--dominant-color: #e6e0cc; object-fit:contain;width:154px;height:154px\"\/><\/a><\/figure>\n<\/div>\n<\/div>\n\n\n\n<div style=\"height:var(--wp--preset--spacing--50)\" aria-hidden=\"true\" class=\"wp-block-spacer\"><\/div>\n\n\n\n<div class=\"wp-block-group alignwide gt-break-mobile is-nowrap is-layout-flex wp-container-core-group-is-layout-9 wp-block-group-is-layout-flex\">\n<div class=\"wp-block-group has-global-padding is-layout-constrained wp-block-group-is-layout-constrained\">\n<div class=\"wp-block-group is-layout-flow wp-block-group-is-layout-flow\" style=\"padding-right:var(--wp--preset--spacing--30);padding-left:var(--wp--preset--spacing--30)\">\n<div style=\"height:10rem\" aria-hidden=\"true\" class=\"wp-block-spacer gt-hide-mobile\"><\/div>\n\n\n\n<figure class=\"wp-block-image aligncenter size-full gt-reveal-down\"><img data-dominant-color=\"b15526\" data-has-transparency=\"true\" style=\"--dominant-color: #b15526;\" decoding=\"async\" width=\"43\" height=\"21\" src=\"https:\/\/groupedelmar.fr\/wp-content\/uploads\/2024\/08\/separator.png\" alt=\"scheider\" class=\"wp-image-150 has-transparency\"\/><\/figure>\n\n\n<h2 class=\"wp-block-heading has-text-align-center gt-reveal-down has-accent-color has-text-color has-link-color wp-elements-60ee64e205dd9622957b352d8b448d46\" id=\"ontspanning-en-opwindingin-ons-waterpark-met-californischzwembad-en-waterglijbanen\">Ontspanning en opwinding<br>in ons waterpark met Californisch<br>zwembad en waterglijbanen<\/h2>\n\n\n<p class=\"has-text-align-center gt-reveal-down has-medium-font-size\">Ontdek de <strong>ontspanning<\/strong> en <strong>unieke sensaties<\/strong> van ons <a href=\"https:\/\/camping-del-mar.com\/nl\/camping-aquacentrum-argeles-sur-mer\/\" target=\"_blank\" rel=\"noreferrer noopener\">waterpark op Camping Del Mar in Argel\u00e8s-sur-Mer<\/a>. Profiteer van ons <strong>Californische zwembad<\/strong> en onze <strong>glijbanen<\/strong> voor leuke momenten met familie en vrienden. <\/p>\n\n\n\n<p class=\"has-text-align-center gt-reveal-down has-medium-font-size\">Onze camping is ideaal gelegen dicht bij de stranden en biedt de perfecte omgeving voor een onvergetelijke vakantie. Of je nu houdt van <strong>zwemmen<\/strong>, <strong>relaxen in de zon<\/strong> of <strong>glijden van de waterglijbaan<\/strong>, ons zwemparadijs zal aan al je verwachtingen voldoen. <\/p>\n\n\n\n<p class=\"has-text-align-center gt-reveal-down has-medium-font-size\">Beleef momenten van plezier en <strong>ontspanning<\/strong> in een vriendelijke, veilige omgeving in het hart van het prachtige Middellandse Zeegebied.<\/p>\n\n\n\n<div style=\"height:1rem\" aria-hidden=\"true\" class=\"wp-block-spacer is-style-gt-hide-mobile\"><\/div>\n\n\n\n<div class=\"wp-block-buttons is-content-justification-center is-layout-flex wp-container-core-buttons-is-layout-1 wp-block-buttons-is-layout-flex\">\n<div class=\"wp-block-button has-custom-font-size is-style-gt-contour-small has-sogo-font-family has-large-font-size\" style=\"font-style:normal;font-weight:300\"><a class=\"wp-block-button__link has-accent-color has-text-color has-link-color wp-element-button\" href=\"https:\/\/camping-del-mar.com\/nl\/camping-aquacentrum-argeles-sur-mer\/\" target=\"_blank\" rel=\"noreferrer noopener\">Camping Le Mar<\/a><\/div>\n<\/div>\n\n\n\n<div style=\"height:2rem\" aria-hidden=\"true\" class=\"wp-block-spacer is-style-gt-hide-mobile\"><\/div>\n<\/div>\n<\/div>\n\n\n\n<div class=\"wp-block-group wp-container-content-1 is-layout-flow wp-block-group-is-layout-flow\">\n<figure class=\"wp-block-image size-full gt-reveal\"><img data-dominant-color=\"cdcdc4\" data-has-transparency=\"false\" style=\"--dominant-color: #cdcdc4;\" decoding=\"async\" width=\"640\" height=\"961\" src=\"https:\/\/groupedelmar.fr\/wp-content\/uploads\/2024\/11\/espace-aquatique-avec-piscine-californienne-et-toboggans.webp\" alt=\"zwemparadijs met Californisch zwembad en glijbanen\" class=\"wp-image-2911 not-transparent\" srcset=\"https:\/\/groupedelmar.fr\/wp-content\/uploads\/2024\/11\/espace-aquatique-avec-piscine-californienne-et-toboggans.webp 640w, https:\/\/groupedelmar.fr\/wp-content\/uploads\/2024\/11\/espace-aquatique-avec-piscine-californienne-et-toboggans-200x300.webp 200w\" sizes=\"(max-width: 640px) 100vw, 640px\" \/><figcaption class=\"wp-element-caption\">Camping Del Mar****<\/figcaption><\/figure>\n<\/div>\n<\/div>\n<\/div>\n\n<div class=\"wp-block-group alignfull gt-reveal has-global-padding is-layout-constrained wp-container-core-group-is-layout-16 wp-block-group-is-layout-constrained\">\n<div style=\"height:6rem\" aria-hidden=\"true\" class=\"wp-block-spacer\"><\/div>\n\n\n\n<div class=\"wp-block-group alignwide animated fadeIn slower gt-hide-mobile is-layout-flow wp-block-group-is-layout-flow\" style=\"margin-top:0;margin-bottom:-33px;padding-right:0;padding-left:0\">\n<p class=\"gt-sliding-text has-contrast-3-color has-text-color has-link-color has-sogo-font-family wp-elements-ac529a1567f39f607cc724fb8fee18d6\" style=\"margin-top:0;margin-right:0;margin-bottom:0;margin-left:0;font-size:7vw;font-style:normal;font-weight:300;line-height:1;text-transform:uppercase\">WATERGEBIED<\/p>\n<\/div>\n\n\n\n<div class=\"wp-block-group alignwide gt-break-mobile is-nowrap is-layout-flex wp-container-core-group-is-layout-15 wp-block-group-is-layout-flex\">\n<div class=\"wp-block-group wp-container-content-2 is-layout-flow wp-block-group-is-layout-flow\">\n<figure class=\"wp-block-image size-full gt-reveal\"><img data-dominant-color=\"868872\" data-has-transparency=\"false\" style=\"--dominant-color: #868872;\" decoding=\"async\" width=\"640\" height=\"960\" src=\"https:\/\/groupedelmar.fr\/wp-content\/uploads\/2024\/11\/bulle-de-fraicheur-et-de-douceur-a-la-piscine.webp\" alt=\"een bubbel van frisheid en zachtheid bij het zwembad\" class=\"wp-image-2913 not-transparent\" srcset=\"https:\/\/groupedelmar.fr\/wp-content\/uploads\/2024\/11\/bulle-de-fraicheur-et-de-douceur-a-la-piscine.webp 640w, https:\/\/groupedelmar.fr\/wp-content\/uploads\/2024\/11\/bulle-de-fraicheur-et-de-douceur-a-la-piscine-200x300.webp 200w\" sizes=\"(max-width: 640px) 100vw, 640px\" \/><\/figure>\n<\/div>\n\n\n\n<div class=\"wp-block-group has-global-padding is-layout-constrained wp-block-group-is-layout-constrained\">\n<div class=\"wp-block-group is-layout-flow wp-block-group-is-layout-flow\" style=\"padding-right:var(--wp--preset--spacing--30);padding-left:var(--wp--preset--spacing--30)\">\n<div style=\"height:10rem\" aria-hidden=\"true\" class=\"wp-block-spacer gt-hide-mobile\"><\/div>\n\n\n\n<figure class=\"wp-block-image aligncenter size-full gt-reveal-down\"><img data-dominant-color=\"b15526\" data-has-transparency=\"true\" style=\"--dominant-color: #b15526;\" decoding=\"async\" width=\"43\" height=\"21\" src=\"https:\/\/groupedelmar.fr\/wp-content\/uploads\/2024\/08\/separator.png\" alt=\"scheider\" class=\"wp-image-150 has-transparency\"\/><\/figure>\n\n\n<h2 class=\"wp-block-heading has-text-align-center gt-reveal-down has-accent-color has-text-color has-link-color wp-elements-edcf65e9332a61ec60b186d1cd6f235f\" id=\"uw-bubbel-van-frisheiden-zachtheid-in-hetzwembad-clos-du-thymin-argeles-sur-mer\">Uw bubbel van frisheid<br>en zachtheid in het<br>zwembad Clos du Thym<br>in Argel\u00e8s-sur-Mer<\/h2>\n\n\n<p class=\"has-text-align-center gt-reveal-down has-medium-font-size\">&#8220;Je oase van ontspanning in het <a href=\"https:\/\/campingclosduthym.com\/nl\/camping-zwembad-argeles-sur-mer\/\" target=\"_blank\" rel=\"noreferrer noopener\">zwembad Clos du Thym in Argel\u00e8s-sur-Mer<\/a>&#8220;.<\/p>\n\n\n\n<p class=\"has-text-align-center gt-reveal-down has-medium-font-size\">Dompel jezelf onder in een <strong>oase van frisheid en rust<\/strong> bij Clos du Thym. Ons zwembad, genesteld in het hart van de natuur, nodigt je uit om <strong>te ontspannen<\/strong> en <strong>tot rust te komen<\/strong>. <\/p>\n\n\n\n<p class=\"has-text-align-center gt-reveal-down has-medium-font-size\">Geniet van een moment van <strong>welzijn<\/strong>, omgeven door <strong>groen<\/strong> en gesust door <strong>vogelgezang<\/strong>. Of je nu op vakantie bent of er even tussenuit, ons zwembad is de ideale plek om <strong>nieuwe energie op te doen<\/strong>. <\/p>\n\n\n\n<p class=\"has-text-align-center gt-reveal-down has-medium-font-size\">Boek nu je verblijf in Clos du Thym en dompel jezelf onder in een wereld van ontspanning en welzijn.<\/p>\n\n\n\n<div style=\"height:1rem\" aria-hidden=\"true\" class=\"wp-block-spacer is-style-gt-hide-mobile\"><\/div>\n\n\n\n<div class=\"wp-block-buttons is-content-justification-center is-layout-flex wp-container-core-buttons-is-layout-2 wp-block-buttons-is-layout-flex\">\n<div class=\"wp-block-button has-custom-font-size is-style-gt-contour-small has-sogo-font-family has-large-font-size\" style=\"font-style:normal;font-weight:300\"><a class=\"wp-block-button__link has-accent-color has-text-color has-link-color wp-element-button\" href=\"https:\/\/campingclosduthym.com\/nl\/camping-zwembad-argeles-sur-mer\/\" target=\"_blank\" rel=\"noreferrer noopener\">Camping La Pin\u00e8de<\/a><\/div>\n<\/div>\n\n\n\n<div style=\"height:2rem\" aria-hidden=\"true\" class=\"wp-block-spacer is-style-gt-hide-mobile\"><\/div>\n<\/div>\n<\/div>\n<\/div>\n<\/div>\n\n<div class=\"wp-block-group alignfull has-global-padding is-layout-constrained wp-block-group-is-layout-constrained\" id=\"chalet-bien-etre\">\n<div style=\"height:6rem\" aria-hidden=\"true\" class=\"wp-block-spacer\"><\/div>\n\n\n\n<div class=\"wp-block-group alignfull gt-reveal gt-break-mobile is-content-justification-center is-nowrap is-layout-flex wp-container-core-group-is-layout-22 wp-block-group-is-layout-flex\">\n<div class=\"wp-block-group is-nowrap is-layout-flex wp-container-core-group-is-layout-21 wp-block-group-is-layout-flex\" style=\"padding-right:var(--wp--preset--spacing--20);padding-left:var(--wp--preset--spacing--20)\">\n<div class=\"wp-block-group has-global-padding is-layout-constrained wp-block-group-is-layout-constrained\">\n<div class=\"wp-block-group animated fadeInDown slow gt-reveal-down has-global-padding is-layout-constrained wp-container-core-group-is-layout-18 wp-block-group-is-layout-constrained\">\n<div class=\"wp-block-group gt-reveal-down has-contrast-3-background-color has-background is-layout-flow wp-block-group-is-layout-flow\" style=\"min-height:30rem\"><\/div>\n<\/div>\n\n\n\n<figure class=\"wp-block-image aligncenter size-full gt-reveal-down wp-duotone-e5e0ce-ffffff-4\"><img data-dominant-color=\"b15526\" data-has-transparency=\"true\" style=\"--dominant-color: #b15526;\" decoding=\"async\" width=\"43\" height=\"21\" src=\"https:\/\/groupedelmar.fr\/wp-content\/uploads\/2024\/08\/separator.png\" alt=\"scheider\" class=\"wp-image-150 has-transparency\"\/><\/figure>\n<\/div>\n\n\n\n<div class=\"wp-block-group has-global-padding is-layout-constrained wp-block-group-is-layout-constrained\"><h2 class=\"wp-block-heading has-accent-color has-text-color has-link-color wp-elements-bcfa7e6259aa09cbd87741ee9c5bd2fd\" id=\"de-welzijnschaleteen-ruimte-gewijd-aanuw-welzijn-op-vakantie\">De welzijnschalet:<br>een ruimte gewijd aan<br>uw welzijn op vakantie<\/h2>\n\n\n<p class=\"has-medium-font-size\"><strong>&#8220;De Chalet bien-\u00eatre op Camping Del Mar: uw oase van ontspanning&#8221;.<\/strong><\/p>\n\n\n\n<p class=\"has-medium-font-size\">Bij <a href=\"https:\/\/groupedelmar.fr\/nl\/\">Del Mar Village Group in Argel\u00e8s-sur-Mer<\/a> geloven we dat een geslaagde vakantie niet alleen plezier in de zon omvat, maar ook <strong>ontspanning <\/strong>en <strong>welzijn<\/strong>. Daarom opent onze <a href=\"https:\/\/camping-del-mar.com\/nl\/camping-welzijn-argeles-sur-mer\/\" target=\"_blank\" rel=\"noreferrer noopener\">wellnessruimte, Le Chalet Bien-\u00catre<\/a>, zijn deuren voor jou van half juni tot half september voor de ultieme ontspanningservaring. <\/p>\n\n\n\n<p class=\"has-medium-font-size\"><strong>Een moment van welzijn:<\/strong> geniet van een <strong>rustgevende massage<\/strong>. Om je plaats te garanderen, kun je nu reserveren bij onze behandelaars (tegen extra kosten). <\/p>\n\n\n\n<p class=\"has-medium-font-size\">Boek nu je moment van ontspanning en ontdek de kunst van het welzijn in <strong>Chalet bien-\u00eatre<\/strong>. Een oase van natuur en welzijn in <strong>Argel\u00e8s-sur-Mer<\/strong>. <\/p>\n\n\n\n<div style=\"height:1rem\" aria-hidden=\"true\" class=\"wp-block-spacer is-style-gt-hide-mobile\"><\/div>\n\n\n\n<div class=\"wp-block-buttons is-content-justification-center is-layout-flex wp-container-core-buttons-is-layout-3 wp-block-buttons-is-layout-flex\">\n<div class=\"wp-block-button has-custom-font-size is-style-gt-contour-small has-sogo-font-family has-large-font-size\" style=\"font-style:normal;font-weight:300\"><a class=\"wp-block-button__link has-accent-color has-text-color has-link-color wp-element-button\" href=\"https:\/\/residence-argeles-sur-mer.com\/en\/residence-well-being\/\" target=\"_blank\" rel=\"noreferrer noopener\">Woning Antin\u00e9a<\/a><\/div>\n<\/div>\n<\/div>\n<\/div>\n\n\n\n<figure class=\"wp-block-image size-full\"><img data-dominant-color=\"908260\" data-has-transparency=\"false\" style=\"--dominant-color: #908260;\" decoding=\"async\" width=\"1108\" height=\"738\" src=\"https:\/\/groupedelmar.fr\/wp-content\/uploads\/2024\/11\/chalet-bien-etre-un-espace-dedie-a-votre-bien-etre.webp\" alt=\"chalet bien-&#xEA;tre een ruimte gewijd aan uw welzijn\" class=\"wp-image-2917 not-transparent\" srcset=\"https:\/\/groupedelmar.fr\/wp-content\/uploads\/2024\/11\/chalet-bien-etre-un-espace-dedie-a-votre-bien-etre.webp 1108w, https:\/\/groupedelmar.fr\/wp-content\/uploads\/2024\/11\/chalet-bien-etre-un-espace-dedie-a-votre-bien-etre-300x200.webp 300w, https:\/\/groupedelmar.fr\/wp-content\/uploads\/2024\/11\/chalet-bien-etre-un-espace-dedie-a-votre-bien-etre-1024x682.webp 1024w, https:\/\/groupedelmar.fr\/wp-content\/uploads\/2024\/11\/chalet-bien-etre-un-espace-dedie-a-votre-bien-etre-768x512.webp 768w\" sizes=\"(max-width: 1108px) 100vw, 1108px\" \/><\/figure>\n<\/div>\n\n\n\n<div style=\"height:6rem\" aria-hidden=\"true\" class=\"wp-block-spacer\"><\/div>\n<\/div>\n\n<div style=\"height:6rem\" aria-hidden=\"true\" class=\"wp-block-spacer\"><\/div>\n\n<div class=\"wp-block-group alignfull is-layout-flow wp-block-group-is-layout-flow\" style=\"padding-bottom:0\">\n<div class=\"wp-block-group alignwide animated fadeIn slower is-layout-flow wp-block-group-is-layout-flow\" style=\"margin-top:0;margin-bottom:-33px;padding-right:0;padding-left:0\">\n<p class=\"gt-sliding-text has-contrast-3-color has-text-color has-link-color has-sogo-font-family wp-elements-2be7d4816518d9cff582102f9beb03d7\" style=\"margin-top:0;margin-right:0;margin-bottom:0;margin-left:0;font-size:7vw;font-style:normal;font-weight:300;line-height:1;text-transform:uppercase\">ONTDEK<\/p>\n<\/div>\n\n\n\n<div class=\"wp-block-group gt-break-mobile is-layout-grid wp-container-core-group-is-layout-28 wp-block-group-is-layout-grid\" style=\"border-radius:2rem\">\n<div\n\tstyle=\"border-radius:0rem;\" class=\"gt-maillage-5 wp-block-gt-gt-fse-maillage\"\tdata-wp-interactive=\"gt\/maillage\"\n\tdata-wp-on--click=\"actions.ctaLoad\"\n\tdata-wp-context='{\"radius\":\"0rem\",\"hover_bg_color\":\"#132f44\",\"hover_text_color\":\"#ffffff\",\"hover_image_opacity\":0.5}'>\t\n\n\t\n\t\t\t\t\t\t\t\t\t<div \n\t\t\t\tclass=\"gt-fse-maillage-link gt-fse-maillage-image-zoom gt-fse-maillage-hover-background-color gt-fse-maillage-hover-text-color\"\n\t\t\t\tstyle=\"border-radius: 0rem\"\n\t\t\t\tdata-wp-on-async--mouseover=\"actions.mouseover\"\n\t\t\t>\n\t\t\t\t\t\t\t\t\t\t\t\n<div class=\"wp-block-group is-layout-flow wp-block-group-is-layout-flow\">\n<div style=\"aspect-ratio:16\/9;min-height:unset;aspect-ratio:16\/9;min-height:unset;\" class=\"wp-block-cover is-light has-custom-content-position is-position-bottom-right has-aspect-ratio\"><span aria-hidden=\"true\" class=\"wp-block-cover__background has-black-background-color has-background-dim\"><\/span><img decoding=\"async\" width=\"1920\" height=\"434\" src=\"https:\/\/groupedelmar.fr\/wp-content\/uploads\/2024\/11\/tourisme-pyrenees-orientales.webp\" class=\"wp-block-cover__image-background not-transparent wp-post-image\" alt=\"toerisme pyrenee\u00ebn orientales\" data-object-fit=\"cover\" srcset=\"https:\/\/groupedelmar.fr\/wp-content\/uploads\/2024\/11\/tourisme-pyrenees-orientales.webp 1920w, https:\/\/groupedelmar.fr\/wp-content\/uploads\/2024\/11\/tourisme-pyrenees-orientales-300x68.webp 300w, https:\/\/groupedelmar.fr\/wp-content\/uploads\/2024\/11\/tourisme-pyrenees-orientales-1024x231.webp 1024w, https:\/\/groupedelmar.fr\/wp-content\/uploads\/2024\/11\/tourisme-pyrenees-orientales-768x174.webp 768w, https:\/\/groupedelmar.fr\/wp-content\/uploads\/2024\/11\/tourisme-pyrenees-orientales-1536x347.webp 1536w\" sizes=\"(max-width: 1920px) 100vw, 1920px\" data-has-transparency=\"false\" data-dominant-color=\"a19b8d\" style=\"--dominant-color: #a19b8d;\" \/><div class=\"wp-block-cover__inner-container has-global-padding is-layout-constrained wp-block-cover-is-layout-constrained\">\n\n\n\n<p style=\"font-weight:700;text-transform:uppercase;\" class=\"wp-elements-07611e8410ba885a13be86d25add2159 wp-block-gt-gt-fse-maillage-titre has-text-color has-base-color has-large-font-size has-sogo-font-family\">\n    De Pyr\u00e9n\u00e9es-Orientales, een regio om te ontdekken<\/p>\n\n<\/div><\/div>\n<\/div>\n\t\t\t\t\t\t\t<\/div>\n\t\t\t\t\t\t\t\t\t\t\t<div \n\t\t\t\tclass=\"gt-fse-maillage-link gt-fse-maillage-image-zoom gt-fse-maillage-hover-background-color gt-fse-maillage-hover-text-color\"\n\t\t\t\tstyle=\"border-radius: 0rem\"\n\t\t\t\tdata-wp-on-async--mouseover=\"actions.mouseover\"\n\t\t\t>\n\t\t\t\t\t\t\t\t\t\t\t\n<div class=\"wp-block-group is-layout-flow wp-block-group-is-layout-flow\">\n<div style=\"aspect-ratio:16\/9;min-height:unset;aspect-ratio:16\/9;min-height:unset;\" class=\"wp-block-cover is-light has-custom-content-position is-position-bottom-right has-aspect-ratio\"><span aria-hidden=\"true\" class=\"wp-block-cover__background has-black-background-color has-background-dim\"><\/span><img decoding=\"async\" width=\"1920\" height=\"434\" src=\"https:\/\/groupedelmar.fr\/wp-content\/uploads\/2024\/11\/location-hebergement-argeles-sur-mer-groupe-del-mar.webp\" class=\"wp-block-cover__image-background not-transparent wp-post-image\" alt=\"verhuur accommodatie argeles sur mer groupe del mar\" data-object-fit=\"cover\" srcset=\"https:\/\/groupedelmar.fr\/wp-content\/uploads\/2024\/11\/location-hebergement-argeles-sur-mer-groupe-del-mar.webp 1920w, https:\/\/groupedelmar.fr\/wp-content\/uploads\/2024\/11\/location-hebergement-argeles-sur-mer-groupe-del-mar-300x68.webp 300w, https:\/\/groupedelmar.fr\/wp-content\/uploads\/2024\/11\/location-hebergement-argeles-sur-mer-groupe-del-mar-1024x231.webp 1024w, https:\/\/groupedelmar.fr\/wp-content\/uploads\/2024\/11\/location-hebergement-argeles-sur-mer-groupe-del-mar-768x174.webp 768w, https:\/\/groupedelmar.fr\/wp-content\/uploads\/2024\/11\/location-hebergement-argeles-sur-mer-groupe-del-mar-1536x347.webp 1536w\" sizes=\"(max-width: 1920px) 100vw, 1920px\" data-has-transparency=\"false\" data-dominant-color=\"b4a381\" style=\"--dominant-color: #b4a381;\" \/><div class=\"wp-block-cover__inner-container has-global-padding is-layout-constrained wp-block-cover-is-layout-constrained\">\n\n\n\n<p style=\"font-weight:700;text-transform:uppercase;\" class=\"wp-elements-07611e8410ba885a13be86d25add2159 wp-block-gt-gt-fse-maillage-titre has-text-color has-base-color has-large-font-size has-sogo-font-family\">\n    Comfortabele accommodatie te huur in Argel\u00e8s-sur-Mer<\/p>\n\n<\/div><\/div>\n<\/div>\n\t\t\t\t\t\t\t<\/div>\n\t\t\t\t\t\t\t\t\t\t\t<div \n\t\t\t\tclass=\"gt-fse-maillage-link gt-fse-maillage-image-zoom gt-fse-maillage-hover-background-color gt-fse-maillage-hover-text-color\"\n\t\t\t\tstyle=\"border-radius: 0rem\"\n\t\t\t\tdata-wp-on-async--mouseover=\"actions.mouseover\"\n\t\t\t>\n\t\t\t\t\t\t\t\t\t\t\t\n<div class=\"wp-block-group is-layout-flow wp-block-group-is-layout-flow\">\n<div style=\"aspect-ratio:16\/9;min-height:unset;aspect-ratio:16\/9;min-height:unset;\" class=\"wp-block-cover is-light has-custom-content-position is-position-bottom-right has-aspect-ratio\"><span aria-hidden=\"true\" class=\"wp-block-cover__background has-black-background-color has-background-dim\"><\/span><img decoding=\"async\" width=\"1920\" height=\"434\" src=\"https:\/\/groupedelmar.fr\/wp-content\/uploads\/2024\/11\/campings-residence-bord-de-plage.webp\" class=\"wp-block-cover__image-background not-transparent wp-post-image\" alt=\"campings residence bord de plage\" data-object-fit=\"cover\" srcset=\"https:\/\/groupedelmar.fr\/wp-content\/uploads\/2024\/11\/campings-residence-bord-de-plage.webp 1920w, https:\/\/groupedelmar.fr\/wp-content\/uploads\/2024\/11\/campings-residence-bord-de-plage-300x68.webp 300w, https:\/\/groupedelmar.fr\/wp-content\/uploads\/2024\/11\/campings-residence-bord-de-plage-1024x231.webp 1024w, https:\/\/groupedelmar.fr\/wp-content\/uploads\/2024\/11\/campings-residence-bord-de-plage-768x174.webp 768w, https:\/\/groupedelmar.fr\/wp-content\/uploads\/2024\/11\/campings-residence-bord-de-plage-1536x347.webp 1536w\" sizes=\"(max-width: 1920px) 100vw, 1920px\" data-has-transparency=\"false\" data-dominant-color=\"6a95a4\" style=\"--dominant-color: #6a95a4;\" \/><div class=\"wp-block-cover__inner-container has-global-padding is-layout-constrained wp-block-cover-is-layout-constrained\">\n\n\n\n<p style=\"font-weight:700;text-transform:uppercase;\" class=\"wp-elements-07611e8410ba885a13be86d25add2159 wp-block-gt-gt-fse-maillage-titre has-text-color has-base-color has-large-font-size has-sogo-font-family\">\n    Uw vakantie in het paradijs op de campings in de buurt van de stranden van de Pyrenee\u00ebn-Orientales<\/p>\n\n<\/div><\/div>\n<\/div>\n\t\t\t\t\t\t\t<\/div>\n\t\t\t\t\t\t\t\t<\/div><\/div>\n\n\n\n<div style=\"height:6rem\" aria-hidden=\"true\" class=\"wp-block-spacer\"><\/div>\n<\/div>\n","protected":false},"excerpt":{"rendered":"<p>Ontdek onze aquatische ruimtes Ontspanning en opwindingin ons waterpark met Californischzwembad en waterglijbanen Ontdek de ontspanning en unieke sensaties van ons waterpark op Camping Del Mar in Argel\u00e8s-sur-Mer. Profiteer van ons Californische zwembad en onze glijbanen voor leuke momenten met familie en vrienden. Onze camping is ideaal gelegen dicht bij de stranden en biedt de [&hellip;]<\/p>\n","protected":false},"author":1,"featured_media":3774,"parent":0,"menu_order":0,"comment_status":"closed","ping_status":"closed","template":"","meta":{"_acf_changed":false,"_seopress_robots_primary_cat":"","_seopress_titles_title":"Campings met zwembad en wellness in Argel\u00e8s-sur-Mer","_seopress_titles_desc":"Dompel jezelf onder in een wereld van ontspanning: een zwemparadijs, zwembaden en een wellness chalet wachten op je op de camping van Argel\u00e8s-sur-Mer in de Pyr\u00e9n\u00e9es-Orientales.","_seopress_robots_index":"","_gt_ctv_global_id":"","_gt_ctv_id_group":false,"inline_featured_image":false,"gt_fse_maillage_image":"https:\/\/groupedelmar.fr\/wp-content\/uploads\/2024\/11\/piscine-groupe-del-mar.webp","gt_fse_maillage_titre":"Een zwemparadijs en zwembad ontworpen voor uw welzijn in de Pyr\u00e9n\u00e9es-Orientales","gt_fse_maillage_resume":"","_gt_maillage_image":0,"_gt_maillage_video":0,"_gt_maillage_title":"","footnotes":""},"categories":[],"tags":[],"class_list":["post-3765","page","type-page","status-publish","has-post-thumbnail","hentry"],"acf":[],"_links":{"self":[{"href":"https:\/\/groupedelmar.fr\/nl\/wp-json\/wp\/v2\/pages\/3765","targetHints":{"allow":["GET"]}}],"collection":[{"href":"https:\/\/groupedelmar.fr\/nl\/wp-json\/wp\/v2\/pages"}],"about":[{"href":"https:\/\/groupedelmar.fr\/nl\/wp-json\/wp\/v2\/types\/page"}],"author":[{"embeddable":true,"href":"https:\/\/groupedelmar.fr\/nl\/wp-json\/wp\/v2\/users\/1"}],"replies":[{"embeddable":true,"href":"https:\/\/groupedelmar.fr\/nl\/wp-json\/wp\/v2\/comments?post=3765"}],"version-history":[{"count":5,"href":"https:\/\/groupedelmar.fr\/nl\/wp-json\/wp\/v2\/pages\/3765\/revisions"}],"predecessor-version":[{"id":3928,"href":"https:\/\/groupedelmar.fr\/nl\/wp-json\/wp\/v2\/pages\/3765\/revisions\/3928"}],"wp:featuredmedia":[{"embeddable":true,"href":"https:\/\/groupedelmar.fr\/nl\/wp-json\/wp\/v2\/media\/3774"}],"wp:attachment":[{"href":"https:\/\/groupedelmar.fr\/nl\/wp-json\/wp\/v2\/media?parent=3765"}],"wp:term":[{"taxonomy":"category","embeddable":true,"href":"https:\/\/groupedelmar.fr\/nl\/wp-json\/wp\/v2\/categories?post=3765"},{"taxonomy":"post_tag","embeddable":true,"href":"https:\/\/groupedelmar.fr\/nl\/wp-json\/wp\/v2\/tags?post=3765"}],"curies":[{"name":"wp","href":"https:\/\/api.w.org\/{rel}","templated":true}]}}