{"id":3699,"date":"2024-08-13T10:52:52","date_gmt":"2024-08-13T08:52:52","guid":{"rendered":"https:\/\/groupedelmar.fr\/ontdek-de-pyrenees-orientales\/"},"modified":"2025-01-15T15:22:46","modified_gmt":"2025-01-15T14:22:46","slug":"toerisme-pyrenees-orientales","status":"publish","type":"page","link":"https:\/\/groupedelmar.fr\/nl\/toerisme-pyrenees-orientales\/","title":{"rendered":"De Pyr\u00e9n\u00e9es-Orientales, een regio om te ontdekken"},"content":{"rendered":"\n<div class=\"wp-block-group alignfull gt-reveal has-global-padding is-layout-constrained wp-container-core-group-is-layout-10 wp-block-group-is-layout-constrained\">\n<div style=\"height:6rem\" aria-hidden=\"true\" class=\"wp-block-spacer\"><\/div>\n\n\n\n<div class=\"wp-block-group alignfull animated fadeIn slower is-layout-flow wp-block-group-is-layout-flow\" style=\"margin-top:0;margin-bottom:-33px;padding-right:0;padding-left:0\">\n<p class=\"has-text-align-center gt-sliding-text has-contrast-3-color has-text-color has-link-color has-sogo-font-family wp-elements-fc4aa592ed57078b94532f1afc031a7c\" style=\"margin-top:0;margin-right:-33px;margin-bottom:0;margin-left:-33px;font-size:4.5vw;font-style:normal;font-weight:300;line-height:1;text-transform:uppercase\">Ontdek onze vestigingen<\/p>\n<\/div>\n\n\n\n<div style=\"height:3rem\" aria-hidden=\"true\" class=\"wp-block-spacer\"><\/div>\n\n\n\n<div data-swiper=\"{&quot;speed&quot;:400,&quot;spaceBetween&quot;:16,&quot;slidesPerView&quot;:3,&quot;createElements&quot;:true,&quot;loop&quot;:true,&quot;freemode&quot;:true,&quot;navigation&quot;:{&quot;nextEl&quot;:&quot;buttonNext&quot;,&quot;prevEl&quot;:&quot;buttonPrev&quot;},&quot;pagination&quot;:{&quot;el&quot;:&quot;.swiper-pagination&quot;,&quot;dynamicBullets&quot;:true},&quot;breakpoints&quot;:{&quot;0&quot;:{&quot;slidesPerView&quot;:1},&quot;380&quot;:{&quot;slidesPerView&quot;:2},&quot;1024&quot;:{&quot;slidesPerView&quot;:3}},&quot;autoplay&quot;:{&quot;delay&quot;:2000}}\" class=\"wp-block-group alignfull gt-logos-camping gt-is-slider gt-is-slider-mobile is-content-justification-center is-nowrap is-layout-flex wp-container-core-group-is-layout-5 wp-block-group-is-layout-flex\" style=\"margin-top:0;margin-bottom:0;padding-top:var(--wp--preset--spacing--30);padding-bottom:var(--wp--preset--spacing--30)\">\n<div class=\"wp-block-group gt-camping-logo gt-reveal-down is-vertical is-layout-flex wp-container-core-group-is-layout-2 wp-block-group-is-layout-flex\">\n<figure class=\"wp-block-image size-full is-resized wp-duotone-132f44-132f44-1\"><a href=\"https:\/\/camping-del-mar.com\/nl\/\" target=\"_blank\" rel=\"noreferrer noopener\"><img data-dominant-color=\"d2cbb0\" data-has-transparency=\"true\" decoding=\"async\" width=\"158\" height=\"160\" src=\"https:\/\/groupedelmar.fr\/wp-content\/uploads\/2024\/08\/village-delmar.png\" alt=\"dorp delmar\" class=\"wp-image-124 has-transparency\" style=\"--dominant-color: #d2cbb0; object-fit:contain;width:160px;height:160px\"\/><\/a><\/figure>\n<\/div>\n\n\n\n<div class=\"wp-block-group gt-camping-logo gt-reveal-down is-vertical is-layout-flex wp-container-core-group-is-layout-3 wp-block-group-is-layout-flex\" data-scrolltrigger-start=\"top 80%\">\n<figure class=\"wp-block-image size-full is-resized wp-duotone-174c4f-174c4f-2\"><a href=\"https:\/\/campingclosduthym.com\/nl\/\" target=\"_blank\" rel=\"noreferrer noopener\"><img data-dominant-color=\"e6e0cc\" data-has-transparency=\"true\" decoding=\"async\" width=\"295\" height=\"85\" src=\"https:\/\/groupedelmar.fr\/wp-content\/uploads\/2024\/08\/clos-du-thym.png\" alt=\"clos du thym\" class=\"wp-image-126 has-transparency\" style=\"--dominant-color: #e6e0cc; object-fit:contain;width:285px;height:85px\"\/><\/a><\/figure>\n<\/div>\n\n\n\n<div class=\"wp-block-group gt-camping-logo gt-reveal-down is-vertical is-layout-flex wp-container-core-group-is-layout-4 wp-block-group-is-layout-flex\" data-scrolltrigger-start=\"top 70%\">\n<figure class=\"wp-block-image size-full is-resized wp-duotone-a54122-a54122-3\"><a href=\"https:\/\/residence-argeles-sur-mer.com\/nl\/\" target=\"_blank\" rel=\"noreferrer noopener\"><img data-dominant-color=\"e6e0cc\" data-has-transparency=\"true\" decoding=\"async\" width=\"125\" height=\"163\" src=\"https:\/\/groupedelmar.fr\/wp-content\/uploads\/2024\/08\/antinea-1.png\" alt=\"antinea\" class=\"wp-image-136 has-transparency\" style=\"--dominant-color: #e6e0cc; object-fit:contain;width:154px;height:154px\"\/><\/a><\/figure>\n<\/div>\n<\/div>\n\n\n\n<div style=\"height:var(--wp--preset--spacing--50)\" aria-hidden=\"true\" class=\"wp-block-spacer\"><\/div>\n\n\n\n<div class=\"wp-block-group alignwide gt-break-mobile is-nowrap is-layout-flex wp-container-core-group-is-layout-9 wp-block-group-is-layout-flex\" id=\"sites-incontournables\">\n<div class=\"wp-block-group has-global-padding is-layout-constrained wp-block-group-is-layout-constrained\">\n<div class=\"wp-block-group is-layout-flow wp-block-group-is-layout-flow\" style=\"padding-right:var(--wp--preset--spacing--30);padding-left:var(--wp--preset--spacing--30)\">\n<div style=\"height:10rem\" aria-hidden=\"true\" class=\"wp-block-spacer gt-hide-mobile\"><\/div>\n\n\n\n<figure class=\"wp-block-image aligncenter size-full gt-reveal-down\"><img data-dominant-color=\"b15526\" data-has-transparency=\"true\" style=\"--dominant-color: #b15526;\" decoding=\"async\" width=\"43\" height=\"21\" src=\"https:\/\/groupedelmar.fr\/wp-content\/uploads\/2024\/08\/separator.png\" alt=\"scheider\" class=\"wp-image-150 has-transparency\"\/><\/figure>\n\n\n\n<p class=\"has-text-align-center gt-reveal-down has-medium-font-size\">Dankzij de uitzonderlijke ligging van de etablissementen van <a href=\"https:\/\/groupedelmar.fr\/nl\/\">de Del Mar Village Group in Argel\u00e8s-sur-Mer<\/a> kun je optimaal genieten van je verblijf in de Pyrenee\u00ebn-Ori\u00ebntaal, een regio die <strong>je moet beleven&#8230; en ontdekken<\/strong>!<\/p>\n\n\n<h2 class=\"wp-block-heading has-text-align-center gt-reveal-down has-accent-color has-text-color has-link-color wp-elements-1a8f08b884a038efa6db55a1a6bf548c\" id=\"onze-selectievan-must-see-sites\">Onze selectie<br>van must-see sites<\/h2>\n\n<h3 class=\"wp-block-heading has-text-align-center gt-reveal-down has-accent-color has-text-color has-link-color wp-elements-a821637ad57ff010c663d3dbee335ca6\" id=\"steden-en-dorpen-om-te-bezoeken\">Steden en dorpen om te bezoeken<\/h3>\n\n\n<p class=\"has-text-align-center gt-reveal-down has-medium-font-size\">Naast <strong>Collioure<\/strong>, <strong>Port-Vendres<\/strong> en <strong>Banyuls-sur-Mer<\/strong> zijn er in de Pyr\u00e9n\u00e9es-Orientales nog veel meer<strong> schatten te ontdekken<\/strong>. Hier zijn een paar van de <strong>mooiste dorpen en bezienswaardigheden die<\/strong> je tijdens je verblijf moet bezoeken: <\/p>\n\n\n\n<div style=\"height:2rem\" aria-hidden=\"true\" class=\"wp-block-spacer is-style-gt-hide-mobile\"><\/div>\n<\/div>\n<\/div>\n\n\n\n<div class=\"wp-block-group wp-container-content-1 is-layout-flow wp-block-group-is-layout-flow\">\n<figure class=\"wp-block-image size-full gt-reveal\"><img data-dominant-color=\"5c787f\" data-has-transparency=\"false\" style=\"--dominant-color: #5c787f;\" decoding=\"async\" width=\"640\" height=\"961\" src=\"https:\/\/groupedelmar.fr\/wp-content\/uploads\/2024\/11\/notre-selection-de-sites-incontournables.webp\" alt=\"onze selectie van must-see sites\" class=\"wp-image-2292 not-transparent\" srcset=\"https:\/\/groupedelmar.fr\/wp-content\/uploads\/2024\/11\/notre-selection-de-sites-incontournables.webp 640w, https:\/\/groupedelmar.fr\/wp-content\/uploads\/2024\/11\/notre-selection-de-sites-incontournables-200x300.webp 200w\" sizes=\"(max-width: 640px) 100vw, 640px\" \/><\/figure>\n<\/div>\n<\/div>\n<\/div>\n\n<div class=\"wp-block-group alignfull is-layout-flow wp-block-group-is-layout-flow\" style=\"padding-right:var(--wp--preset--spacing--20);padding-left:var(--wp--preset--spacing--20)\">\n<div style=\"height:6rem\" aria-hidden=\"true\" class=\"wp-block-spacer\"><\/div>\n\n\n\n<div class=\"wp-block-group alignwide animated fadeIn slower is-layout-flow wp-block-group-is-layout-flow\" style=\"margin-top:0;padding-right:0;padding-left:0\">\n<p class=\"gt-sliding-text has-contrast-3-color has-text-color has-link-color has-sogo-font-family wp-elements-5b43db1ea2c294571996c65ef16eb934\" style=\"margin-top:0;margin-right:0;margin-bottom:0;margin-left:0;font-size:7vw;font-style:normal;font-weight:300;line-height:1;text-transform:uppercase\">Pyr\u00e9n\u00e9es-Orientales<\/p>\n<\/div>\n\n\n\n<figure class=\"wp-block-gallery alignfull has-nested-images columns-3 is-cropped wp-block-gallery-4 is-layout-flex wp-block-gallery-is-layout-flex\">\n<figure data-wp-context=\"{&quot;imageId&quot;:&quot;69f0bc8287071&quot;}\" data-wp-interactive=\"core\/image\" class=\"wp-block-image size-full gt-reveal wp-lightbox-container\"><img data-dominant-color=\"948663\" data-has-transparency=\"false\" style=\"--dominant-color: #948663;\" decoding=\"async\" width=\"606\" height=\"960\" data-wp-class--hide=\"state.isContentHidden\" data-wp-class--show=\"state.isContentVisible\" data-wp-init=\"callbacks.setButtonStyles\" data-wp-on-async--click=\"actions.showLightbox\" data-wp-on-async--load=\"callbacks.setButtonStyles\" data-wp-on-async-window--resize=\"callbacks.setButtonStyles\" src=\"https:\/\/groupedelmar.fr\/wp-content\/uploads\/2024\/11\/ruelle-port-vendres.webp\" alt=\"ruelle haven vendres\" class=\"wp-image-2303 not-transparent\" srcset=\"https:\/\/groupedelmar.fr\/wp-content\/uploads\/2024\/11\/ruelle-port-vendres.webp 606w, https:\/\/groupedelmar.fr\/wp-content\/uploads\/2024\/11\/ruelle-port-vendres-189x300.webp 189w\" sizes=\"(max-width: 606px) 100vw, 606px\" \/><button\n\t\t\tclass=\"lightbox-trigger\"\n\t\t\ttype=\"button\"\n\t\t\taria-haspopup=\"dialog\"\n\t\t\taria-label=\"Vergroot afbeelding: ruelle haven vendres\"\n\t\t\tdata-wp-init=\"callbacks.initTriggerButton\"\n\t\t\tdata-wp-on-async--click=\"actions.showLightbox\"\n\t\t\tdata-wp-style--right=\"state.imageButtonRight\"\n\t\t\tdata-wp-style--top=\"state.imageButtonTop\"\n\t\t>\n\t\t\t<svg xmlns=\"http:\/\/www.w3.org\/2000\/svg\" width=\"12\" height=\"12\" fill=\"none\" viewBox=\"0 0 12 12\">\n\t\t\t\t<path fill=\"#fff\" d=\"M2 0a2 2 0 0 0-2 2v2h1.5V2a.5.5 0 0 1 .5-.5h2V0H2Zm2 10.5H2a.5.5 0 0 1-.5-.5V8H0v2a2 2 0 0 0 2 2h2v-1.5ZM8 12v-1.5h2a.5.5 0 0 0 .5-.5V8H12v2a2 2 0 0 1-2 2H8Zm2-12a2 2 0 0 1 2 2v2h-1.5V2a.5.5 0 0 0-.5-.5H8V0h2Z\" \/>\n\t\t\t<\/svg>\n\t\t<\/button><\/figure>\n\n\n\n<figure data-wp-context=\"{&quot;imageId&quot;:&quot;69f0bc8287964&quot;}\" data-wp-interactive=\"core\/image\" class=\"wp-block-image size-full gt-reveal-down wp-lightbox-container\"><img data-dominant-color=\"6f7a8b\" data-has-transparency=\"false\" style=\"--dominant-color: #6f7a8b;\" decoding=\"async\" width=\"606\" height=\"960\" data-wp-class--hide=\"state.isContentHidden\" data-wp-class--show=\"state.isContentVisible\" data-wp-init=\"callbacks.setButtonStyles\" data-wp-on-async--click=\"actions.showLightbox\" data-wp-on-async--load=\"callbacks.setButtonStyles\" data-wp-on-async-window--resize=\"callbacks.setButtonStyles\" src=\"https:\/\/groupedelmar.fr\/wp-content\/uploads\/2024\/11\/prades.webp\" alt=\"prades\" class=\"wp-image-2305 not-transparent\" srcset=\"https:\/\/groupedelmar.fr\/wp-content\/uploads\/2024\/11\/prades.webp 606w, https:\/\/groupedelmar.fr\/wp-content\/uploads\/2024\/11\/prades-189x300.webp 189w\" sizes=\"(max-width: 606px) 100vw, 606px\" \/><button\n\t\t\tclass=\"lightbox-trigger\"\n\t\t\ttype=\"button\"\n\t\t\taria-haspopup=\"dialog\"\n\t\t\taria-label=\"Vergroot afbeelding: prades\"\n\t\t\tdata-wp-init=\"callbacks.initTriggerButton\"\n\t\t\tdata-wp-on-async--click=\"actions.showLightbox\"\n\t\t\tdata-wp-style--right=\"state.imageButtonRight\"\n\t\t\tdata-wp-style--top=\"state.imageButtonTop\"\n\t\t>\n\t\t\t<svg xmlns=\"http:\/\/www.w3.org\/2000\/svg\" width=\"12\" height=\"12\" fill=\"none\" viewBox=\"0 0 12 12\">\n\t\t\t\t<path fill=\"#fff\" d=\"M2 0a2 2 0 0 0-2 2v2h1.5V2a.5.5 0 0 1 .5-.5h2V0H2Zm2 10.5H2a.5.5 0 0 1-.5-.5V8H0v2a2 2 0 0 0 2 2h2v-1.5ZM8 12v-1.5h2a.5.5 0 0 0 .5-.5V8H12v2a2 2 0 0 1-2 2H8Zm2-12a2 2 0 0 1 2 2v2h-1.5V2a.5.5 0 0 0-.5-.5H8V0h2Z\" \/>\n\t\t\t<\/svg>\n\t\t<\/button><\/figure>\n\n\n\n<figure data-wp-context=\"{&quot;imageId&quot;:&quot;69f0bc8288272&quot;}\" data-wp-interactive=\"core\/image\" class=\"wp-block-image size-full gt-reveal wp-lightbox-container\"><img data-dominant-color=\"787378\" data-has-transparency=\"false\" style=\"--dominant-color: #787378;\" decoding=\"async\" width=\"606\" height=\"960\" data-wp-class--hide=\"state.isContentHidden\" data-wp-class--show=\"state.isContentVisible\" data-wp-init=\"callbacks.setButtonStyles\" data-wp-on-async--click=\"actions.showLightbox\" data-wp-on-async--load=\"callbacks.setButtonStyles\" data-wp-on-async-window--resize=\"callbacks.setButtonStyles\" src=\"https:\/\/groupedelmar.fr\/wp-content\/uploads\/2024\/11\/marche-port-vendres.webp\" alt=\"port vendres markt\" class=\"wp-image-2307 not-transparent\" srcset=\"https:\/\/groupedelmar.fr\/wp-content\/uploads\/2024\/11\/marche-port-vendres.webp 606w, https:\/\/groupedelmar.fr\/wp-content\/uploads\/2024\/11\/marche-port-vendres-189x300.webp 189w\" sizes=\"(max-width: 606px) 100vw, 606px\" \/><button\n\t\t\tclass=\"lightbox-trigger\"\n\t\t\ttype=\"button\"\n\t\t\taria-haspopup=\"dialog\"\n\t\t\taria-label=\"Vergroot afbeelding: port vendres markt\"\n\t\t\tdata-wp-init=\"callbacks.initTriggerButton\"\n\t\t\tdata-wp-on-async--click=\"actions.showLightbox\"\n\t\t\tdata-wp-style--right=\"state.imageButtonRight\"\n\t\t\tdata-wp-style--top=\"state.imageButtonTop\"\n\t\t>\n\t\t\t<svg xmlns=\"http:\/\/www.w3.org\/2000\/svg\" width=\"12\" height=\"12\" fill=\"none\" viewBox=\"0 0 12 12\">\n\t\t\t\t<path fill=\"#fff\" d=\"M2 0a2 2 0 0 0-2 2v2h1.5V2a.5.5 0 0 1 .5-.5h2V0H2Zm2 10.5H2a.5.5 0 0 1-.5-.5V8H0v2a2 2 0 0 0 2 2h2v-1.5ZM8 12v-1.5h2a.5.5 0 0 0 .5-.5V8H12v2a2 2 0 0 1-2 2H8Zm2-12a2 2 0 0 1 2 2v2h-1.5V2a.5.5 0 0 0-.5-.5H8V0h2Z\" \/>\n\t\t\t<\/svg>\n\t\t<\/button><\/figure>\n\n\n\n<figure data-wp-context=\"{&quot;imageId&quot;:&quot;69f0bc8288b26&quot;}\" data-wp-interactive=\"core\/image\" class=\"wp-block-image size-full gt-reveal wp-lightbox-container\"><img data-dominant-color=\"6c94a0\" data-has-transparency=\"false\" style=\"--dominant-color: #6c94a0;\" decoding=\"async\" width=\"918\" height=\"918\" data-wp-class--hide=\"state.isContentHidden\" data-wp-class--show=\"state.isContentVisible\" data-wp-init=\"callbacks.setButtonStyles\" data-wp-on-async--click=\"actions.showLightbox\" data-wp-on-async--load=\"callbacks.setButtonStyles\" data-wp-on-async-window--resize=\"callbacks.setButtonStyles\" src=\"https:\/\/groupedelmar.fr\/wp-content\/uploads\/2024\/11\/bateaux-port-vendres.webp\" alt=\"boten haven vendres\" class=\"wp-image-2309 not-transparent\" srcset=\"https:\/\/groupedelmar.fr\/wp-content\/uploads\/2024\/11\/bateaux-port-vendres.webp 918w, https:\/\/groupedelmar.fr\/wp-content\/uploads\/2024\/11\/bateaux-port-vendres-300x300.webp 300w, https:\/\/groupedelmar.fr\/wp-content\/uploads\/2024\/11\/bateaux-port-vendres-150x150.webp 150w, https:\/\/groupedelmar.fr\/wp-content\/uploads\/2024\/11\/bateaux-port-vendres-768x768.webp 768w, https:\/\/groupedelmar.fr\/wp-content\/uploads\/2024\/11\/bateaux-port-vendres-400x400.webp 400w, https:\/\/groupedelmar.fr\/wp-content\/uploads\/2024\/11\/bateaux-port-vendres-600x600.webp 600w\" sizes=\"(max-width: 918px) 100vw, 918px\" \/><button\n\t\t\tclass=\"lightbox-trigger\"\n\t\t\ttype=\"button\"\n\t\t\taria-haspopup=\"dialog\"\n\t\t\taria-label=\"Vergroot afbeelding: boten haven vendres\"\n\t\t\tdata-wp-init=\"callbacks.initTriggerButton\"\n\t\t\tdata-wp-on-async--click=\"actions.showLightbox\"\n\t\t\tdata-wp-style--right=\"state.imageButtonRight\"\n\t\t\tdata-wp-style--top=\"state.imageButtonTop\"\n\t\t>\n\t\t\t<svg xmlns=\"http:\/\/www.w3.org\/2000\/svg\" width=\"12\" height=\"12\" fill=\"none\" viewBox=\"0 0 12 12\">\n\t\t\t\t<path fill=\"#fff\" d=\"M2 0a2 2 0 0 0-2 2v2h1.5V2a.5.5 0 0 1 .5-.5h2V0H2Zm2 10.5H2a.5.5 0 0 1-.5-.5V8H0v2a2 2 0 0 0 2 2h2v-1.5ZM8 12v-1.5h2a.5.5 0 0 0 .5-.5V8H12v2a2 2 0 0 1-2 2H8Zm2-12a2 2 0 0 1 2 2v2h-1.5V2a.5.5 0 0 0-.5-.5H8V0h2Z\" \/>\n\t\t\t<\/svg>\n\t\t<\/button><\/figure>\n\n\n\n<figure data-wp-context=\"{&quot;imageId&quot;:&quot;69f0bc8289330&quot;}\" data-wp-interactive=\"core\/image\" class=\"wp-block-image size-full gt-reveal-down wp-lightbox-container\"><img data-dominant-color=\"677a76\" data-has-transparency=\"false\" style=\"--dominant-color: #677a76;\" decoding=\"async\" width=\"918\" height=\"918\" data-wp-class--hide=\"state.isContentHidden\" data-wp-class--show=\"state.isContentVisible\" data-wp-init=\"callbacks.setButtonStyles\" data-wp-on-async--click=\"actions.showLightbox\" data-wp-on-async--load=\"callbacks.setButtonStyles\" data-wp-on-async-window--resize=\"callbacks.setButtonStyles\" src=\"https:\/\/groupedelmar.fr\/wp-content\/uploads\/2024\/11\/petite-plage-mediterranee.webp\" alt=\"klein mediterraan strand\" class=\"wp-image-2311 not-transparent\" srcset=\"https:\/\/groupedelmar.fr\/wp-content\/uploads\/2024\/11\/petite-plage-mediterranee.webp 918w, https:\/\/groupedelmar.fr\/wp-content\/uploads\/2024\/11\/petite-plage-mediterranee-300x300.webp 300w, https:\/\/groupedelmar.fr\/wp-content\/uploads\/2024\/11\/petite-plage-mediterranee-150x150.webp 150w, https:\/\/groupedelmar.fr\/wp-content\/uploads\/2024\/11\/petite-plage-mediterranee-768x768.webp 768w, https:\/\/groupedelmar.fr\/wp-content\/uploads\/2024\/11\/petite-plage-mediterranee-400x400.webp 400w, https:\/\/groupedelmar.fr\/wp-content\/uploads\/2024\/11\/petite-plage-mediterranee-600x600.webp 600w\" sizes=\"(max-width: 918px) 100vw, 918px\" \/><button\n\t\t\tclass=\"lightbox-trigger\"\n\t\t\ttype=\"button\"\n\t\t\taria-haspopup=\"dialog\"\n\t\t\taria-label=\"Vergroot afbeelding: klein mediterraan strand\"\n\t\t\tdata-wp-init=\"callbacks.initTriggerButton\"\n\t\t\tdata-wp-on-async--click=\"actions.showLightbox\"\n\t\t\tdata-wp-style--right=\"state.imageButtonRight\"\n\t\t\tdata-wp-style--top=\"state.imageButtonTop\"\n\t\t>\n\t\t\t<svg xmlns=\"http:\/\/www.w3.org\/2000\/svg\" width=\"12\" height=\"12\" fill=\"none\" viewBox=\"0 0 12 12\">\n\t\t\t\t<path fill=\"#fff\" d=\"M2 0a2 2 0 0 0-2 2v2h1.5V2a.5.5 0 0 1 .5-.5h2V0H2Zm2 10.5H2a.5.5 0 0 1-.5-.5V8H0v2a2 2 0 0 0 2 2h2v-1.5ZM8 12v-1.5h2a.5.5 0 0 0 .5-.5V8H12v2a2 2 0 0 1-2 2H8Zm2-12a2 2 0 0 1 2 2v2h-1.5V2a.5.5 0 0 0-.5-.5H8V0h2Z\" \/>\n\t\t\t<\/svg>\n\t\t<\/button><\/figure>\n<\/figure>\n\n\n\n<div style=\"height:2rem\" aria-hidden=\"true\" class=\"wp-block-spacer\"><\/div>\n<\/div>\n\n<div class=\"wp-block-group alignfull gt-reveal has-global-padding is-layout-constrained wp-container-core-group-is-layout-18 wp-block-group-is-layout-constrained\">\n<div style=\"height:6rem\" aria-hidden=\"true\" class=\"wp-block-spacer\"><\/div>\n\n\n\n<div class=\"wp-block-group alignwide animated fadeIn slower gt-hide-mobile is-layout-flow wp-block-group-is-layout-flow\" style=\"margin-top:0;margin-bottom:-33px;padding-right:0;padding-left:0\">\n<p class=\"gt-sliding-text has-contrast-3-color has-text-color has-link-color has-sogo-font-family wp-elements-a3726cd123082a8b67171617da5c63b7\" style=\"margin-top:0;margin-right:0;margin-bottom:0;margin-left:0;font-size:7vw;font-style:normal;font-weight:300;line-height:1;text-transform:uppercase\">NIET TE MISSEN<\/p>\n<\/div>\n\n\n\n<div class=\"wp-block-group alignwide gt-break-mobile is-nowrap is-layout-flex wp-container-core-group-is-layout-17 wp-block-group-is-layout-flex\">\n<div class=\"wp-block-group wp-container-content-2 is-layout-flow wp-block-group-is-layout-flow\">\n<figure class=\"wp-block-image size-full gt-reveal\"><img data-dominant-color=\"5f7676\" data-has-transparency=\"false\" style=\"--dominant-color: #5f7676;\" decoding=\"async\" width=\"640\" height=\"960\" src=\"https:\/\/groupedelmar.fr\/wp-content\/uploads\/2024\/11\/villes-et-villages.webp\" alt=\"steden en dorpen\" class=\"wp-image-2944 not-transparent\" srcset=\"https:\/\/groupedelmar.fr\/wp-content\/uploads\/2024\/11\/villes-et-villages.webp 640w, https:\/\/groupedelmar.fr\/wp-content\/uploads\/2024\/11\/villes-et-villages-200x300.webp 200w\" sizes=\"(max-width: 640px) 100vw, 640px\" \/><\/figure>\n<\/div>\n\n\n\n<div class=\"wp-block-group has-global-padding is-layout-constrained wp-block-group-is-layout-constrained\">\n<div class=\"wp-block-group is-layout-flow wp-block-group-is-layout-flow\" style=\"padding-right:var(--wp--preset--spacing--30);padding-left:var(--wp--preset--spacing--30)\">\n<div style=\"height:10rem\" aria-hidden=\"true\" class=\"wp-block-spacer gt-hide-mobile\"><\/div>\n\n\n\n<figure class=\"wp-block-image aligncenter size-full gt-reveal-down\"><img data-dominant-color=\"b15526\" data-has-transparency=\"true\" style=\"--dominant-color: #b15526;\" decoding=\"async\" width=\"43\" height=\"21\" src=\"https:\/\/groupedelmar.fr\/wp-content\/uploads\/2024\/08\/separator.png\" alt=\"scheider\" class=\"wp-image-150 has-transparency\"\/><\/figure>\n\n\n\n<p class=\"has-text-align-center gt-reveal-down has-medium-font-size\"><strong>Banyuls-sur-Mer<\/strong>: <a href=\"https:\/\/www.banyuls-sur-mer.com\/\" target=\"_blank\" rel=\"noreferrer noopener\">Banyuls-sur-Mer<\/a>, genesteld aan de voet van een terrasvormige wijngaard, is een <strong>charmante badplaats<\/strong>. De stad staat bekend als de geboorteplaats van Aristide Maillol, maar trekt ook bezoekers vanwege de met palmbomen omzoomde <strong>jachthaven<\/strong> en de vele gezinsactiviteiten. U kunt een bezoek brengen aan de <strong>wijnkelders<\/strong>, het <strong>mariene natuurreservaat Cerb\u00e8re-Banyuls<\/strong>, het <a href=\"https:\/\/museemaillol.com\/\" target=\"_blank\" rel=\"noreferrer noopener\">museum van de beroemde beeldhouwer van Banyuls<\/a> en de winkels en caf\u00e9s aan zee.  <\/p>\n\n\n\n<p class=\"has-text-align-center gt-reveal-down has-medium-font-size\"><a href=\"https:\/\/www.tourisme-pyrenees-mediterranee.com\/explorer\/les-villages-incontournables-en-pyrenees-mediterranee\/port-vendres\/\" target=\"_blank\" rel=\"noreferrer noopener\">Port-Vendres<\/a>: op 3 km van Collioure heeft dit prachtige dorp zijn <strong>Catalaanse erfgoed<\/strong> behouden. <strong>De wijngaarden die zo ver het oog reikt<\/strong>, <strong>de zanderige baaien<\/strong> en <strong>de<\/strong> vele <strong>wandelpaden<\/strong> geven het een bijzondere magie. De aankomst van de vissersboten en het lossen van de vis voor de <strong>veiling<\/strong> zijn de dagelijkse ritmes van het dorp.  <\/p>\n\n\n    <div id=\"gt-fse-lire-plus-69f0bc828a20f\" class=\"gt-fse-lire-plus\" data-min-height=\"130\" style=\"background-color: #fff;\">\n        <input id=\"gt-fse-lire-plus-69f0bc828a20f-toggle\" type=\"checkbox\" class=\"gt-fse-lire-plus__toggle\" \/>\n        <label for=\"gt-fse-lire-plus-69f0bc828a20f-toggle\" class=\"gt-fse-lire-plus__toggle-label\">\n            <span>Lire plus<\/span>\n            <span>Lire moins<\/span>\n        <\/label>\n        <div class=\"gt-fse-lire-plus__content\" style=\"height: 130px;\">\n            \n\n<p class=\"has-text-align-center gt-reveal-down has-medium-font-size\"><strong>Cerb\u00e8re<\/strong>: een authentiek Catalaans stadje, <a href=\"https:\/\/www.tourisme-pyreneesorientales.com\/cerbere\" target=\"_blank\" rel=\"noreferrer noopener\">Cerb\u00e8re<\/a> is <strong>een van de mooiste dorpen rond Collioure<\/strong>. Het unieke <strong>architecturale erfgoed<\/strong> en <strong>de ongerepte omgeving<\/strong> maken het een geweldige plek om te verkennen. Bezoek het <strong>internationale treinstation<\/strong> en <strong>Art Deco gebouwen<\/strong> zoals de <strong>vuurtoren van Cap Cerb\u00e8re<\/strong> en het <strong>Hotel du Belv\u00e9d\u00e8re du Rayon Vert<\/strong>. Wandelliefhebbers zullen ook dol zijn op de <strong>wijngaarden van Cerb\u00e8re<\/strong> en het <strong>natuurlijke zeereservaat<\/strong>, waar baarzen leven en dat favoriet is bij <strong>duikers<\/strong>.   <\/p>\n\n\n\n<p class=\"has-text-align-center gt-reveal-down has-medium-font-size\">Verken naast deze dorpen ook de <strong>orgels van Ille-sur-T\u00eat<\/strong>, het <strong>gele treintje<\/strong>, Les <strong>Bouillouses<\/strong>, de <strong>abdij van Saint-Martin du Canig\u00f3<\/strong>, en ontdek de verborgen schatten van <strong>Prades<\/strong> en <strong>Villefranche-de-Conflent<\/strong> en nog veel meer&#8230;.<\/p>\n\n            <div class=\"gt-fse-lire-plus__gradient\" style=\"background: linear-gradient(to bottom,rgba(255,255,255,0) 0%,rgba(255,255,255,1) 100%);\"><\/div>\n        <\/div>\n    <\/div>\n    \n\n\n<div style=\"height:2rem\" aria-hidden=\"true\" class=\"wp-block-spacer is-style-gt-hide-mobile\"><\/div>\n<\/div>\n<\/div>\n<\/div>\n<\/div>\n\n<div class=\"wp-block-group alignfull gt-reveal is-nowrap is-layout-flex wp-container-core-group-is-layout-21 wp-block-group-is-layout-flex\">\n<div class=\"wp-block-cover gt-hide-mobile wp-container-content-3\" style=\"min-height:100vh;aspect-ratio:unset;aspect-ratio:unset;\"><img data-dominant-color=\"859693\" data-has-transparency=\"false\" style=\"--dominant-color: #859693;\" decoding=\"async\" width=\"381\" height=\"1065\" class=\"wp-block-cover__image-background wp-image-2297 not-transparent\" alt=\"les visites culturelles\" src=\"https:\/\/groupedelmar.fr\/wp-content\/uploads\/2024\/11\/les-visites-culturelles.webp\" data-object-fit=\"cover\" srcset=\"https:\/\/groupedelmar.fr\/wp-content\/uploads\/2024\/11\/les-visites-culturelles.webp 381w, https:\/\/groupedelmar.fr\/wp-content\/uploads\/2024\/11\/les-visites-culturelles-107x300.webp 107w, https:\/\/groupedelmar.fr\/wp-content\/uploads\/2024\/11\/les-visites-culturelles-366x1024.webp 366w\" sizes=\"(max-width: 381px) 100vw, 381px\" \/><span aria-hidden=\"true\" class=\"wp-block-cover__background has-background-dim-20 has-background-dim\"><\/span><div class=\"wp-block-cover__inner-container has-global-padding is-layout-constrained wp-block-cover-is-layout-constrained\">\n<p class=\"has-text-align-center has-large-font-size\"><\/p>\n<\/div><\/div>\n\n\n\n<div class=\"wp-block-cover has-custom-content-position is-position-top-center wp-container-content-4\" style=\"padding-top:0;padding-bottom:0;min-height:100vh;aspect-ratio:unset;aspect-ratio:unset;\"><img data-dominant-color=\"58838d\" data-has-transparency=\"false\" style=\"--dominant-color: #58838d;\" decoding=\"async\" width=\"1514\" height=\"1065\" class=\"wp-block-cover__image-background wp-image-2299 not-transparent\" alt=\"massif du canigou\" src=\"https:\/\/groupedelmar.fr\/wp-content\/uploads\/2024\/11\/massif-du-canigou.webp\" data-object-fit=\"cover\" srcset=\"https:\/\/groupedelmar.fr\/wp-content\/uploads\/2024\/11\/massif-du-canigou.webp 1514w, https:\/\/groupedelmar.fr\/wp-content\/uploads\/2024\/11\/massif-du-canigou-300x211.webp 300w, https:\/\/groupedelmar.fr\/wp-content\/uploads\/2024\/11\/massif-du-canigou-1024x720.webp 1024w, https:\/\/groupedelmar.fr\/wp-content\/uploads\/2024\/11\/massif-du-canigou-768x540.webp 768w\" sizes=\"(max-width: 1514px) 100vw, 1514px\" \/><span aria-hidden=\"true\" class=\"wp-block-cover__background has-background-dim-30 has-background-dim\"><\/span><div class=\"wp-block-cover__inner-container has-global-padding is-layout-constrained wp-container-core-cover-is-layout-2 wp-block-cover-is-layout-constrained\">\n<div class=\"wp-block-group gt-reveal-down has-global-padding is-layout-constrained wp-container-core-group-is-layout-20 wp-block-group-is-layout-constrained\">\n<div class=\"wp-block-group has-contrast-3-background-color has-background is-layout-flow wp-block-group-is-layout-flow\" style=\"min-height:12rem\"><\/div>\n<\/div>\n\n\n\n<figure class=\"wp-block-image aligncenter size-full gt-reveal-down wp-duotone-e5e0ce-ffffff-5\"><img data-dominant-color=\"b15526\" data-has-transparency=\"true\" style=\"--dominant-color: #b15526;\" decoding=\"async\" width=\"43\" height=\"21\" src=\"https:\/\/groupedelmar.fr\/wp-content\/uploads\/2024\/08\/separator.png\" alt=\"scheider\" class=\"wp-image-150 has-transparency\"\/><\/figure>\n\n\n\n<div style=\"height:1rem\" aria-hidden=\"true\" class=\"wp-block-spacer\"><\/div>\n\n\n<h3 class=\"wp-block-heading has-text-align-center has-base-color has-text-color has-link-color has-large-font-size wp-elements-d5491d5d67dda1b8a4fd82909f537db2\" id=\"culturele-bezoeken\">Culturele bezoeken<\/h3>\n\n\n<p class=\"has-text-align-center has-base-color has-text-color has-link-color has-medium-font-size wp-elements-915e0f2b28dbfbc6dece2f13369c19fb\">De Pyr\u00e9n\u00e9es-Orientales zit vol met <strong>culturele schatten om te ontdekken<\/strong>. Hier zijn een paar van de plekken die je zeker moet bezoeken tijdens je verblijf: <\/p>\n\n\n\n<p class=\"has-text-align-center has-base-color has-text-color has-link-color has-medium-font-size wp-elements-b059c2c6ca6ebadbeceedad516b980ec\"><strong>Collioure<\/strong>: dit charmante kustplaatsje staat bekend om zijn kleurrijke smalle straatjes, zijn <strong>koninklijke kasteel<\/strong> en zijn <strong>artistieke geschiedenis<\/strong> die verbonden is met schilders als <strong>Matisse en Derain<\/strong>.<\/p>\n\n\n\n<p class=\"has-text-align-center has-base-color has-text-color has-link-color has-medium-font-size wp-elements-8d0d9d5e54a0baf77e623e886cdd248e\"><a href=\"https:\/\/www.tourisme-pyreneesorientales.com\/le-train-jaune-0\" target=\"_blank\" rel=\"noreferrer noopener\">De gele trein<\/a>: stap aan boord van deze <strong>pittoreske trein<\/strong> die door de bergen slingert en <strong>een spectaculair uitzicht biedt <\/strong>op het Pyrenee\u00ebnlandschap.<\/p>\n\n\n\n<p class=\"has-text-align-center has-base-color has-text-color has-link-color has-medium-font-size wp-elements-6e84bdc0481c169c2df22adb06ea2281\"><strong>Canig\u00f3 Grand Site<\/strong>: verken het Canigou-massief, een uitzonderlijk wandelgebied met adembenemende panorama&#8217;s.<\/p>\n\n\n\n<div style=\"height:var(--wp--preset--spacing--40)\" aria-hidden=\"true\" class=\"wp-block-spacer\"><\/div>\n<\/div><\/div>\n<\/div>\n\n<div class=\"wp-block-group alignfull gt-break-mobile is-content-justification-right is-nowrap is-layout-flex wp-container-core-group-is-layout-27 wp-block-group-is-layout-flex\">\n<div class=\"wp-block-group alignwide gt-absolute-text gt-hide-mobile wp-container-content-5 is-content-justification-right is-nowrap is-layout-flex wp-container-core-group-is-layout-22 wp-block-group-is-layout-flex\" style=\"margin-top:0;padding-right:0;padding-left:0\">\n<p class=\"gt-sliding-text-y has-contrast-3-color has-text-color has-link-color has-sogo-font-family wp-elements-979a7d3d9224f50a1c4953ce243823c5\" style=\"margin-top:0;margin-right:0;margin-bottom:0;margin-left:0;font-size:7vw;font-style:normal;font-weight:300;line-height:1;text-transform:uppercase\">Bezoek<\/p>\n<\/div>\n\n\n\n<div class=\"wp-block-group has-accent-2-background-color has-background wp-container-content-6 is-layout-flow wp-block-group-is-layout-flow\">\n<div class=\"wp-block-group is-layout-flow wp-block-group-is-layout-flow\" style=\"padding-top:0;padding-right:var(--wp--preset--spacing--60);padding-bottom:var(--wp--preset--spacing--30);padding-left:var(--wp--preset--spacing--60)\">\n<div class=\"wp-block-group gt-reveal-down has-global-padding is-layout-constrained wp-container-core-group-is-layout-24 wp-block-group-is-layout-constrained\" style=\"margin-top:-3rem\">\n<div class=\"wp-block-group has-contrast-3-background-color has-background is-layout-flow wp-block-group-is-layout-flow\" style=\"min-height:6rem\"><\/div>\n<\/div>\n\n\n\n<figure class=\"wp-block-image aligncenter size-full gt-reveal-down wp-duotone-a55a32-a55a32-6\"><img data-dominant-color=\"b15526\" data-has-transparency=\"true\" style=\"--dominant-color: #b15526;\" decoding=\"async\" width=\"43\" height=\"21\" src=\"https:\/\/groupedelmar.fr\/wp-content\/uploads\/2024\/08\/separator.png\" alt=\"scheider\" class=\"wp-image-150 has-transparency\"\/><\/figure>\n\n\n\n<p class=\"has-text-align-center gt-reveal-down has-medium-font-size\"><a href=\"https:\/\/www.tourisme-pyreneesorientales.com\/site-classe-des-bouillouses\" target=\"_blank\" rel=\"noreferrer noopener\">De geklasseerde site Les Bouillouses<\/a>: maak een wandeling rond dit <strong>bergmeer<\/strong>, omgeven door <strong>een prachtig Alpenlandschap<\/strong>.<\/p>\n\n\n\n<p class=\"has-text-align-center gt-reveal-down has-medium-font-size\"><a href=\"https:\/\/www.tourisme-pyreneesorientales.com\/abbaye-saint-martin-du-canigo\" target=\"_blank\" rel=\"noreferrer noopener\">Abbaye Saint-Martin-du-Canig\u00f3<\/a>: deze <strong>middeleeuwse abdij <\/strong>ligt in een vredige omgeving en biedt een <strong>unieke spirituele ervaring<\/strong>.<\/p>\n\n\n\n<p class=\"has-text-align-center gt-reveal-down has-medium-font-size\"><a href=\"https:\/\/www.memorialcamprivesaltes.eu\/\" target=\"_blank\" rel=\"noreferrer noopener\">Gedenkteken Camp de Rivesaltes <\/a>: ontdek de geschiedenis van het concentratiekamp Rivesaltes en zijn rol tijdens de <strong>Tweede Wereldoorlog<\/strong>.<\/p>\n\n\n\n<p class=\"has-text-align-center gt-reveal-down has-medium-font-size\"><a href=\"https:\/\/www.forteresse-salses.fr\/\" target=\"_blank\" rel=\"noreferrer noopener\">Salses fort<\/a>: verken dit <strong><sup>15e-eeuwse<\/sup> militaire fort<\/strong>, een indrukwekkend voorbeeld van militaire architectuur.<\/p>\n\n\n\n<p class=\"has-text-align-center gt-reveal-down has-medium-font-size\"><a href=\"https:\/\/www.tourisme-pyreneesorientales.com\/palais-des-rois-de-majorque\" target=\"_blank\" rel=\"noreferrer noopener\">Paleis van de koningen van Mallorca<\/a>: dompel jezelf onder in de geschiedenis met een bezoek aan dit <strong>gotische paleis<\/strong> in Perpignan, <strong>de voormalige residentie van de koningen van Mallorca<\/strong>.<\/p>\n\n\n\n<p class=\"has-text-align-center gt-reveal-down has-medium-font-size\"><a href=\"https:\/\/450000ans.com\/\" target=\"_blank\" rel=\"noreferrer noopener\">Tautavel prehistorisch museum<\/a>: duik in <strong>het verre verleden van de mensheid<\/strong> door dit <strong>fascinerende museum<\/strong> te verkennen.<\/p>\n\n\n\n<p class=\"has-text-align-center gt-reveal-down has-medium-font-size\">Haal het meeste uit je reis naar deze prachtige regio.<\/p>\n<\/div>\n\n\n\n<div style=\"height:6rem\" aria-hidden=\"true\" class=\"wp-block-spacer\"><\/div>\n<\/div>\n<\/div>\n\n<div class=\"wp-block-group alignfull has-global-padding is-layout-constrained wp-block-group-is-layout-constrained\">\n<div style=\"height:6rem\" aria-hidden=\"true\" class=\"wp-block-spacer\"><\/div>\n\n\n\n<div class=\"wp-block-group alignfull gt-reveal gt-break-mobile is-content-justification-center is-nowrap is-layout-flex wp-container-core-group-is-layout-33 wp-block-group-is-layout-flex\">\n<div class=\"wp-block-group is-nowrap is-layout-flex wp-container-core-group-is-layout-32 wp-block-group-is-layout-flex\" style=\"padding-right:var(--wp--preset--spacing--20);padding-left:var(--wp--preset--spacing--20)\">\n<div class=\"wp-block-group has-global-padding is-layout-constrained wp-block-group-is-layout-constrained\">\n<div class=\"wp-block-group animated fadeInDown slow gt-reveal-down has-global-padding is-layout-constrained wp-container-core-group-is-layout-29 wp-block-group-is-layout-constrained\">\n<div class=\"wp-block-group gt-reveal-down has-contrast-3-background-color has-background is-layout-flow wp-block-group-is-layout-flow\" style=\"min-height:30rem\"><\/div>\n<\/div>\n\n\n\n<figure class=\"wp-block-image aligncenter size-full gt-reveal-down wp-duotone-e5e0ce-ffffff-7\"><img data-dominant-color=\"b15526\" data-has-transparency=\"true\" style=\"--dominant-color: #b15526;\" decoding=\"async\" width=\"43\" height=\"21\" src=\"https:\/\/groupedelmar.fr\/wp-content\/uploads\/2024\/08\/separator.png\" alt=\"scheider\" class=\"wp-image-150 has-transparency\"\/><\/figure>\n<\/div>\n\n\n\n<div class=\"wp-block-group has-global-padding is-layout-constrained wp-block-group-is-layout-constrained\"><h3 class=\"wp-block-heading has-accent-color has-text-color has-link-color wp-elements-0393e17a5430571e99e841a72a6704cb\" id=\"familie-bezoeken\">Familie bezoeken<\/h3>\n\n\n<p class=\"has-medium-font-size\">De Pyr\u00e9n\u00e9es-Orientales biedt een breed scala aan gezinsactiviteiten om <strong>optimaal te genieten van je verblijf met de kinderen<\/strong>. Hier volgen een paar idee\u00ebn: <\/p>\n\n\n\n<p class=\"has-medium-font-size\"><a href=\"https:\/\/www.exterieur-nature.com\/\" target=\"_blank\" rel=\"noreferrer noopener\">Parc de loisirs Ext\u00e9rieur Nature in Marquixanes<\/a>: dit park biedt <strong>outdooravonturen<\/strong> zoals <strong>accrobranche<\/strong>, <strong>canyoning<\/strong> en <strong>klimmen<\/strong>. Een dagje avontuur met vrienden of familie! <\/p>\n\n\n\n<p class=\"has-medium-font-size\"><a href=\"https:\/\/www.ledepartement66.fr\/dossier\/le-chateau-royal-de-collioure\/\" target=\"_blank\" rel=\"noreferrer noopener\">Ch\u00e2teau royal de Collioure<\/a>: bezoek dit historische kasteel met zijn adembenemende uitzicht op zee. De stad Collioure is ook de moeite waard om te verkennen. <\/p>\n\n\n    <div id=\"gt-fse-lire-plus-69f0bc828d54e\" class=\"gt-fse-lire-plus\" data-min-height=\"130\" style=\"background-color: #fff;\">\n        <input id=\"gt-fse-lire-plus-69f0bc828d54e-toggle\" type=\"checkbox\" class=\"gt-fse-lire-plus__toggle\" \/>\n        <label for=\"gt-fse-lire-plus-69f0bc828d54e-toggle\" class=\"gt-fse-lire-plus__toggle-label\">\n            <span>Lire plus<\/span>\n            <span>Lire moins<\/span>\n        <\/label>\n        <div class=\"gt-fse-lire-plus__content\" style=\"height: 130px;\">\n            \n\n<p class=\"has-medium-font-size\"><strong>Orgues-d&#8217;Ille-sur-T\u00eat<\/strong>: ontdek deze <strong>verbazingwekkende geologische formaties<\/strong>, gebeeldhouwd door erosie en lijkend op <strong>reusachtige organen<\/strong>, tijdens een wandeling van 45 minuten.<\/p>\n\n\n\n<p class=\"has-medium-font-size\"><a href=\"https:\/\/www.pyrenees-cerdagne.com\/activites-pleine-nature\/la-randonnee-dans-les-pyrenees\/le-lac-des-bouillouses\" target=\"_blank\" rel=\"noreferrer noopener\">Lac des Bouillouses<\/a>: geniet van een wandeling rond dit <strong>bergmeer<\/strong>, omgeven door <strong>een prachtig landschap<\/strong><\/p>\n\n\n\n<p class=\"has-medium-font-size\"><a href=\"https:\/\/www.grottescanalettes.com\/\" target=\"_blank\" rel=\"noreferrer noopener\">Grotte des Canalettes<\/a>: verken deze grot met een <strong>geluids- en lichtshow<\/strong> die de natuurlijke architectuur benadrukt<\/p>\n\n\n\n<p class=\"has-medium-font-size\"><a href=\"https:\/\/parc-animalier.faune-pyreneenne.fr\/\" target=\"_blank\" rel=\"noreferrer noopener\">Wildpark Les Angles<\/a>: maak van dichtbij kennis met de dieren in dit <strong>natuurpark in de bergen<\/strong><\/p>\n\n\n\n<p class=\"has-medium-font-size\"><a href=\"https:\/\/www.lavalleedestortues.fr\/\" target=\"_blank\" rel=\"noreferrer noopener\">Schildpaddenvallei<\/a>: ontdek <strong>land- en waterschildpadden<\/strong> voor het plezier van jong en oud.<\/p>\n\n\n\n<p class=\"has-medium-font-size\">Geniet van deze gezinsactiviteiten in deze prachtige regio!<\/p>\n\n            <div class=\"gt-fse-lire-plus__gradient\" style=\"background: linear-gradient(to bottom,rgba(255,255,255,0) 0%,rgba(255,255,255,1) 100%);\"><\/div>\n        <\/div>\n    <\/div>\n    <\/div>\n<\/div>\n\n\n\n<figure class=\"wp-block-image size-full\"><img data-dominant-color=\"919281\" data-has-transparency=\"false\" style=\"--dominant-color: #919281;\" decoding=\"async\" width=\"1108\" height=\"738\" src=\"https:\/\/groupedelmar.fr\/wp-content\/uploads\/2024\/11\/visites-familiales.webp\" alt=\"familiebezoeken\" class=\"wp-image-2947 not-transparent\" srcset=\"https:\/\/groupedelmar.fr\/wp-content\/uploads\/2024\/11\/visites-familiales.webp 1108w, https:\/\/groupedelmar.fr\/wp-content\/uploads\/2024\/11\/visites-familiales-300x200.webp 300w, https:\/\/groupedelmar.fr\/wp-content\/uploads\/2024\/11\/visites-familiales-1024x682.webp 1024w, https:\/\/groupedelmar.fr\/wp-content\/uploads\/2024\/11\/visites-familiales-768x512.webp 768w\" sizes=\"(max-width: 1108px) 100vw, 1108px\" \/><\/figure>\n<\/div>\n\n\n\n<div style=\"height:6rem\" aria-hidden=\"true\" class=\"wp-block-spacer\"><\/div>\n<\/div>\n\n<div class=\"wp-block-group alignfull has-global-padding is-layout-constrained wp-block-group-is-layout-constrained\" id=\"activites\">\n<div class=\"wp-block-group alignfull gt-reveal gt-break-mobile is-content-justification-center is-nowrap is-layout-flex wp-container-core-group-is-layout-37 wp-block-group-is-layout-flex\">\n<figure class=\"wp-block-image size-full\"><img data-dominant-color=\"869d96\" data-has-transparency=\"false\" style=\"--dominant-color: #869d96;\" decoding=\"async\" width=\"662\" height=\"531\" src=\"https:\/\/groupedelmar.fr\/wp-content\/uploads\/2024\/11\/activites-familiales-pour-des-moments-ludiques.webp\" alt=\"gezinsactiviteiten voor leuke tijden\" class=\"wp-image-2951 not-transparent\" srcset=\"https:\/\/groupedelmar.fr\/wp-content\/uploads\/2024\/11\/activites-familiales-pour-des-moments-ludiques.webp 662w, https:\/\/groupedelmar.fr\/wp-content\/uploads\/2024\/11\/activites-familiales-pour-des-moments-ludiques-300x241.webp 300w\" sizes=\"(max-width: 662px) 100vw, 662px\" \/><\/figure>\n\n\n\n<div class=\"wp-block-group is-nowrap is-layout-flex wp-container-core-group-is-layout-36 wp-block-group-is-layout-flex\" style=\"padding-right:var(--wp--preset--spacing--20);padding-left:var(--wp--preset--spacing--20)\">\n<div class=\"wp-block-group has-global-padding is-layout-constrained wp-block-group-is-layout-constrained\"><h2 class=\"wp-block-heading has-accent-color has-text-color has-link-color wp-elements-3cd3ca71f27fd73e843cff4b06696d8e\" id=\"activiteiten-in-de-buurtvan-onze-vestigingenin-argeles-sur-mer\">Activiteiten in de buurt<br>van onze vestigingen<br>in Argel\u00e8s-sur-Mer<\/h2>\n\n\n<p class=\"has-medium-font-size\">Argel\u00e8s-sur-Mer, in de Pyr\u00e9n\u00e9es-Orientales, biedt een breed scala aan <strong>activiteiten naar ieders smaak<\/strong>. Hier zijn een paar <strong>must-sees<\/strong> in de buurt van je etablissementen: <\/p>\n\n\n    <div id=\"gt-fse-lire-plus-69f0bc828e7d0\" class=\"gt-fse-lire-plus\" data-min-height=\"130\" style=\"background-color: #fff;\">\n        <input id=\"gt-fse-lire-plus-69f0bc828e7d0-toggle\" type=\"checkbox\" class=\"gt-fse-lire-plus__toggle\" \/>\n        <label for=\"gt-fse-lire-plus-69f0bc828e7d0-toggle\" class=\"gt-fse-lire-plus__toggle-label\">\n            <span>Lire plus<\/span>\n            <span>Lire moins<\/span>\n        <\/label>\n        <div class=\"gt-fse-lire-plus__content\" style=\"height: 130px;\">\n            \n\n<p class=\"has-medium-font-size\"><strong>Sentier du Littoral<\/strong>:<a href=\"https:\/\/www.tripadvisor.fr\/Attractions-g196598-Activities-Argeles_sur_Mer_Pyrenees_Orientales_Occitanie.html\" target=\"_blank\" rel=\"noreferrer noopener\"> geniet van een prachtige wandeling langs de kust, met <strong>panoramisch uitzicht<\/strong> op de zee en het omringende platteland.<\/a> <br\/><a href=\"https:\/\/www.paradise-aventures.com\/fr\/parcs-et-attractions\/canyoning-park\/\" target=\"_blank\" rel=\"noreferrer noopener\">Canyoning Park<\/a>: voor avonturiers: probeer canyoning in een <strong>uitzonderlijke natuurlijke omgeving<\/strong>. <br\/><strong>Tour de la Massane<\/strong>: wandel naar deze toren voor <strong>een spectaculair uitzicht<\/strong> over de regio. <br\/><strong>Zeeboulevard<\/strong>: wandel langs het strand, geniet van de schaduw van de voetgangerspaden en bewonder het uitzicht op zee. <br\/><a href=\"https:\/\/www.ferme-de-decouverte.fr\/\" target=\"_blank\" rel=\"noreferrer noopener\">Ontdekkingsboerderij Saint-Andr\u00e9<\/a>: bekijk de dieren van dichtbij en doe mee aan <strong>leuke gezinsactiviteiten<\/strong>. <br\/><strong>Plage du Racou <\/strong>: ontspan op dit <strong>pittoreske strand<\/strong>, ideaal om te zwemmen en te wandelen. <br\/><strong>Parc de Valmy <\/strong>: met zijn <strong>groene ruimten<\/strong> en <strong>picknickplaatsen<\/strong> is dit de perfecte plek om <strong>te ontspannen<\/strong>.<\/p>\n\n\n\n<p class=\"has-medium-font-size\">Haal het meeste uit je verblijf in Argel\u00e8s-sur-Mer!<\/p>\n\n            <div class=\"gt-fse-lire-plus__gradient\" style=\"background: linear-gradient(to bottom,rgba(255,255,255,0) 0%,rgba(255,255,255,1) 100%);\"><\/div>\n        <\/div>\n    <\/div>\n    <\/div>\n<\/div>\n<\/div>\n\n\n\n<div class=\"wp-block-group alignfull gt-reveal gt-break-mobile is-content-justification-center is-nowrap is-layout-flex wp-container-core-group-is-layout-40 wp-block-group-is-layout-flex\">\n<div class=\"wp-block-group is-nowrap is-layout-flex wp-container-core-group-is-layout-39 wp-block-group-is-layout-flex\" style=\"padding-right:var(--wp--preset--spacing--20);padding-left:var(--wp--preset--spacing--20)\">\n<div class=\"wp-block-group has-global-padding is-layout-constrained wp-block-group-is-layout-constrained\"><h3 class=\"wp-block-heading has-accent-color has-text-color has-link-color wp-elements-02eeef162f7b9726f0566db68e37c586\" id=\"gezinsactiviteiten-voorplezier-en-vriendschap\">Gezinsactiviteiten voor<br>plezier en vriendschap<\/h3>\n\n\n<p class=\"has-medium-font-size\">Argel\u00e8s-sur-Mer en camping Del Mar bieden<strong>in juli en augustus<\/strong> talloze<strong>gezinsactiviteiten<\/strong> voor leuke momenten:<\/p>\n\n\n\n<p class=\"has-medium-font-size\"><a href=\"https:\/\/camping-del-mar.com\/nl\/camping-activiteiten-animaties-argeles-sur-mer\/#club-enfant\" target=\"_blank\" rel=\"noreferrer noopener\">Kids Club<\/a>; gratis entertainment voor kinderen vanaf 6 jaar, met minidisco&#8217;s, speurtochten en meer. <br\/><a href=\"https:\/\/camping-del-mar.com\/nl\/camping-activiteiten-animaties-argeles-sur-mer\/#soirees-animees\" target=\"_blank\" rel=\"noreferrer noopener\">Avondshows<\/a>; geniet van levendige avonden met dans, interactieve spelletjes en karaoke. <br\/><a href=\"https:\/\/camping-del-mar.com\/nl\/camping-activiteiten-animaties-argeles-sur-mer\/#activites\" target=\"_blank\" rel=\"noreferrer noopener\">Sportactiviteiten<\/a>: voetbal, petanque, tennis en <strong>tafeltennistoernooien <\/strong>voor <strong>alle niveaus<\/strong>. <br\/>Vlakbij <a href=\"https:\/\/www.paradise-aventures.com\/fr\/parcs-et-attractions\/argeles-aventure\/\" target=\"_blank\" rel=\"noreferrer noopener\">Argel\u00e8s Aventure<\/a>: op 550 meter van de camping kunt u sensationele activiteiten ontdekken zoals <strong>canyoning<\/strong> en <strong>accrobranche<\/strong>.<\/p>\n\n\n\n<p class=\"has-medium-font-size\">Geniet van een geweldige gezinsvakantie met veel plezier! <\/p>\n<\/div>\n<\/div>\n\n\n\n<figure class=\"wp-block-image size-full\"><img data-dominant-color=\"8aa0ab\" data-has-transparency=\"false\" style=\"--dominant-color: #8aa0ab;\" decoding=\"async\" width=\"662\" height=\"531\" src=\"https:\/\/groupedelmar.fr\/wp-content\/uploads\/2024\/11\/activites-a-retrouver-pres-de-nos-etablissements.webp\" alt=\"activiteiten in de buurt van onze vestigingen\" class=\"wp-image-2953 not-transparent\" srcset=\"https:\/\/groupedelmar.fr\/wp-content\/uploads\/2024\/11\/activites-a-retrouver-pres-de-nos-etablissements.webp 662w, https:\/\/groupedelmar.fr\/wp-content\/uploads\/2024\/11\/activites-a-retrouver-pres-de-nos-etablissements-300x241.webp 300w\" sizes=\"(max-width: 662px) 100vw, 662px\" \/><\/figure>\n<\/div>\n\n\n\n<div style=\"height:6rem\" aria-hidden=\"true\" class=\"wp-block-spacer\"><\/div>\n<\/div>\n\n<div class=\"wp-block-group alignfull gt-reveal is-nowrap is-layout-flex wp-container-core-group-is-layout-44 wp-block-group-is-layout-flex\">\n<div class=\"wp-block-cover gt-hide-mobile wp-container-content-7\" style=\"min-height:100vh;aspect-ratio:unset;aspect-ratio:unset;\"><img data-dominant-color=\"708a80\" data-has-transparency=\"false\" style=\"--dominant-color: #708a80;\" decoding=\"async\" width=\"333\" height=\"1332\" class=\"wp-block-cover__image-background wp-image-2956 not-transparent\" alt=\"randonnees et activites de plein air\" src=\"https:\/\/groupedelmar.fr\/wp-content\/uploads\/2024\/11\/randonnees-et-activites-de-plein-air.webp\" data-object-fit=\"cover\" srcset=\"https:\/\/groupedelmar.fr\/wp-content\/uploads\/2024\/11\/randonnees-et-activites-de-plein-air.webp 333w, https:\/\/groupedelmar.fr\/wp-content\/uploads\/2024\/11\/randonnees-et-activites-de-plein-air-75x300.webp 75w, https:\/\/groupedelmar.fr\/wp-content\/uploads\/2024\/11\/randonnees-et-activites-de-plein-air-256x1024.webp 256w\" sizes=\"(max-width: 333px) 100vw, 333px\" \/><span aria-hidden=\"true\" class=\"wp-block-cover__background has-background-dim-10 has-background-dim\"><\/span><div class=\"wp-block-cover__inner-container has-global-padding is-layout-constrained wp-block-cover-is-layout-constrained\">\n<p class=\"has-text-align-center has-large-font-size\"><\/p>\n<\/div><\/div>\n\n\n\n<div class=\"wp-block-cover has-custom-content-position is-position-top-center wp-container-content-8\" style=\"padding-top:0;padding-bottom:0;min-height:100vh;aspect-ratio:unset;aspect-ratio:unset;\"><img data-dominant-color=\"83845e\" data-has-transparency=\"false\" style=\"--dominant-color: #83845e;\" decoding=\"async\" width=\"1562\" height=\"1332\" class=\"wp-block-cover__image-background wp-image-2958 not-transparent\" alt=\"vtt activites de plein air\" src=\"https:\/\/groupedelmar.fr\/wp-content\/uploads\/2024\/11\/vtt-activites-de-plein-air.webp\" data-object-fit=\"cover\" srcset=\"https:\/\/groupedelmar.fr\/wp-content\/uploads\/2024\/11\/vtt-activites-de-plein-air.webp 1562w, https:\/\/groupedelmar.fr\/wp-content\/uploads\/2024\/11\/vtt-activites-de-plein-air-300x256.webp 300w, https:\/\/groupedelmar.fr\/wp-content\/uploads\/2024\/11\/vtt-activites-de-plein-air-1024x873.webp 1024w, https:\/\/groupedelmar.fr\/wp-content\/uploads\/2024\/11\/vtt-activites-de-plein-air-768x655.webp 768w, https:\/\/groupedelmar.fr\/wp-content\/uploads\/2024\/11\/vtt-activites-de-plein-air-1536x1310.webp 1536w\" sizes=\"(max-width: 1562px) 100vw, 1562px\" \/><span aria-hidden=\"true\" class=\"wp-block-cover__background has-background-dim-20 has-background-dim\"><\/span><div class=\"wp-block-cover__inner-container has-global-padding is-layout-constrained wp-container-core-cover-is-layout-4 wp-block-cover-is-layout-constrained\">\n<div class=\"wp-block-group gt-reveal-down has-global-padding is-layout-constrained wp-container-core-group-is-layout-43 wp-block-group-is-layout-constrained\">\n<div class=\"wp-block-group has-contrast-3-background-color has-background is-layout-flow wp-block-group-is-layout-flow\" style=\"min-height:12rem\"><\/div>\n<\/div>\n\n\n\n<figure class=\"wp-block-image aligncenter size-full gt-reveal-down wp-duotone-e5e0ce-ffffff-8\"><img data-dominant-color=\"b15526\" data-has-transparency=\"true\" style=\"--dominant-color: #b15526;\" decoding=\"async\" width=\"43\" height=\"21\" src=\"https:\/\/groupedelmar.fr\/wp-content\/uploads\/2024\/08\/separator.png\" alt=\"scheider\" class=\"wp-image-150 has-transparency\"\/><\/figure>\n\n\n\n<div style=\"height:1rem\" aria-hidden=\"true\" class=\"wp-block-spacer\"><\/div>\n\n\n<h3 class=\"wp-block-heading has-text-align-center has-base-color has-text-color has-link-color has-large-font-size wp-elements-244157b8da8ed7794d7490a38d2c1a53\" id=\"wandelen-en-buitenactiviteitenvoor-een-dynamische-vakantie\">Wandelen en buitenactiviteiten<br>voor een dynamische vakantie<\/h3>\n\n\n<p class=\"has-text-align-center has-base-color has-text-color has-link-color has-medium-font-size wp-elements-52530fb9df2169a0bc5ca5f097d25ddd\">Als je in een van de vestigingen van de Del Mar Village Group in Argel\u00e8s-sur-Mer verblijft, kun je profiteren van een breed scala aan faciliteiten.<strong> <\/strong><strong>buitenactiviteiten<\/strong> voor een <strong>dynamische vakantie<\/strong>. Hier zijn een paar suggesties: <\/p>\n\n\n\n<p class=\"has-text-align-center has-base-color has-text-color has-link-color has-medium-font-size wp-elements-517b58f676bac0ff83a54fc73793f807\"><strong>Tour de la Massane<\/strong>: een <strong>must-do wandeling<\/strong> met <strong>panoramisch uitzicht<\/strong> op het Alb\u00e8res-massief, de Roussillon, Canigou en de Middellandse Zee.<\/p>\n\n\n\n<p class=\"has-text-align-center has-base-color has-text-color has-link-color has-medium-font-size wp-elements-c45f00fd8c173aba5394828b1f43ba12\"><strong>Sentier du Littoral<\/strong>: geniet van een wandeling langs de kust met spectaculaire uitzichten.<\/p>\n\n\n\n<p class=\"has-text-align-center has-base-color has-text-color has-link-color has-medium-font-size wp-elements-5a499b7cb0b03b30f12db245e02df66e\"><strong>Massif du Canigou<\/strong>: verken deze bergketen voor natuurwandelingen.<\/p>\n\n\n\n<p class=\"has-text-align-center has-base-color has-text-color has-link-color has-medium-font-size wp-elements-46e1a14d1703d22a35b8d0e20a4d6729\"><strong>Gorges de la Caran\u00e7a<\/strong>: ontdek deze indrukwekkende kloven tijdens een wandeling.<\/p>\n\n\n\n<div style=\"height:var(--wp--preset--spacing--40)\" aria-hidden=\"true\" class=\"wp-block-spacer\"><\/div>\n<\/div><\/div>\n<\/div>\n\n<div class=\"wp-block-group alignfull gt-reveal has-global-padding is-layout-constrained wp-container-core-group-is-layout-49 wp-block-group-is-layout-constrained\">\n<div style=\"height:6rem\" aria-hidden=\"true\" class=\"wp-block-spacer\"><\/div>\n\n\n\n<div class=\"wp-block-group alignwide gt-break-mobile is-nowrap is-layout-flex wp-container-core-group-is-layout-48 wp-block-group-is-layout-flex\">\n<div class=\"wp-block-group wp-container-content-9 is-layout-flow wp-block-group-is-layout-flow\">\n<figure class=\"wp-block-image size-full gt-reveal\"><img data-dominant-color=\"b7c1d5\" data-has-transparency=\"false\" style=\"--dominant-color: #b7c1d5;\" decoding=\"async\" width=\"640\" height=\"960\" src=\"https:\/\/groupedelmar.fr\/wp-content\/uploads\/2024\/11\/les-activites-nautiques-pour-instants-aqualudiques-sous-le-soleil-mediterraneen.webp\" alt=\"watersportactiviteiten voor watermomenten onder de mediterrane zon\" class=\"wp-image-2321 not-transparent\" srcset=\"https:\/\/groupedelmar.fr\/wp-content\/uploads\/2024\/11\/les-activites-nautiques-pour-instants-aqualudiques-sous-le-soleil-mediterraneen.webp 640w, https:\/\/groupedelmar.fr\/wp-content\/uploads\/2024\/11\/les-activites-nautiques-pour-instants-aqualudiques-sous-le-soleil-mediterraneen-200x300.webp 200w\" sizes=\"(max-width: 640px) 100vw, 640px\" \/><\/figure>\n<\/div>\n\n\n\n<div class=\"wp-block-group has-global-padding is-layout-constrained wp-block-group-is-layout-constrained\">\n<div class=\"wp-block-group is-layout-flow wp-block-group-is-layout-flow\" style=\"padding-right:var(--wp--preset--spacing--30);padding-left:var(--wp--preset--spacing--30)\">\n<div style=\"height:10rem\" aria-hidden=\"true\" class=\"wp-block-spacer gt-hide-mobile\"><\/div>\n\n\n\n<figure class=\"wp-block-image aligncenter size-full gt-reveal-down\"><img data-dominant-color=\"b15526\" data-has-transparency=\"true\" style=\"--dominant-color: #b15526;\" decoding=\"async\" width=\"43\" height=\"21\" src=\"https:\/\/groupedelmar.fr\/wp-content\/uploads\/2024\/08\/separator.png\" alt=\"scheider\" class=\"wp-image-150 has-transparency\"\/><\/figure>\n\n\n<h3 class=\"wp-block-heading has-accent-color has-text-color has-link-color wp-elements-82641b0c6a0663f68671b5a2f382d5d5\" id=\"watersportactiviteiten-voorwatermomenten-onderde-mediterrane-zon\">Watersportactiviteiten voor<br>watermomenten onder<br>de mediterrane zon<\/h3>\n\n\n<p class=\"has-medium-font-size\">Hier zijn een paar opties, waarvan sommige worden aangeboden door de <a href=\"https:\/\/aqua-plage-argeles.fr\/\" target=\"_blank\" rel=\"noreferrer noopener\">Club Aqua Plage Argel\u00e8s<\/a>:<\/p>\n\n\n\n<p class=\"has-medium-font-size\">Argel\u00e8s-sur-Mer, aan de oevers van de Middellandse Zee, is een badplaats die bijzonder geschikt is voor <strong>watersportactiviteiten<\/strong>. Het is een ideale locatie voor <strong>waterplezier in de zon<\/strong>. <\/p>\n\n\n\n<p class=\"has-medium-font-size\"><strong>Zeekajakken <\/strong>: verken de rotsachtige kustlijn, de kreken van Collioure, de baai van Paulilles en het zeereservaat van Banyuls onder begeleiding van een instructeur. <br\/><strong>Stand Up Paddle<\/strong> (SUP): huur een SUP en geniet op eigen houtje van de schoonheid van de kust en Collioure. <br\/><strong>Duiken<\/strong>: ontdek het onderwaterleven met plaatselijke duikscholen. <br\/><strong>Boottochten<\/strong>: <a href=\"https:\/\/www.argeles-sur-mer.com\/cap-mediteranee\/les-activites-mer\/toutes-les-activites-nautiques\/\" target=\"_blank\" rel=\"noreferrer noopener\">maak een tochtje op zee en verken de rijkdommen van het mariene park<\/a> <br\/><strong>Huur een motorboot<\/strong>: als je liever in alle vrijheid vaart, kies dan voor bootverhuur met of zonder vaarbewijs.<\/p>\n\n\n\n<p class=\"has-medium-font-size\">Haal het meeste uit je actieve vakantie aan de Middellandse Zee!<\/p>\n\n\n\n<div style=\"height:2rem\" aria-hidden=\"true\" class=\"wp-block-spacer is-style-gt-hide-mobile\"><\/div>\n<\/div>\n<\/div>\n<\/div>\n<\/div>\n\n<div style=\"height:6rem\" aria-hidden=\"true\" class=\"wp-block-spacer\"><\/div>\n\n<div class=\"wp-block-group alignfull is-layout-flow wp-block-group-is-layout-flow\" style=\"padding-bottom:0\">\n<div class=\"wp-block-group alignwide animated fadeIn slower is-layout-flow wp-block-group-is-layout-flow\" style=\"margin-top:0;margin-bottom:-33px;padding-right:0;padding-left:0\">\n<p class=\"gt-sliding-text has-contrast-3-color has-text-color has-link-color has-sogo-font-family wp-elements-2be7d4816518d9cff582102f9beb03d7\" style=\"margin-top:0;margin-right:0;margin-bottom:0;margin-left:0;font-size:7vw;font-style:normal;font-weight:300;line-height:1;text-transform:uppercase\">ONTDEK<\/p>\n<\/div>\n\n\n\n<div class=\"wp-block-group gt-break-mobile is-layout-grid wp-container-core-group-is-layout-54 wp-block-group-is-layout-grid\" style=\"border-radius:2rem\">\n<div\n\tstyle=\"border-radius:0rem;\" class=\"gt-maillage-9 wp-block-gt-gt-fse-maillage\"\tdata-wp-interactive=\"gt\/maillage\"\n\tdata-wp-on--click=\"actions.ctaLoad\"\n\tdata-wp-context='{\"radius\":\"0rem\",\"hover_bg_color\":\"#132f44\",\"hover_text_color\":\"#ffffff\",\"hover_image_opacity\":0.5}'>\t\n\n\t\n\t\t\t\t\t\t\t\t\t<div \n\t\t\t\tclass=\"gt-fse-maillage-link gt-fse-maillage-image-zoom gt-fse-maillage-hover-background-color gt-fse-maillage-hover-text-color\"\n\t\t\t\tstyle=\"border-radius: 0rem\"\n\t\t\t\tdata-wp-on-async--mouseover=\"actions.mouseover\"\n\t\t\t>\n\t\t\t\t\t\t\t\t\t\t\t\n<div class=\"wp-block-group is-layout-flow wp-block-group-is-layout-flow\">\n<div style=\"aspect-ratio:16\/9;min-height:unset;aspect-ratio:16\/9;min-height:unset;\" class=\"wp-block-cover is-light has-custom-content-position is-position-bottom-right has-aspect-ratio\"><span aria-hidden=\"true\" class=\"wp-block-cover__background has-black-background-color has-background-dim\"><\/span><img decoding=\"async\" width=\"1920\" height=\"434\" src=\"https:\/\/groupedelmar.fr\/wp-content\/uploads\/2024\/11\/location-hebergement-argeles-sur-mer-groupe-del-mar.webp\" class=\"wp-block-cover__image-background not-transparent wp-post-image\" alt=\"verhuur accommodatie argeles sur mer groupe del mar\" data-object-fit=\"cover\" srcset=\"https:\/\/groupedelmar.fr\/wp-content\/uploads\/2024\/11\/location-hebergement-argeles-sur-mer-groupe-del-mar.webp 1920w, https:\/\/groupedelmar.fr\/wp-content\/uploads\/2024\/11\/location-hebergement-argeles-sur-mer-groupe-del-mar-300x68.webp 300w, https:\/\/groupedelmar.fr\/wp-content\/uploads\/2024\/11\/location-hebergement-argeles-sur-mer-groupe-del-mar-1024x231.webp 1024w, https:\/\/groupedelmar.fr\/wp-content\/uploads\/2024\/11\/location-hebergement-argeles-sur-mer-groupe-del-mar-768x174.webp 768w, https:\/\/groupedelmar.fr\/wp-content\/uploads\/2024\/11\/location-hebergement-argeles-sur-mer-groupe-del-mar-1536x347.webp 1536w\" sizes=\"(max-width: 1920px) 100vw, 1920px\" data-has-transparency=\"false\" data-dominant-color=\"b4a381\" style=\"--dominant-color: #b4a381;\" \/><div class=\"wp-block-cover__inner-container has-global-padding is-layout-constrained wp-block-cover-is-layout-constrained\">\n\n\n\n<p style=\"font-weight:700;text-transform:uppercase;\" class=\"wp-elements-07611e8410ba885a13be86d25add2159 wp-block-gt-gt-fse-maillage-titre has-text-color has-base-color has-large-font-size has-sogo-font-family\">\n    Comfortabele accommodatie te huur in Argel\u00e8s-sur-Mer<\/p>\n\n<\/div><\/div>\n<\/div>\n\t\t\t\t\t\t\t<\/div>\n\t\t\t\t\t\t\t\t\t\t\t<div \n\t\t\t\tclass=\"gt-fse-maillage-link gt-fse-maillage-image-zoom gt-fse-maillage-hover-background-color gt-fse-maillage-hover-text-color\"\n\t\t\t\tstyle=\"border-radius: 0rem\"\n\t\t\t\tdata-wp-on-async--mouseover=\"actions.mouseover\"\n\t\t\t>\n\t\t\t\t\t\t\t\t\t\t\t\n<div class=\"wp-block-group is-layout-flow wp-block-group-is-layout-flow\">\n<div style=\"aspect-ratio:16\/9;min-height:unset;aspect-ratio:16\/9;min-height:unset;\" class=\"wp-block-cover is-light has-custom-content-position is-position-bottom-right has-aspect-ratio\"><span aria-hidden=\"true\" class=\"wp-block-cover__background has-black-background-color has-background-dim\"><\/span><img decoding=\"async\" width=\"1920\" height=\"434\" src=\"https:\/\/groupedelmar.fr\/wp-content\/uploads\/2024\/11\/piscine-groupe-del-mar.webp\" class=\"wp-block-cover__image-background not-transparent wp-post-image\" alt=\"zwembad groep del mar\" data-object-fit=\"cover\" srcset=\"https:\/\/groupedelmar.fr\/wp-content\/uploads\/2024\/11\/piscine-groupe-del-mar.webp 1920w, https:\/\/groupedelmar.fr\/wp-content\/uploads\/2024\/11\/piscine-groupe-del-mar-300x68.webp 300w, https:\/\/groupedelmar.fr\/wp-content\/uploads\/2024\/11\/piscine-groupe-del-mar-1024x231.webp 1024w, https:\/\/groupedelmar.fr\/wp-content\/uploads\/2024\/11\/piscine-groupe-del-mar-768x174.webp 768w, https:\/\/groupedelmar.fr\/wp-content\/uploads\/2024\/11\/piscine-groupe-del-mar-1536x347.webp 1536w\" sizes=\"(max-width: 1920px) 100vw, 1920px\" data-has-transparency=\"false\" data-dominant-color=\"6fb0ab\" style=\"--dominant-color: #6fb0ab;\" \/><div class=\"wp-block-cover__inner-container has-global-padding is-layout-constrained wp-block-cover-is-layout-constrained\">\n\n\n\n<p style=\"font-weight:700;text-transform:uppercase;\" class=\"wp-elements-07611e8410ba885a13be86d25add2159 wp-block-gt-gt-fse-maillage-titre has-text-color has-base-color has-large-font-size has-sogo-font-family\">\n    Een zwemparadijs en zwembad ontworpen voor uw welzijn in de Pyr\u00e9n\u00e9es-Orientales<\/p>\n\n<\/div><\/div>\n<\/div>\n\t\t\t\t\t\t\t<\/div>\n\t\t\t\t\t\t\t\t\t\t\t<div \n\t\t\t\tclass=\"gt-fse-maillage-link gt-fse-maillage-image-zoom gt-fse-maillage-hover-background-color gt-fse-maillage-hover-text-color\"\n\t\t\t\tstyle=\"border-radius: 0rem\"\n\t\t\t\tdata-wp-on-async--mouseover=\"actions.mouseover\"\n\t\t\t>\n\t\t\t\t\t\t\t\t\t\t\t\n<div class=\"wp-block-group is-layout-flow wp-block-group-is-layout-flow\">\n<div style=\"aspect-ratio:16\/9;min-height:unset;aspect-ratio:16\/9;min-height:unset;\" class=\"wp-block-cover is-light has-custom-content-position is-position-bottom-right has-aspect-ratio\"><span aria-hidden=\"true\" class=\"wp-block-cover__background has-black-background-color has-background-dim\"><\/span><img decoding=\"async\" width=\"1920\" height=\"434\" src=\"https:\/\/groupedelmar.fr\/wp-content\/uploads\/2024\/11\/campings-residence-bord-de-plage.webp\" class=\"wp-block-cover__image-background not-transparent wp-post-image\" alt=\"campings residence bord de plage\" data-object-fit=\"cover\" srcset=\"https:\/\/groupedelmar.fr\/wp-content\/uploads\/2024\/11\/campings-residence-bord-de-plage.webp 1920w, https:\/\/groupedelmar.fr\/wp-content\/uploads\/2024\/11\/campings-residence-bord-de-plage-300x68.webp 300w, https:\/\/groupedelmar.fr\/wp-content\/uploads\/2024\/11\/campings-residence-bord-de-plage-1024x231.webp 1024w, https:\/\/groupedelmar.fr\/wp-content\/uploads\/2024\/11\/campings-residence-bord-de-plage-768x174.webp 768w, https:\/\/groupedelmar.fr\/wp-content\/uploads\/2024\/11\/campings-residence-bord-de-plage-1536x347.webp 1536w\" sizes=\"(max-width: 1920px) 100vw, 1920px\" data-has-transparency=\"false\" data-dominant-color=\"6a95a4\" style=\"--dominant-color: #6a95a4;\" \/><div class=\"wp-block-cover__inner-container has-global-padding is-layout-constrained wp-block-cover-is-layout-constrained\">\n\n\n\n<p style=\"font-weight:700;text-transform:uppercase;\" class=\"wp-elements-07611e8410ba885a13be86d25add2159 wp-block-gt-gt-fse-maillage-titre has-text-color has-base-color has-large-font-size has-sogo-font-family\">\n    Uw vakantie in het paradijs op de campings in de buurt van de stranden van de Pyrenee\u00ebn-Orientales<\/p>\n\n<\/div><\/div>\n<\/div>\n\t\t\t\t\t\t\t<\/div>\n\t\t\t\t\t\t\t\t<\/div><\/div>\n\n\n\n<div style=\"height:6rem\" aria-hidden=\"true\" class=\"wp-block-spacer\"><\/div>\n<\/div>\n","protected":false},"excerpt":{"rendered":"<p>Ontdek onze vestigingen Dankzij de uitzonderlijke ligging van de etablissementen van de Del Mar Village Group in Argel\u00e8s-sur-Mer kun je optimaal genieten van je verblijf in de Pyrenee\u00ebn-Ori\u00ebntaal, een regio die je moet beleven&#8230; en ontdekken! Onze selectievan must-see sites Steden en dorpen om te bezoeken Naast Collioure, Port-Vendres en Banyuls-sur-Mer zijn er in de [&hellip;]<\/p>\n","protected":false},"author":1,"featured_media":3715,"parent":0,"menu_order":0,"comment_status":"closed","ping_status":"closed","template":"","meta":{"_acf_changed":false,"_seopress_robots_primary_cat":"","_seopress_titles_title":"Ontdek de Pyr\u00e9n\u00e9es-Orientales: bezoeken en activiteiten","_seopress_titles_desc":"Geniet van een uitzonderlijk verblijf in een van onze etablissementen met een ideale ligging in de Pyr\u00e9n\u00e9es-Orientales: typische dorpjes, familiebezoeken en activiteiten, buitenactiviteiten...","_seopress_robots_index":"","_gt_ctv_global_id":"","_gt_ctv_id_group":false,"inline_featured_image":false,"gt_fse_maillage_image":"https:\/\/groupedelmar.fr\/wp-content\/uploads\/2024\/11\/tourisme-pyrenees-orientales.webp","gt_fse_maillage_titre":"De Pyr\u00e9n\u00e9es-Orientales, een regio om te ontdekken","gt_fse_maillage_resume":"","_gt_maillage_image":0,"_gt_maillage_video":0,"_gt_maillage_title":"","footnotes":""},"categories":[],"tags":[],"class_list":["post-3699","page","type-page","status-publish","has-post-thumbnail","hentry"],"acf":[],"_links":{"self":[{"href":"https:\/\/groupedelmar.fr\/nl\/wp-json\/wp\/v2\/pages\/3699","targetHints":{"allow":["GET"]}}],"collection":[{"href":"https:\/\/groupedelmar.fr\/nl\/wp-json\/wp\/v2\/pages"}],"about":[{"href":"https:\/\/groupedelmar.fr\/nl\/wp-json\/wp\/v2\/types\/page"}],"author":[{"embeddable":true,"href":"https:\/\/groupedelmar.fr\/nl\/wp-json\/wp\/v2\/users\/1"}],"replies":[{"embeddable":true,"href":"https:\/\/groupedelmar.fr\/nl\/wp-json\/wp\/v2\/comments?post=3699"}],"version-history":[{"count":7,"href":"https:\/\/groupedelmar.fr\/nl\/wp-json\/wp\/v2\/pages\/3699\/revisions"}],"predecessor-version":[{"id":3989,"href":"https:\/\/groupedelmar.fr\/nl\/wp-json\/wp\/v2\/pages\/3699\/revisions\/3989"}],"wp:featuredmedia":[{"embeddable":true,"href":"https:\/\/groupedelmar.fr\/nl\/wp-json\/wp\/v2\/media\/3715"}],"wp:attachment":[{"href":"https:\/\/groupedelmar.fr\/nl\/wp-json\/wp\/v2\/media?parent=3699"}],"wp:term":[{"taxonomy":"category","embeddable":true,"href":"https:\/\/groupedelmar.fr\/nl\/wp-json\/wp\/v2\/categories?post=3699"},{"taxonomy":"post_tag","embeddable":true,"href":"https:\/\/groupedelmar.fr\/nl\/wp-json\/wp\/v2\/tags?post=3699"}],"curies":[{"name":"wp","href":"https:\/\/api.w.org\/{rel}","templated":true}]}}