{"id":3838,"date":"2024-08-13T10:52:50","date_gmt":"2024-08-13T08:52:50","guid":{"rendered":"https:\/\/groupedelmar.fr\/campsites-and-residences-argeles-sur-mer\/"},"modified":"2025-01-15T15:24:55","modified_gmt":"2025-01-15T14:24:55","slug":"campsites-residence-argeles-sur-mer","status":"publish","type":"page","link":"https:\/\/groupedelmar.fr\/en\/campsites-residence-argeles-sur-mer\/","title":{"rendered":"Welcome to our three establishments ideally located in Argel\u00e8s-sur-Mer"},"content":{"rendered":"\n<div class=\"wp-block-group alignfull gt-reveal has-global-padding is-layout-constrained wp-container-core-group-is-layout-10 wp-block-group-is-layout-constrained\">\n<div style=\"height:6rem\" aria-hidden=\"true\" class=\"wp-block-spacer gt-hide-mobile\"><\/div>\n\n\n\n<div class=\"wp-block-group alignfull animated fadeIn slower is-layout-flow wp-block-group-is-layout-flow\" style=\"margin-top:0;margin-bottom:-33px;padding-right:0;padding-left:0\">\n<p class=\"has-text-align-center gt-sliding-text has-contrast-3-color has-text-color has-link-color has-sogo-font-family wp-elements-11843fd90c6c322957347bbb9599a391\" style=\"margin-top:0;margin-right:-33px;margin-bottom:0;margin-left:-33px;font-size:4.5vw;font-style:normal;font-weight:300;line-height:1;text-transform:uppercase\">Discover our establishments<\/p>\n<\/div>\n\n\n\n<div style=\"height:3rem\" aria-hidden=\"true\" class=\"wp-block-spacer gt-hide-mobile\"><\/div>\n\n\n\n<div class=\"wp-block-group alignfull gt-logos-camping gt-break-mobile is-content-justification-center is-nowrap is-layout-flex wp-container-core-group-is-layout-5 wp-block-group-is-layout-flex\" style=\"margin-top:0;margin-bottom:0;padding-top:var(--wp--preset--spacing--30);padding-bottom:var(--wp--preset--spacing--30)\">\n<div class=\"wp-block-group gt-camping-logo gt-reveal-down is-vertical is-layout-flex wp-container-core-group-is-layout-2 wp-block-group-is-layout-flex\">\n<figure class=\"wp-block-image size-full is-resized wp-duotone-132f44-132f44-1\"><a href=\"https:\/\/camping-del-mar.com\/en\/\" target=\"_blank\" rel=\"noreferrer noopener\"><img data-dominant-color=\"d2cbb0\" data-has-transparency=\"true\" decoding=\"async\" width=\"158\" height=\"160\" src=\"https:\/\/groupedelmar.fr\/wp-content\/uploads\/2024\/08\/village-delmar.png\" alt=\"delmar village\" class=\"wp-image-124 has-transparency\" style=\"--dominant-color: #d2cbb0; object-fit:contain;width:160px;height:160px\"\/><\/a><\/figure>\n<\/div>\n\n\n\n<div class=\"wp-block-group gt-camping-logo gt-reveal-down is-vertical is-layout-flex wp-container-core-group-is-layout-3 wp-block-group-is-layout-flex\" data-scrolltrigger-start=\"top 80%\">\n<figure class=\"wp-block-image size-full is-resized wp-duotone-174c4f-174c4f-2\"><a href=\"https:\/\/campingclosduthym.com\/en\/\" target=\"_blank\" rel=\"noreferrer noopener\"><img data-dominant-color=\"e6e0cc\" data-has-transparency=\"true\" decoding=\"async\" width=\"295\" height=\"85\" src=\"https:\/\/groupedelmar.fr\/wp-content\/uploads\/2024\/08\/clos-du-thym.png\" alt=\"clos du thym\" class=\"wp-image-126 has-transparency\" style=\"--dominant-color: #e6e0cc; object-fit:contain;width:285px;height:85px\"\/><\/a><\/figure>\n<\/div>\n\n\n\n<div class=\"wp-block-group gt-camping-logo gt-reveal-down is-vertical is-layout-flex wp-container-core-group-is-layout-4 wp-block-group-is-layout-flex\" data-scrolltrigger-start=\"top 70%\">\n<figure class=\"wp-block-image size-full is-resized wp-duotone-a54122-a54122-3\"><a href=\"https:\/\/residence-argeles-sur-mer.com\/en\/\" target=\"_blank\" rel=\"noreferrer noopener\"><img data-dominant-color=\"e6e0cc\" data-has-transparency=\"true\" decoding=\"async\" width=\"125\" height=\"163\" src=\"https:\/\/groupedelmar.fr\/wp-content\/uploads\/2024\/08\/antinea-1.png\" alt=\"antinea\" class=\"wp-image-136 has-transparency\" style=\"--dominant-color: #e6e0cc; object-fit:contain;width:154px;height:154px\"\/><\/a><\/figure>\n<\/div>\n<\/div>\n\n\n\n<div style=\"height:var(--wp--preset--spacing--50)\" aria-hidden=\"true\" class=\"wp-block-spacer gt-hide-mobile\"><\/div>\n\n\n\n<div class=\"wp-block-group alignwide gt-break-mobile is-nowrap is-layout-flex wp-container-core-group-is-layout-9 wp-block-group-is-layout-flex\">\n<div class=\"wp-block-group has-global-padding is-layout-constrained wp-block-group-is-layout-constrained\">\n<div class=\"wp-block-group is-layout-flow wp-block-group-is-layout-flow\" style=\"padding-right:var(--wp--preset--spacing--30);padding-left:var(--wp--preset--spacing--30)\">\n<div style=\"height:10rem\" aria-hidden=\"true\" class=\"wp-block-spacer gt-hide-mobile\"><\/div>\n\n\n\n<figure class=\"wp-block-image aligncenter size-full gt-reveal-down\"><img data-dominant-color=\"b15526\" data-has-transparency=\"true\" style=\"--dominant-color: #b15526;\" decoding=\"async\" width=\"43\" height=\"21\" src=\"https:\/\/groupedelmar.fr\/wp-content\/uploads\/2024\/08\/separator.png\" alt=\"separator\" class=\"wp-image-150 has-transparency\"\/><\/figure>\n\n\n\n<p class=\"has-text-align-center gt-reveal-down has-medium-font-size\">Choose from three establishments of <a href=\"https:\/\/groupedelmar.fr\/en\/\">Groupe Del Mar Villagein Argel\u00e8s-sur-Mer<\/a>: two campsites, one residence, to <strong>satisfy every vacation desire <\/strong>in the Pyr\u00e9n\u00e9es-Orientales!<\/p>\n\n\n<h2 class=\"wp-block-heading has-text-align-center gt-reveal-down has-accent-color has-text-color has-link-color wp-elements-6d72307e43670bf04cf5dc48601555e8\" id=\"discover-del-mar-campsite\">Discover <br>Del Mar campsite<\/h2>\n\n\n<p class=\"has-text-align-center gt-reveal-down has-medium-font-size\">Camping Del Mar is located at the foot of the <strong>Pyrenees<\/strong>, on the <strong>Mediterranean coast,<\/strong> just a few kilometers from <strong>Perpignan<\/strong> (66) and<strong>Spain<\/strong> (25 km). <\/p>\n\n\n\n<p class=\"has-text-align-center gt-reveal-down has-medium-font-size\">In a <strong>relaxed, family<\/strong> atmosphere, the <a href=\"https:\/\/camping-del-mar.com\/\" target=\"_blank\" rel=\"noreferrer noopener\">Del Mar Village campsite in Argel\u00e8s-sur-Mer<\/a> <strong>offers <\/strong><a href=\"https:\/\/camping-del-mar.com\/en\/mobil-home-rental-argeles-sur-mer\/\" target=\"_blank\" rel=\"noreferrer noopener\">mobile home and apartment rentals<\/a> just <strong>500 m from the beach.<\/strong><\/p>\n\n\n    <div id=\"gt-fse-lire-plus-69f0c8798c6f2\" class=\"gt-fse-lire-plus\" data-min-height=\"130\" style=\"background-color: #fff;\">\n        <input id=\"gt-fse-lire-plus-69f0c8798c6f2-toggle\" type=\"checkbox\" class=\"gt-fse-lire-plus__toggle\" \/>\n        <label for=\"gt-fse-lire-plus-69f0c8798c6f2-toggle\" class=\"gt-fse-lire-plus__toggle-label\">\n            <span>Lire plus<\/span>\n            <span>Lire moins<\/span>\n        <\/label>\n        <div class=\"gt-fse-lire-plus__content\" style=\"height: 130px;\">\n            \n\n<p class=\"has-text-align-center gt-reveal-down has-medium-font-size\">In a privileged <strong>8-hectare<\/strong><strong>setting<\/strong>, take advantage of the <a href=\"https:\/\/camping-del-mar.com\/en\/campsite-aquatic-area-argeles-sur-mer\/\" target=\"_blank\" rel=\"noreferrer noopener\">aquatic area<\/a> with <strong>slides<\/strong>, as well as the <strong>sports and leisure facilities<\/strong>. In July and August, the Del Mar Village campsite offers a wide range of <a href=\"https:\/\/camping-del-mar.com\/en\/camping-activities-entertainment-argeles-sur-mer\/\" target=\"_blank\" rel=\"noreferrer noopener\">family activities and entertainment<\/a>. <\/p>\n\n\n\n<p class=\"has-text-align-center gt-reveal-down has-medium-font-size\">Come and discover the magnificent Occitanie region and its sunny <strong>Mediterranean climate<\/strong>. For your stay at the Del Mar Village campsite in Argel\u00e8s-sur-Mer, book your rental to ensure <strong>unforgettable vacations<\/strong> <strong>in Argel\u00e8s-sur-Mer<\/strong>. <\/p>\n\n\n\n<div style=\"height:2rem\" aria-hidden=\"true\" class=\"wp-block-spacer is-style-gt-hide-mobile\"><\/div>\n\n\n\n<div class=\"wp-block-buttons is-content-justification-center is-layout-flex wp-container-core-buttons-is-layout-1 wp-block-buttons-is-layout-flex\">\n<div class=\"wp-block-button has-custom-font-size is-style-gt-contour-small has-sogo-font-family has-large-font-size\" style=\"font-style:normal;font-weight:300\"><a class=\"wp-block-button__link has-accent-color has-text-color has-link-color wp-element-button\" href=\"https:\/\/camping-del-mar.com\/en\/\" target=\"_blank\" rel=\"noreferrer noopener\">Camping Del Mar<\/a><\/div>\n<\/div>\n\n            <div class=\"gt-fse-lire-plus__gradient\" style=\"background: linear-gradient(to bottom,rgba(255,255,255,0) 0%,rgba(255,255,255,1) 100%);\"><\/div>\n        <\/div>\n    <\/div>\n    \n\n\n<div style=\"height:2rem\" aria-hidden=\"true\" class=\"wp-block-spacer is-style-gt-hide-mobile\"><\/div>\n<\/div>\n<\/div>\n\n\n\n<div class=\"wp-block-group wp-container-content-1 is-layout-flow wp-block-group-is-layout-flow\">\n<figure class=\"wp-block-image size-full gt-reveal\"><img data-dominant-color=\"818669\" data-has-transparency=\"false\" style=\"--dominant-color: #818669;\" decoding=\"async\" width=\"640\" height=\"961\" src=\"https:\/\/groupedelmar.fr\/wp-content\/uploads\/2024\/11\/camping-del-mar.webp\" alt=\"camping del mar\" class=\"wp-image-2829 not-transparent\" srcset=\"https:\/\/groupedelmar.fr\/wp-content\/uploads\/2024\/11\/camping-del-mar.webp 640w, https:\/\/groupedelmar.fr\/wp-content\/uploads\/2024\/11\/camping-del-mar-200x300.webp 200w\" sizes=\"(max-width: 640px) 100vw, 640px\" \/><\/figure>\n<\/div>\n<\/div>\n<\/div>\n\n<div class=\"wp-block-group alignfull gt-reveal has-global-padding is-layout-constrained wp-container-core-group-is-layout-16 wp-block-group-is-layout-constrained\">\n<div style=\"height:6rem\" aria-hidden=\"true\" class=\"wp-block-spacer gt-hide-mobile\"><\/div>\n\n\n\n<div class=\"wp-block-group alignwide animated fadeIn slower gt-hide-mobile is-layout-flow wp-block-group-is-layout-flow\" style=\"margin-top:0;margin-bottom:-33px;padding-right:0;padding-left:0\">\n<p class=\"gt-sliding-text has-contrast-3-color has-text-color has-link-color has-sogo-font-family wp-elements-c24a1d0965cb3a1d47b382e173ed2bfb\" style=\"margin-top:0;margin-right:0;margin-bottom:0;margin-left:0;font-size:7vw;font-style:normal;font-weight:300;line-height:1;text-transform:uppercase\">OUR CAMPSITE<\/p>\n<\/div>\n\n\n\n<div class=\"wp-block-group alignwide gt-break-mobile is-nowrap is-layout-flex wp-container-core-group-is-layout-15 wp-block-group-is-layout-flex\">\n<div class=\"wp-block-group wp-container-content-2 is-layout-flow wp-block-group-is-layout-flow\">\n<figure class=\"wp-block-image size-full gt-reveal\"><img data-dominant-color=\"565b3d\" data-has-transparency=\"false\" style=\"--dominant-color: #565b3d;\" decoding=\"async\" width=\"640\" height=\"960\" src=\"https:\/\/groupedelmar.fr\/wp-content\/uploads\/2024\/11\/camping-le-clos-du-thym-1.webp\" alt=\"camping le clos du thym\" class=\"wp-image-2894 not-transparent\" srcset=\"https:\/\/groupedelmar.fr\/wp-content\/uploads\/2024\/11\/camping-le-clos-du-thym-1.webp 640w, https:\/\/groupedelmar.fr\/wp-content\/uploads\/2024\/11\/camping-le-clos-du-thym-1-200x300.webp 200w\" sizes=\"(max-width: 640px) 100vw, 640px\" \/><\/figure>\n<\/div>\n\n\n\n<div class=\"wp-block-group has-global-padding is-layout-constrained wp-block-group-is-layout-constrained\">\n<div class=\"wp-block-group is-layout-flow wp-block-group-is-layout-flow\" style=\"padding-right:var(--wp--preset--spacing--30);padding-left:var(--wp--preset--spacing--30)\">\n<div style=\"height:10rem\" aria-hidden=\"true\" class=\"wp-block-spacer gt-hide-mobile\"><\/div>\n\n\n\n<figure class=\"wp-block-image aligncenter size-full gt-reveal-down\"><img data-dominant-color=\"b15526\" data-has-transparency=\"true\" style=\"--dominant-color: #b15526;\" decoding=\"async\" width=\"43\" height=\"21\" src=\"https:\/\/groupedelmar.fr\/wp-content\/uploads\/2024\/08\/separator.png\" alt=\"separator\" class=\"wp-image-150 has-transparency\"\/><\/figure>\n\n\n<h2 class=\"wp-block-heading has-text-align-center gt-reveal-down has-accent-color has-text-color has-link-color wp-elements-740336ff4b68ab7d5ddc504260e2cc88\" id=\"discover-le-clos-du-thym\">Discover <br>le Clos du Thym<\/h2>\n\n\n<p class=\"has-text-align-center gt-reveal-down has-medium-font-size\">Le <a href=\"https:\/\/campingclosduthym.com\/\" target=\"_blank\" rel=\"noreferrer noopener\">clos du thym<\/a> welcomes you to its <a href=\"https:\/\/campingclosduthym.com\/location-mobil-home-argeles-sur-mer\/\" target=\"_blank\" rel=\"noreferrer noopener\">exclusive village of mobile homes<\/a> between the sea and the mountains for a<strong> friendly, family holiday<\/strong> close to the typical village of<a href=\"https:\/\/campingclosduthym.com\/en\/tourism-pyrenees-orientales\/#argeles-sur-mer\" target=\"_blank\" rel=\"noreferrer noopener\">Argel\u00e8s-sur-Mer<\/a> and less than 3 km from its beautiful beaches with a magnificent view of the <strong>Alb\u00e8res massif<\/strong>.<\/p>\n\n\n\n<p class=\"has-text-align-center gt-reveal-down has-medium-font-size\">Come and relax and recharge your batteries in the 900 m\u00b2 <a href=\"https:\/\/campingclosduthym.com\/en\/camping-pool-argeles-sur-mer\/\" target=\"_blank\" rel=\"noreferrer noopener\">pool area<\/a> with its <strong>balneotherapy bench<\/strong> and <strong>paddling pool<\/strong>.<\/p>\n\n\n\n<p class=\"has-text-align-center gt-reveal-down has-medium-font-size\">Camping clos du thym<strong>\u2002<\/strong>is <strong>open all year round<\/strong>. Our team is always ready to listen to your needs and offer you a warm welcome.<\/p>\n\n\n\n<div style=\"height:2rem\" aria-hidden=\"true\" class=\"wp-block-spacer is-style-gt-hide-mobile\"><\/div>\n\n\n\n<div class=\"wp-block-buttons is-content-justification-center is-layout-flex wp-container-core-buttons-is-layout-2 wp-block-buttons-is-layout-flex\">\n<div class=\"wp-block-button has-custom-font-size is-style-gt-contour-small has-sogo-font-family has-large-font-size\" style=\"font-style:normal;font-weight:300\"><a class=\"wp-block-button__link has-accent-color has-text-color has-link-color wp-element-button\" href=\"https:\/\/campingclosduthym.com\/en\/\" target=\"_blank\" rel=\"noreferrer noopener\">Camping le Clos du Thym<\/a><\/div>\n<\/div>\n\n\n\n<div style=\"height:2rem\" aria-hidden=\"true\" class=\"wp-block-spacer is-style-gt-hide-mobile\"><\/div>\n<\/div>\n<\/div>\n<\/div>\n<\/div>\n\n<div class=\"wp-block-group alignfull has-global-padding is-layout-constrained wp-block-group-is-layout-constrained\">\n<div style=\"height:6rem\" aria-hidden=\"true\" class=\"wp-block-spacer gt-hide-mobile\"><\/div>\n\n\n\n<div class=\"wp-block-group alignfull gt-reveal gt-break-mobile is-content-justification-center is-nowrap is-layout-flex wp-container-core-group-is-layout-22 wp-block-group-is-layout-flex\">\n<div class=\"wp-block-group is-nowrap is-layout-flex wp-container-core-group-is-layout-21 wp-block-group-is-layout-flex\" style=\"padding-right:var(--wp--preset--spacing--20);padding-left:var(--wp--preset--spacing--20)\">\n<div class=\"wp-block-group has-global-padding is-layout-constrained wp-block-group-is-layout-constrained\">\n<div class=\"wp-block-group animated fadeInDown slow gt-reveal-down has-global-padding is-layout-constrained wp-container-core-group-is-layout-18 wp-block-group-is-layout-constrained\">\n<div class=\"wp-block-group gt-reveal-down has-contrast-3-background-color has-background is-layout-flow wp-block-group-is-layout-flow\" style=\"min-height:30rem\"><\/div>\n<\/div>\n\n\n\n<figure class=\"wp-block-image aligncenter size-full gt-reveal-down wp-duotone-e5e0ce-ffffff-4\"><img data-dominant-color=\"b15526\" data-has-transparency=\"true\" style=\"--dominant-color: #b15526;\" decoding=\"async\" width=\"43\" height=\"21\" src=\"https:\/\/groupedelmar.fr\/wp-content\/uploads\/2024\/08\/separator.png\" alt=\"separator\" class=\"wp-image-150 has-transparency\"\/><\/figure>\n<\/div>\n\n\n\n<div class=\"wp-block-group has-global-padding is-layout-constrained wp-block-group-is-layout-constrained\"><h2 class=\"wp-block-heading has-accent-color has-text-color has-link-color wp-elements-839b4d9da07dc9d6cbfc2eb2f8e8197c\" id=\"discover-the-antinea-residence\">Discover <br>the Antin\u00e9a residence<\/h2>\n\n\n<p class=\"has-medium-font-size\">The <a href=\"https:\/\/residence-argeles-sur-mer.com\/\" target=\"_blank\" rel=\"noreferrer noopener\">Antin\u00e9a residence<\/a> is a haven of peace, ideally located for your vacations in the Pyr\u00e9n\u00e9es-Orientales.<\/p>\n\n\n\n<p class=\"has-medium-font-size\">Just <strong>a few steps from the beach<\/strong> and surrounded by <strong>unspoilt nature<\/strong>, the residence offers the perfect setting for relaxing with family or friends.<\/p>\n\n\n\n<p class=\"has-medium-font-size\">Take advantage of our <strong>facilities<\/strong>, <a href=\"https:\/\/residence-argeles-sur-mer.com\/location-hebergement-argeles-sur-mer\/\" target=\"_blank\" rel=\"noreferrer noopener\">studios and apartments for rent in Argel\u00e8s-sur-Mer<\/a> for an unforgettable stay.<\/p>\n\n\n\n<p class=\"has-medium-font-size\">Book now and let yourself be seduced by the <strong>unique atmosphere<\/strong> of the Antin\u00e9a residence, where <strong>well-being<\/strong> is the order of the day.<\/p>\n\n\n\n<div style=\"height:2rem\" aria-hidden=\"true\" class=\"wp-block-spacer is-style-gt-hide-mobile\"><\/div>\n\n\n\n<div class=\"wp-block-buttons is-content-justification-center is-layout-flex wp-container-core-buttons-is-layout-3 wp-block-buttons-is-layout-flex\">\n<div class=\"wp-block-button has-custom-font-size is-style-gt-contour-small has-sogo-font-family has-large-font-size\" style=\"font-style:normal;font-weight:300\"><a class=\"wp-block-button__link has-accent-color has-text-color has-link-color wp-element-button\" href=\"https:\/\/residence-argeles-sur-mer.com\/en\/\" target=\"_blank\" rel=\"noreferrer noopener\">Antin\u00e9a residence<\/a><\/div>\n<\/div>\n<\/div>\n<\/div>\n\n\n\n<figure class=\"wp-block-image size-full\"><img data-dominant-color=\"7b754a\" data-has-transparency=\"false\" style=\"--dominant-color: #7b754a;\" decoding=\"async\" width=\"1108\" height=\"738\" src=\"https:\/\/groupedelmar.fr\/wp-content\/uploads\/2024\/11\/residence-antinea.webp\" alt=\"residence antinea\" class=\"wp-image-2833 not-transparent\" srcset=\"https:\/\/groupedelmar.fr\/wp-content\/uploads\/2024\/11\/residence-antinea.webp 1108w, https:\/\/groupedelmar.fr\/wp-content\/uploads\/2024\/11\/residence-antinea-300x200.webp 300w, https:\/\/groupedelmar.fr\/wp-content\/uploads\/2024\/11\/residence-antinea-1024x682.webp 1024w, https:\/\/groupedelmar.fr\/wp-content\/uploads\/2024\/11\/residence-antinea-768x512.webp 768w\" sizes=\"(max-width: 1108px) 100vw, 1108px\" \/><\/figure>\n<\/div>\n\n\n\n<div style=\"height:6rem\" aria-hidden=\"true\" class=\"wp-block-spacer gt-hide-mobile\"><\/div>\n<\/div>\n\n<div style=\"height:6rem\" aria-hidden=\"true\" class=\"wp-block-spacer gt-hide-mobile\"><\/div>\n\n<div class=\"wp-block-group alignfull is-layout-flow wp-block-group-is-layout-flow\" style=\"padding-bottom:0\">\n<div class=\"wp-block-group alignwide animated fadeIn slower is-layout-flow wp-block-group-is-layout-flow\" style=\"margin-top:0;margin-bottom:-33px;padding-right:0;padding-left:0\">\n<p class=\"gt-sliding-text has-contrast-3-color has-text-color has-link-color has-sogo-font-family wp-elements-7235355d49a730dee18249bdf3519206\" style=\"margin-top:0;margin-right:0;margin-bottom:0;margin-left:0;font-size:7vw;font-style:normal;font-weight:300;line-height:1;text-transform:uppercase\">EXPLORE<\/p>\n<\/div>\n\n\n\n<div class=\"wp-block-group gt-break-mobile is-layout-grid wp-container-core-group-is-layout-28 wp-block-group-is-layout-grid\" style=\"border-radius:2rem\">\n<div\n\tstyle=\"border-radius:0rem;\" class=\"gt-maillage-5 wp-block-gt-gt-fse-maillage\"\tdata-wp-interactive=\"gt\/maillage\"\n\tdata-wp-on--click=\"actions.ctaLoad\"\n\tdata-wp-context='{\"radius\":\"0rem\",\"hover_bg_color\":\"#132f44\",\"hover_text_color\":\"#ffffff\",\"hover_image_opacity\":0.5}'>\t\n\n\t\n\t\t\t\t\t\t\t\t\t<div \n\t\t\t\tclass=\"gt-fse-maillage-link gt-fse-maillage-image-zoom gt-fse-maillage-hover-background-color gt-fse-maillage-hover-text-color\"\n\t\t\t\tstyle=\"border-radius: 0rem\"\n\t\t\t\tdata-wp-on-async--mouseover=\"actions.mouseover\"\n\t\t\t>\n\t\t\t\t\t\t\t\t\t\t\t\n<div class=\"wp-block-group is-layout-flow wp-block-group-is-layout-flow\">\n<div style=\"aspect-ratio:16\/9;min-height:unset;aspect-ratio:16\/9;min-height:unset;\" class=\"wp-block-cover is-light has-custom-content-position is-position-bottom-right has-aspect-ratio\"><span aria-hidden=\"true\" class=\"wp-block-cover__background has-black-background-color has-background-dim\"><\/span><img decoding=\"async\" width=\"1920\" height=\"434\" src=\"https:\/\/groupedelmar.fr\/wp-content\/uploads\/2024\/11\/tourisme-pyrenees-orientales.webp\" class=\"wp-block-cover__image-background not-transparent wp-post-image\" alt=\"tourism pyrenees orientales\" data-object-fit=\"cover\" srcset=\"https:\/\/groupedelmar.fr\/wp-content\/uploads\/2024\/11\/tourisme-pyrenees-orientales.webp 1920w, https:\/\/groupedelmar.fr\/wp-content\/uploads\/2024\/11\/tourisme-pyrenees-orientales-300x68.webp 300w, https:\/\/groupedelmar.fr\/wp-content\/uploads\/2024\/11\/tourisme-pyrenees-orientales-1024x231.webp 1024w, https:\/\/groupedelmar.fr\/wp-content\/uploads\/2024\/11\/tourisme-pyrenees-orientales-768x174.webp 768w, https:\/\/groupedelmar.fr\/wp-content\/uploads\/2024\/11\/tourisme-pyrenees-orientales-1536x347.webp 1536w\" sizes=\"(max-width: 1920px) 100vw, 1920px\" data-has-transparency=\"false\" data-dominant-color=\"a19b8d\" style=\"--dominant-color: #a19b8d;\" \/><div class=\"wp-block-cover__inner-container has-global-padding is-layout-constrained wp-block-cover-is-layout-constrained\">\n\n\n\n<p style=\"font-weight:700;text-transform:uppercase;\" class=\"wp-elements-07611e8410ba885a13be86d25add2159 wp-block-gt-gt-fse-maillage-titre has-text-color has-base-color has-large-font-size has-sogo-font-family\">\n    The Pyr\u00e9n\u00e9es-Orientales, a region to discover<\/p>\n\n<\/div><\/div>\n<\/div>\n\t\t\t\t\t\t\t<\/div>\n\t\t\t\t\t\t\t\t\t\t\t<div \n\t\t\t\tclass=\"gt-fse-maillage-link gt-fse-maillage-image-zoom gt-fse-maillage-hover-background-color gt-fse-maillage-hover-text-color\"\n\t\t\t\tstyle=\"border-radius: 0rem\"\n\t\t\t\tdata-wp-on-async--mouseover=\"actions.mouseover\"\n\t\t\t>\n\t\t\t\t\t\t\t\t\t\t\t\n<div class=\"wp-block-group is-layout-flow wp-block-group-is-layout-flow\">\n<div style=\"aspect-ratio:16\/9;min-height:unset;aspect-ratio:16\/9;min-height:unset;\" class=\"wp-block-cover is-light has-custom-content-position is-position-bottom-right has-aspect-ratio\"><span aria-hidden=\"true\" class=\"wp-block-cover__background has-black-background-color has-background-dim\"><\/span><img decoding=\"async\" width=\"1920\" height=\"434\" src=\"https:\/\/groupedelmar.fr\/wp-content\/uploads\/2024\/11\/location-hebergement-argeles-sur-mer-groupe-del-mar.webp\" class=\"wp-block-cover__image-background not-transparent wp-post-image\" alt=\"accommodation rental argeles sur mer groupe del mar\" data-object-fit=\"cover\" srcset=\"https:\/\/groupedelmar.fr\/wp-content\/uploads\/2024\/11\/location-hebergement-argeles-sur-mer-groupe-del-mar.webp 1920w, https:\/\/groupedelmar.fr\/wp-content\/uploads\/2024\/11\/location-hebergement-argeles-sur-mer-groupe-del-mar-300x68.webp 300w, https:\/\/groupedelmar.fr\/wp-content\/uploads\/2024\/11\/location-hebergement-argeles-sur-mer-groupe-del-mar-1024x231.webp 1024w, https:\/\/groupedelmar.fr\/wp-content\/uploads\/2024\/11\/location-hebergement-argeles-sur-mer-groupe-del-mar-768x174.webp 768w, https:\/\/groupedelmar.fr\/wp-content\/uploads\/2024\/11\/location-hebergement-argeles-sur-mer-groupe-del-mar-1536x347.webp 1536w\" sizes=\"(max-width: 1920px) 100vw, 1920px\" data-has-transparency=\"false\" data-dominant-color=\"b4a381\" style=\"--dominant-color: #b4a381;\" \/><div class=\"wp-block-cover__inner-container has-global-padding is-layout-constrained wp-block-cover-is-layout-constrained\">\n\n\n\n<p style=\"font-weight:700;text-transform:uppercase;\" class=\"wp-elements-07611e8410ba885a13be86d25add2159 wp-block-gt-gt-fse-maillage-titre has-text-color has-base-color has-large-font-size has-sogo-font-family\">\n    Comfortable accommodation to rent in Argel\u00e8s-sur-Mer<\/p>\n\n<\/div><\/div>\n<\/div>\n\t\t\t\t\t\t\t<\/div>\n\t\t\t\t\t\t\t\t\t\t\t<div \n\t\t\t\tclass=\"gt-fse-maillage-link gt-fse-maillage-image-zoom gt-fse-maillage-hover-background-color gt-fse-maillage-hover-text-color\"\n\t\t\t\tstyle=\"border-radius: 0rem\"\n\t\t\t\tdata-wp-on-async--mouseover=\"actions.mouseover\"\n\t\t\t>\n\t\t\t\t\t\t\t\t\t\t\t\n<div class=\"wp-block-group is-layout-flow wp-block-group-is-layout-flow\">\n<div style=\"aspect-ratio:16\/9;min-height:unset;aspect-ratio:16\/9;min-height:unset;\" class=\"wp-block-cover is-light has-custom-content-position is-position-bottom-right has-aspect-ratio\"><span aria-hidden=\"true\" class=\"wp-block-cover__background has-black-background-color has-background-dim\"><\/span><img decoding=\"async\" width=\"1920\" height=\"434\" src=\"https:\/\/groupedelmar.fr\/wp-content\/uploads\/2024\/11\/groupe-familial-del-mar-argeles-sur-mer.webp\" class=\"wp-block-cover__image-background not-transparent wp-post-image\" alt=\"groupe familial del mar argeles sur mer\" data-object-fit=\"cover\" srcset=\"https:\/\/groupedelmar.fr\/wp-content\/uploads\/2024\/11\/groupe-familial-del-mar-argeles-sur-mer.webp 1920w, https:\/\/groupedelmar.fr\/wp-content\/uploads\/2024\/11\/groupe-familial-del-mar-argeles-sur-mer-300x68.webp 300w, https:\/\/groupedelmar.fr\/wp-content\/uploads\/2024\/11\/groupe-familial-del-mar-argeles-sur-mer-1024x231.webp 1024w, https:\/\/groupedelmar.fr\/wp-content\/uploads\/2024\/11\/groupe-familial-del-mar-argeles-sur-mer-768x174.webp 768w, https:\/\/groupedelmar.fr\/wp-content\/uploads\/2024\/11\/groupe-familial-del-mar-argeles-sur-mer-1536x347.webp 1536w\" sizes=\"(max-width: 1920px) 100vw, 1920px\" data-has-transparency=\"false\" data-dominant-color=\"596334\" style=\"--dominant-color: #596334;\" \/><div class=\"wp-block-cover__inner-container has-global-padding is-layout-constrained wp-block-cover-is-layout-constrained\">\n\n\n\n<p style=\"font-weight:700;text-transform:uppercase;\" class=\"wp-elements-07611e8410ba885a13be86d25add2159 wp-block-gt-gt-fse-maillage-titre has-text-color has-base-color has-large-font-size has-sogo-font-family\">\n    Three establishments, one ambition: to offer you a dream holiday in the Pyr\u00e9n\u00e9es-Orientales<\/p>\n\n<\/div><\/div>\n<\/div>\n\t\t\t\t\t\t\t<\/div>\n\t\t\t\t\t\t\t\t<\/div><\/div>\n\n\n\n<div style=\"height:6rem\" aria-hidden=\"true\" class=\"wp-block-spacer\"><\/div>\n<\/div>\n","protected":false},"excerpt":{"rendered":"<p>Discover our establishments Choose from three establishments of Groupe Del Mar Villagein Argel\u00e8s-sur-Mer: two campsites, one residence, to satisfy every vacation desire in the Pyr\u00e9n\u00e9es-Orientales! Discover Del Mar campsite Camping Del Mar is located at the foot of the Pyrenees, on the Mediterranean coast, just a few kilometers from Perpignan (66) andSpain (25 km). In [&hellip;]<\/p>\n","protected":false},"author":1,"featured_media":2575,"parent":0,"menu_order":0,"comment_status":"closed","ping_status":"closed","template":"","meta":{"_acf_changed":false,"_seopress_robots_primary_cat":"","_seopress_titles_title":"Campsites and residences in Argel\u00e8s-sur-Mer, Pyr\u00e9n\u00e9es-Orientales","_seopress_titles_desc":"Stay at one of our family campsites or in our hotel residence in Argel\u00e8s-sur-Mer, and enjoy the best services in the Pyr\u00e9n\u00e9es-orientales.","_seopress_robots_index":"","_gt_ctv_global_id":"241","_gt_ctv_id_group":true,"inline_featured_image":false,"gt_fse_maillage_image":"https:\/\/groupedelmar.fr\/wp-content\/uploads\/2024\/11\/groupe-del-mar-campings-residence-argeles-sur-mer.webp","gt_fse_maillage_titre":"Welcome to our three establishments ideally located in Argel\u00e8s-sur-Mer","gt_fse_maillage_resume":"","_gt_maillage_image":0,"_gt_maillage_video":0,"_gt_maillage_title":"","footnotes":""},"categories":[],"tags":[],"class_list":["post-3838","page","type-page","status-publish","has-post-thumbnail","hentry"],"acf":[],"_links":{"self":[{"href":"https:\/\/groupedelmar.fr\/en\/wp-json\/wp\/v2\/pages\/3838","targetHints":{"allow":["GET"]}}],"collection":[{"href":"https:\/\/groupedelmar.fr\/en\/wp-json\/wp\/v2\/pages"}],"about":[{"href":"https:\/\/groupedelmar.fr\/en\/wp-json\/wp\/v2\/types\/page"}],"author":[{"embeddable":true,"href":"https:\/\/groupedelmar.fr\/en\/wp-json\/wp\/v2\/users\/1"}],"replies":[{"embeddable":true,"href":"https:\/\/groupedelmar.fr\/en\/wp-json\/wp\/v2\/comments?post=3838"}],"version-history":[{"count":8,"href":"https:\/\/groupedelmar.fr\/en\/wp-json\/wp\/v2\/pages\/3838\/revisions"}],"predecessor-version":[{"id":4026,"href":"https:\/\/groupedelmar.fr\/en\/wp-json\/wp\/v2\/pages\/3838\/revisions\/4026"}],"wp:featuredmedia":[{"embeddable":true,"href":"https:\/\/groupedelmar.fr\/en\/wp-json\/wp\/v2\/media\/2575"}],"wp:attachment":[{"href":"https:\/\/groupedelmar.fr\/en\/wp-json\/wp\/v2\/media?parent=3838"}],"wp:term":[{"taxonomy":"category","embeddable":true,"href":"https:\/\/groupedelmar.fr\/en\/wp-json\/wp\/v2\/categories?post=3838"},{"taxonomy":"post_tag","embeddable":true,"href":"https:\/\/groupedelmar.fr\/en\/wp-json\/wp\/v2\/tags?post=3838"}],"curies":[{"name":"wp","href":"https:\/\/api.w.org\/{rel}","templated":true}]}}