{"id":3830,"date":"2024-08-13T10:52:51","date_gmt":"2024-08-13T08:52:51","guid":{"rendered":"https:\/\/groupedelmar.fr\/accomodation-rentals-argeles-sur-mer\/"},"modified":"2025-01-15T15:24:09","modified_gmt":"2025-01-15T14:24:09","slug":"accomodation-rentals-argeles-sur-mer","status":"publish","type":"page","link":"https:\/\/groupedelmar.fr\/en\/accomodation-rentals-argeles-sur-mer\/","title":{"rendered":"Comfortable accommodation to rent in Argel\u00e8s-sur-Mer"},"content":{"rendered":"\n<div class=\"wp-block-group alignfull gt-reveal has-global-padding is-layout-constrained wp-container-core-group-is-layout-17 wp-block-group-is-layout-constrained\">\n<div style=\"height:6rem\" aria-hidden=\"true\" class=\"wp-block-spacer\"><\/div>\n\n\n\n<div class=\"wp-block-group alignfull animated fadeIn slower is-layout-flow wp-block-group-is-layout-flow\" style=\"margin-top:0;margin-bottom:-33px;padding-right:0;padding-left:0\">\n<p class=\"has-text-align-center gt-sliding-text has-contrast-3-color has-text-color has-link-color has-sogo-font-family wp-elements-11843fd90c6c322957347bbb9599a391\" style=\"margin-top:0;margin-right:-33px;margin-bottom:0;margin-left:-33px;font-size:4.5vw;font-style:normal;font-weight:300;line-height:1;text-transform:uppercase\">Discover our establishments<\/p>\n<\/div>\n\n\n\n<div style=\"height:3rem\" aria-hidden=\"true\" class=\"wp-block-spacer\"><\/div>\n\n\n\n<div data-swiper=\"{&quot;speed&quot;:400,&quot;spaceBetween&quot;:16,&quot;slidesPerView&quot;:3,&quot;createElements&quot;:true,&quot;loop&quot;:true,&quot;freemode&quot;:true,&quot;navigation&quot;:{&quot;nextEl&quot;:&quot;buttonNext&quot;,&quot;prevEl&quot;:&quot;buttonPrev&quot;},&quot;pagination&quot;:{&quot;el&quot;:&quot;.swiper-pagination&quot;,&quot;dynamicBullets&quot;:true},&quot;breakpoints&quot;:{&quot;0&quot;:{&quot;slidesPerView&quot;:1},&quot;380&quot;:{&quot;slidesPerView&quot;:2},&quot;1024&quot;:{&quot;slidesPerView&quot;:3}},&quot;autoplay&quot;:{&quot;delay&quot;:2000}}\" class=\"wp-block-group alignfull gt-logos-camping gt-is-slider gt-is-slider-mobile is-content-justification-center is-nowrap is-layout-flex wp-container-core-group-is-layout-5 wp-block-group-is-layout-flex\" style=\"margin-top:0;margin-bottom:0;padding-top:var(--wp--preset--spacing--30);padding-bottom:var(--wp--preset--spacing--30)\">\n<div class=\"wp-block-group gt-camping-logo gt-reveal-down is-vertical is-layout-flex wp-container-core-group-is-layout-2 wp-block-group-is-layout-flex\">\n<figure class=\"wp-block-image size-full is-resized wp-duotone-132f44-132f44-1\"><a href=\"https:\/\/camping-del-mar.com\/en\/\" target=\"_blank\" rel=\"noreferrer noopener\"><img data-dominant-color=\"d2cbb0\" data-has-transparency=\"true\" decoding=\"async\" width=\"158\" height=\"160\" src=\"https:\/\/groupedelmar.fr\/wp-content\/uploads\/2024\/08\/village-delmar.png\" alt=\"delmar village\" class=\"wp-image-124 has-transparency\" style=\"--dominant-color: #d2cbb0; object-fit:contain;width:160px;height:160px\"\/><\/a><\/figure>\n<\/div>\n\n\n\n<div class=\"wp-block-group gt-camping-logo gt-reveal-down is-vertical is-layout-flex wp-container-core-group-is-layout-3 wp-block-group-is-layout-flex\" data-scrolltrigger-start=\"top 80%\">\n<figure class=\"wp-block-image size-full is-resized wp-duotone-174c4f-174c4f-2\"><a href=\"https:\/\/campingclosduthym.com\/en\/\" target=\"_blank\" rel=\"noreferrer noopener\"><img data-dominant-color=\"e6e0cc\" data-has-transparency=\"true\" decoding=\"async\" width=\"295\" height=\"85\" src=\"https:\/\/groupedelmar.fr\/wp-content\/uploads\/2024\/08\/clos-du-thym.png\" alt=\"clos du thym\" class=\"wp-image-126 has-transparency\" style=\"--dominant-color: #e6e0cc; object-fit:contain;width:285px;height:85px\"\/><\/a><\/figure>\n<\/div>\n\n\n\n<div class=\"wp-block-group gt-camping-logo gt-reveal-down is-vertical is-layout-flex wp-container-core-group-is-layout-4 wp-block-group-is-layout-flex\" data-scrolltrigger-start=\"top 70%\">\n<figure class=\"wp-block-image size-full is-resized wp-duotone-a54122-a54122-3\"><a href=\"https:\/\/residence-argeles-sur-mer.com\/en\/\" target=\"_blank\" rel=\"noreferrer noopener\"><img data-dominant-color=\"e6e0cc\" data-has-transparency=\"true\" decoding=\"async\" width=\"125\" height=\"163\" src=\"https:\/\/groupedelmar.fr\/wp-content\/uploads\/2024\/08\/antinea-1.png\" alt=\"antinea\" class=\"wp-image-136 has-transparency\" style=\"--dominant-color: #e6e0cc; object-fit:contain;width:154px;height:154px\"\/><\/a><\/figure>\n<\/div>\n<\/div>\n\n\n\n<div style=\"height:var(--wp--preset--spacing--50)\" aria-hidden=\"true\" class=\"wp-block-spacer\"><\/div>\n\n\n\n<div class=\"wp-block-group alignwide is-layout-flow wp-block-group-is-layout-flow\" style=\"padding-top:0;padding-bottom:0\"><h2 class=\"wp-block-heading has-accent-color has-text-color has-link-color has-x-large-font-size wp-elements-27f51356e7577f341bf797a785331440\" id=\"rent-a-fully-equipped-mobile-home-or-chalet-in-the-pyrenees-orientales-your-tropical-oasis\"><strong>Rent a fully-equipped mobile home or chalet in the Pyr\u00e9n\u00e9es-Orientales<\/strong>: <strong>Your tropical oasis<\/strong><\/h2>\n\n\n<div style=\"height:var(--wp--preset--spacing--20)\" aria-hidden=\"true\" class=\"wp-block-spacer\"><\/div>\n<\/div>\n\n\n\n<div style=\"height:var(--wp--preset--spacing--30)\" aria-hidden=\"true\" class=\"wp-block-spacer\"><\/div>\n\n\n\n<div class=\"wp-block-group alignwide is-layout-flow wp-block-group-is-layout-flow\" style=\"padding-top:0;padding-bottom:0\">\n<div class=\"wp-block-columns is-layout-flex wp-container-core-columns-is-layout-1 wp-block-columns-is-layout-flex\" style=\"padding-right:0;padding-left:0\">\n<div class=\"wp-block-column is-layout-flow wp-block-column-is-layout-flow\">\n<p>Come and enjoy an unforgettable vacation in the heart of the magnificent Pyr\u00e9n\u00e9es-Orientales! <a href=\"https:\/\/groupedelmar.fr\/en\/\">Groupe Del Mar Village<\/a>&#8216;s <strong>mobile homes and chalets<\/strong> <a href=\"https:\/\/groupedelmar.fr\/en\/\">in Argel\u00e8s-sur-Mer<\/a>, designed for the <strong>comfort of the whole family<\/strong>, welcome you to an <strong>exceptional natural setting<\/strong>. Enjoy breathtaking scenery, a variety of activities and a warm atmosphere. Book now and create unforgettable memories with your loved ones!   <\/p>\n\n\n\n<p>The <strong>well-being of<\/strong> our guests is our top priority. We do everything we can to make you feel <strong>at home<\/strong>. Come and enjoy the unique experience of a family campsite where every detail counts. Our attentive team will make sure your stay is perfect, from <strong>modern facilities<\/strong> to friendly entertainment. Take advantage of the swimming pool, relax in the heart of nature on the terrace of <a href=\"https:\/\/campingclosduthym.com\/location-mobil-home-argeles-sur-mer\/\" target=\"_blank\" rel=\"noreferrer noopener\">your mobile home at <strong>Camping Clos du Thym<\/strong> to rent in Argel\u00e8s-sur-Mer<\/a> and treat your taste buds to evening barbecues. Each accommodation is equipped with a <strong>gas plancha<\/strong>.     <\/p>\n\n\n\n<p>Book today and discover why our guests return year after year to create unforgettable memories in our family oasis.<\/p>\n\n\n\n<div class=\"wp-block-buttons is-content-justification-center is-layout-flex wp-container-core-buttons-is-layout-1 wp-block-buttons-is-layout-flex\">\n<div class=\"wp-block-button has-custom-font-size is-style-gt-contour-small has-sogo-font-family has-large-font-size\" style=\"font-style:normal;font-weight:300\"><a class=\"wp-block-button__link has-accent-color has-text-color has-link-color wp-element-button\" href=\"https:\/\/groupedelmar.fr\/wp-content\/uploads\/2024\/12\/offre-de-fidelite1.png\" target=\"_blank\" rel=\"noreferrer noopener\">Our promotions<\/a><\/div>\n<\/div>\n\n\n\n<div style=\"height:1rem\" aria-hidden=\"true\" class=\"wp-block-spacer\"><\/div>\n<\/div>\n\n\n\n<div class=\"wp-block-column is-layout-flow wp-container-core-column-is-layout-2 wp-block-column-is-layout-flow\">\n<div class=\"wp-block-group animated fadeIn slow is-layout-flow wp-block-group-is-layout-flow\">\n<figure data-wp-context=\"{&quot;imageId&quot;:&quot;69f0b7bf4492f&quot;}\" data-wp-interactive=\"core\/image\" class=\"wp-block-image size-full wp-lightbox-container\"><img data-dominant-color=\"b5b392\" data-has-transparency=\"false\" decoding=\"async\" width=\"648\" height=\"865\" data-wp-class--hide=\"state.isContentHidden\" data-wp-class--show=\"state.isContentVisible\" data-wp-init=\"callbacks.setButtonStyles\" data-wp-on-async--click=\"actions.showLightbox\" data-wp-on-async--load=\"callbacks.setButtonStyles\" data-wp-on-async-window--resize=\"callbacks.setButtonStyles\" src=\"https:\/\/groupedelmar.fr\/wp-content\/uploads\/2024\/11\/louez-un-mobil-home.webp\" alt=\"rent a mobile home\" class=\"wp-image-2938 not-transparent\" style=\"--dominant-color: #b5b392; aspect-ratio:3\/4;object-fit:cover\" srcset=\"https:\/\/groupedelmar.fr\/wp-content\/uploads\/2024\/11\/louez-un-mobil-home.webp 648w, https:\/\/groupedelmar.fr\/wp-content\/uploads\/2024\/11\/louez-un-mobil-home-225x300.webp 225w\" sizes=\"(max-width: 648px) 100vw, 648px\" \/><button\n\t\t\tclass=\"lightbox-trigger\"\n\t\t\ttype=\"button\"\n\t\t\taria-haspopup=\"dialog\"\n\t\t\taria-label=\"Enlarge image: rent a mobile home\"\n\t\t\tdata-wp-init=\"callbacks.initTriggerButton\"\n\t\t\tdata-wp-on-async--click=\"actions.showLightbox\"\n\t\t\tdata-wp-style--right=\"state.imageButtonRight\"\n\t\t\tdata-wp-style--top=\"state.imageButtonTop\"\n\t\t>\n\t\t\t<svg xmlns=\"http:\/\/www.w3.org\/2000\/svg\" width=\"12\" height=\"12\" fill=\"none\" viewBox=\"0 0 12 12\">\n\t\t\t\t<path fill=\"#fff\" d=\"M2 0a2 2 0 0 0-2 2v2h1.5V2a.5.5 0 0 1 .5-.5h2V0H2Zm2 10.5H2a.5.5 0 0 1-.5-.5V8H0v2a2 2 0 0 0 2 2h2v-1.5ZM8 12v-1.5h2a.5.5 0 0 0 .5-.5V8H12v2a2 2 0 0 1-2 2H8Zm2-12a2 2 0 0 1 2 2v2h-1.5V2a.5.5 0 0 0-.5-.5H8V0h2Z\" \/>\n\t\t\t<\/svg>\n\t\t<\/button><\/figure>\n<\/div>\n<\/div>\n<\/div>\n<\/div>\n\n\n\n<div style=\"height:var(--wp--preset--spacing--50)\" aria-hidden=\"true\" class=\"wp-block-spacer\"><\/div>\n\n\n\n<div class=\"wp-block-group alignwide is-layout-flow wp-block-group-is-layout-flow\" style=\"padding-top:var(--wp--preset--spacing--40);padding-bottom:var(--wp--preset--spacing--40)\">\n<div class=\"wp-block-columns is-layout-flex wp-container-core-columns-is-layout-2 wp-block-columns-is-layout-flex\">\n<div class=\"wp-block-column is-vertically-aligned-center is-layout-flow wp-container-core-column-is-layout-3 wp-block-column-is-layout-flow\">\n<div class=\"wp-block-group animated fadeIn slow has-global-padding is-layout-constrained wp-block-group-is-layout-constrained\">\n<figure data-wp-context=\"{&quot;imageId&quot;:&quot;69f0b7bf44f1a&quot;}\" data-wp-interactive=\"core\/image\" class=\"wp-block-image size-full wp-lightbox-container\"><img data-dominant-color=\"8d9465\" data-has-transparency=\"false\" decoding=\"async\" width=\"1299\" height=\"865\" data-wp-class--hide=\"state.isContentHidden\" data-wp-class--show=\"state.isContentVisible\" data-wp-init=\"callbacks.setButtonStyles\" data-wp-on-async--click=\"actions.showLightbox\" data-wp-on-async--load=\"callbacks.setButtonStyles\" data-wp-on-async-window--resize=\"callbacks.setButtonStyles\" src=\"https:\/\/groupedelmar.fr\/wp-content\/uploads\/2024\/11\/residence-antinea-studios-et-appartements-en-location.webp\" alt=\"residence antinea studios and apartments for rent\" class=\"wp-image-3132 not-transparent\" style=\"--dominant-color: #8d9465; aspect-ratio:3\/2;object-fit:cover\" srcset=\"https:\/\/groupedelmar.fr\/wp-content\/uploads\/2024\/11\/residence-antinea-studios-et-appartements-en-location.webp 1299w, https:\/\/groupedelmar.fr\/wp-content\/uploads\/2024\/11\/residence-antinea-studios-et-appartements-en-location-300x200.webp 300w, https:\/\/groupedelmar.fr\/wp-content\/uploads\/2024\/11\/residence-antinea-studios-et-appartements-en-location-1024x682.webp 1024w, https:\/\/groupedelmar.fr\/wp-content\/uploads\/2024\/11\/residence-antinea-studios-et-appartements-en-location-768x511.webp 768w\" sizes=\"(max-width: 1299px) 100vw, 1299px\" \/><button\n\t\t\tclass=\"lightbox-trigger\"\n\t\t\ttype=\"button\"\n\t\t\taria-haspopup=\"dialog\"\n\t\t\taria-label=\"Enlarge image: residence antinea studios and apartments for rent\"\n\t\t\tdata-wp-init=\"callbacks.initTriggerButton\"\n\t\t\tdata-wp-on-async--click=\"actions.showLightbox\"\n\t\t\tdata-wp-style--right=\"state.imageButtonRight\"\n\t\t\tdata-wp-style--top=\"state.imageButtonTop\"\n\t\t>\n\t\t\t<svg xmlns=\"http:\/\/www.w3.org\/2000\/svg\" width=\"12\" height=\"12\" fill=\"none\" viewBox=\"0 0 12 12\">\n\t\t\t\t<path fill=\"#fff\" d=\"M2 0a2 2 0 0 0-2 2v2h1.5V2a.5.5 0 0 1 .5-.5h2V0H2Zm2 10.5H2a.5.5 0 0 1-.5-.5V8H0v2a2 2 0 0 0 2 2h2v-1.5ZM8 12v-1.5h2a.5.5 0 0 0 .5-.5V8H12v2a2 2 0 0 1-2 2H8Zm2-12a2 2 0 0 1 2 2v2h-1.5V2a.5.5 0 0 0-.5-.5H8V0h2Z\" \/>\n\t\t\t<\/svg>\n\t\t<\/button><\/figure>\n<\/div>\n<\/div>\n\n\n\n<div class=\"wp-block-column is-vertically-aligned-top is-layout-flow wp-block-column-is-layout-flow\"><h2 class=\"wp-block-heading has-accent-color has-text-color has-link-color has-x-large-font-size wp-elements-2df788a9034aa66ae78c8d78c3b7c3fa\" id=\"just-like-home-in-our-studios-and-apartments-for-rent-in-argeles-sur-mer\">Just like home in <br>our studios and apartments <br>for rent in Argel\u00e8s-sur-Mer<\/h2>\n\n\n<p><strong>&#8220;Stay comfortably in our studios and apartments in Argel\u00e8s-sur-Mer&#8221;<\/strong><\/p>\n\n\n    <div id=\"gt-fse-lire-plus-69f0b7bf45210\" class=\"gt-fse-lire-plus\" data-min-height=\"130\" style=\"background-color: #fff;\">\n        <input id=\"gt-fse-lire-plus-69f0b7bf45210-toggle\" type=\"checkbox\" class=\"gt-fse-lire-plus__toggle\" \/>\n        <label for=\"gt-fse-lire-plus-69f0b7bf45210-toggle\" class=\"gt-fse-lire-plus__toggle-label\">\n            <span>Lire plus<\/span>\n            <span>Lire moins<\/span>\n        <\/label>\n        <div class=\"gt-fse-lire-plus__content\" style=\"height: 130px;\">\n            \n\n<p>Come and discover our <strong>oasis of comfort<\/strong> in the heart of Argel\u00e8s-sur-Mer! Our <a href=\"https:\/\/residence-argeles-sur-mer.com\/location-hebergement-argeles-sur-mer\/\" target=\"_blank\" rel=\"noreferrer noopener\">studios and apartments for rent in Argel\u00e8s-sur-Mer<\/a>, nestled in a 4-star campsite, offer you a unique experience. Take advantage of the<strong>facilities<\/strong>, <strong>warm atmosphere<\/strong> and <strong>exceptional setting<\/strong>. Whether you&#8217;re a family, a couple or a group of friends, our establishment will <strong>make you feel right at home<\/strong>.   <\/p>\n\n\n\n<p>Enjoy a <strong>breathtaking view of the Alb\u00e8res mountains<\/strong> or a <strong>Mediterranean garden<\/strong> with <strong>century-old olive trees<\/strong>.<\/p>\n\n            <div class=\"gt-fse-lire-plus__gradient\" style=\"background: linear-gradient(to bottom,rgba(255,255,255,0) 0%,rgba(255,255,255,1) 100%);\"><\/div>\n        <\/div>\n    <\/div>\n    <\/div>\n<\/div>\n<\/div>\n\n\n\n<div style=\"height:6rem\" aria-hidden=\"true\" class=\"wp-block-spacer\"><\/div>\n\n\n\n<div class=\"wp-block-group alignfull is-layout-flow wp-block-group-is-layout-flow\" style=\"padding-bottom:0\">\n<div class=\"wp-block-group alignwide animated fadeIn slower is-layout-flow wp-block-group-is-layout-flow\" style=\"margin-top:0;margin-bottom:-33px;padding-right:0;padding-left:0\">\n<p class=\"gt-sliding-text has-contrast-3-color has-text-color has-link-color has-sogo-font-family wp-elements-b0a741a9e9fb60b5ab7efc0f9f29396c\" style=\"margin-top:0;margin-right:0;margin-bottom:0;margin-left:0;font-size:7vw;font-style:normal;font-weight:300;line-height:1;text-transform:uppercase\">DISCOVER<\/p>\n<\/div>\n\n\n\n<div class=\"wp-block-group gt-break-mobile is-layout-grid wp-container-core-group-is-layout-15 wp-block-group-is-layout-grid\" style=\"border-radius:2rem\">\n<div\n\tstyle=\"border-radius:0rem;\" class=\"gt-maillage-4 wp-block-gt-gt-fse-maillage\"\tdata-wp-interactive=\"gt\/maillage\"\n\tdata-wp-on--click=\"actions.ctaLoad\"\n\tdata-wp-context='{\"radius\":\"0rem\",\"hover_bg_color\":\"#132f44\",\"hover_text_color\":\"#ffffff\",\"hover_image_opacity\":0.5}'>\t\n\n\t\n\t\t\t\t\t\t\t\t\t<div \n\t\t\t\tclass=\"gt-fse-maillage-link gt-fse-maillage-image-zoom gt-fse-maillage-hover-background-color gt-fse-maillage-hover-text-color\"\n\t\t\t\tstyle=\"border-radius: 0rem\"\n\t\t\t\tdata-wp-on-async--mouseover=\"actions.mouseover\"\n\t\t\t>\n\t\t\t\t\t\t\t\t\t\t\t\n<div class=\"wp-block-group is-layout-flow wp-block-group-is-layout-flow\">\n<div style=\"aspect-ratio:16\/9;min-height:unset;aspect-ratio:16\/9;min-height:unset;\" class=\"wp-block-cover is-light has-custom-content-position is-position-bottom-right has-aspect-ratio\"><span aria-hidden=\"true\" class=\"wp-block-cover__background has-black-background-color has-background-dim\"><\/span><img decoding=\"async\" width=\"1920\" height=\"434\" src=\"https:\/\/groupedelmar.fr\/wp-content\/uploads\/2024\/11\/tourisme-pyrenees-orientales.webp\" class=\"wp-block-cover__image-background not-transparent wp-post-image\" alt=\"tourism pyrenees orientales\" data-object-fit=\"cover\" srcset=\"https:\/\/groupedelmar.fr\/wp-content\/uploads\/2024\/11\/tourisme-pyrenees-orientales.webp 1920w, https:\/\/groupedelmar.fr\/wp-content\/uploads\/2024\/11\/tourisme-pyrenees-orientales-300x68.webp 300w, https:\/\/groupedelmar.fr\/wp-content\/uploads\/2024\/11\/tourisme-pyrenees-orientales-1024x231.webp 1024w, https:\/\/groupedelmar.fr\/wp-content\/uploads\/2024\/11\/tourisme-pyrenees-orientales-768x174.webp 768w, https:\/\/groupedelmar.fr\/wp-content\/uploads\/2024\/11\/tourisme-pyrenees-orientales-1536x347.webp 1536w\" sizes=\"(max-width: 1920px) 100vw, 1920px\" data-has-transparency=\"false\" data-dominant-color=\"a19b8d\" style=\"--dominant-color: #a19b8d;\" \/><div class=\"wp-block-cover__inner-container has-global-padding is-layout-constrained wp-block-cover-is-layout-constrained\">\n\n\n\n<p style=\"font-weight:700;text-transform:uppercase;\" class=\"wp-elements-07611e8410ba885a13be86d25add2159 wp-block-gt-gt-fse-maillage-titre has-text-color has-base-color has-large-font-size has-sogo-font-family\">\n    The Pyr\u00e9n\u00e9es-Orientales, a region to discover<\/p>\n\n<\/div><\/div>\n<\/div>\n\t\t\t\t\t\t\t<\/div>\n\t\t\t\t\t\t\t\t\t\t\t<div \n\t\t\t\tclass=\"gt-fse-maillage-link gt-fse-maillage-image-zoom gt-fse-maillage-hover-background-color gt-fse-maillage-hover-text-color\"\n\t\t\t\tstyle=\"border-radius: 0rem\"\n\t\t\t\tdata-wp-on-async--mouseover=\"actions.mouseover\"\n\t\t\t>\n\t\t\t\t\t\t\t\t\t\t\t\n<div class=\"wp-block-group is-layout-flow wp-block-group-is-layout-flow\">\n<div style=\"aspect-ratio:16\/9;min-height:unset;aspect-ratio:16\/9;min-height:unset;\" class=\"wp-block-cover is-light has-custom-content-position is-position-bottom-right has-aspect-ratio\"><span aria-hidden=\"true\" class=\"wp-block-cover__background has-black-background-color has-background-dim\"><\/span><img decoding=\"async\" width=\"1920\" height=\"434\" src=\"https:\/\/groupedelmar.fr\/wp-content\/uploads\/2024\/11\/piscine-groupe-del-mar.webp\" class=\"wp-block-cover__image-background not-transparent wp-post-image\" alt=\"piscine groupe del mar\" data-object-fit=\"cover\" srcset=\"https:\/\/groupedelmar.fr\/wp-content\/uploads\/2024\/11\/piscine-groupe-del-mar.webp 1920w, https:\/\/groupedelmar.fr\/wp-content\/uploads\/2024\/11\/piscine-groupe-del-mar-300x68.webp 300w, https:\/\/groupedelmar.fr\/wp-content\/uploads\/2024\/11\/piscine-groupe-del-mar-1024x231.webp 1024w, https:\/\/groupedelmar.fr\/wp-content\/uploads\/2024\/11\/piscine-groupe-del-mar-768x174.webp 768w, https:\/\/groupedelmar.fr\/wp-content\/uploads\/2024\/11\/piscine-groupe-del-mar-1536x347.webp 1536w\" sizes=\"(max-width: 1920px) 100vw, 1920px\" data-has-transparency=\"false\" data-dominant-color=\"6fb0ab\" style=\"--dominant-color: #6fb0ab;\" \/><div class=\"wp-block-cover__inner-container has-global-padding is-layout-constrained wp-block-cover-is-layout-constrained\">\n\n\n\n<p style=\"font-weight:700;text-transform:uppercase;\" class=\"wp-elements-07611e8410ba885a13be86d25add2159 wp-block-gt-gt-fse-maillage-titre has-text-color has-base-color has-large-font-size has-sogo-font-family\">\n    Aquatic area and swimming pool designed for your well-being in Pyr\u00e9n\u00e9es-Orientales, France<\/p>\n\n<\/div><\/div>\n<\/div>\n\t\t\t\t\t\t\t<\/div>\n\t\t\t\t\t\t\t\t\t\t\t<div \n\t\t\t\tclass=\"gt-fse-maillage-link gt-fse-maillage-image-zoom gt-fse-maillage-hover-background-color gt-fse-maillage-hover-text-color\"\n\t\t\t\tstyle=\"border-radius: 0rem\"\n\t\t\t\tdata-wp-on-async--mouseover=\"actions.mouseover\"\n\t\t\t>\n\t\t\t\t\t\t\t\t\t\t\t\n<div class=\"wp-block-group is-layout-flow wp-block-group-is-layout-flow\">\n<div style=\"aspect-ratio:16\/9;min-height:unset;aspect-ratio:16\/9;min-height:unset;\" class=\"wp-block-cover is-light has-custom-content-position is-position-bottom-right has-aspect-ratio\"><span aria-hidden=\"true\" class=\"wp-block-cover__background has-black-background-color has-background-dim\"><\/span><img decoding=\"async\" width=\"1920\" height=\"434\" src=\"https:\/\/groupedelmar.fr\/wp-content\/uploads\/2024\/11\/campings-residence-bord-de-plage.webp\" class=\"wp-block-cover__image-background not-transparent wp-post-image\" alt=\"campings residence bord de plage\" data-object-fit=\"cover\" srcset=\"https:\/\/groupedelmar.fr\/wp-content\/uploads\/2024\/11\/campings-residence-bord-de-plage.webp 1920w, https:\/\/groupedelmar.fr\/wp-content\/uploads\/2024\/11\/campings-residence-bord-de-plage-300x68.webp 300w, https:\/\/groupedelmar.fr\/wp-content\/uploads\/2024\/11\/campings-residence-bord-de-plage-1024x231.webp 1024w, https:\/\/groupedelmar.fr\/wp-content\/uploads\/2024\/11\/campings-residence-bord-de-plage-768x174.webp 768w, https:\/\/groupedelmar.fr\/wp-content\/uploads\/2024\/11\/campings-residence-bord-de-plage-1536x347.webp 1536w\" sizes=\"(max-width: 1920px) 100vw, 1920px\" data-has-transparency=\"false\" data-dominant-color=\"6a95a4\" style=\"--dominant-color: #6a95a4;\" \/><div class=\"wp-block-cover__inner-container has-global-padding is-layout-constrained wp-block-cover-is-layout-constrained\">\n\n\n\n<p style=\"font-weight:700;text-transform:uppercase;\" class=\"wp-elements-07611e8410ba885a13be86d25add2159 wp-block-gt-gt-fse-maillage-titre has-text-color has-base-color has-large-font-size has-sogo-font-family\">\n    Your holiday in paradise at campsites near the beaches of the Pyr\u00e9n\u00e9es-Orientales<\/p>\n\n<\/div><\/div>\n<\/div>\n\t\t\t\t\t\t\t<\/div>\n\t\t\t\t\t\t\t\t<\/div><\/div>\n\n\n\n<div style=\"height:6rem\" aria-hidden=\"true\" class=\"wp-block-spacer\"><\/div>\n<\/div>\n<\/div>\n","protected":false},"excerpt":{"rendered":"<p>Discover our establishments Rent a fully-equipped mobile home or chalet in the Pyr\u00e9n\u00e9es-Orientales: Your tropical oasis Come and enjoy an unforgettable vacation in the heart of the magnificent Pyr\u00e9n\u00e9es-Orientales! Groupe Del Mar Village&#8216;s mobile homes and chalets in Argel\u00e8s-sur-Mer, designed for the comfort of the whole family, welcome you to an exceptional natural setting. Enjoy [&hellip;]<\/p>\n","protected":false},"author":1,"featured_media":2785,"parent":0,"menu_order":0,"comment_status":"closed","ping_status":"closed","template":"","meta":{"_acf_changed":false,"_seopress_robots_primary_cat":"","_seopress_titles_title":"Mobile homes and apartments for rent in Argel\u00e8s-sur-Mer","_seopress_titles_desc":"Rent a fully-equipped mobile home or apartment in Argel\u00e8s-sur-Mer and enjoy a comfortable stay by the sea in the Pyr\u00e9n\u00e9es-Orientales!","_seopress_robots_index":"","_gt_ctv_global_id":"","_gt_ctv_id_group":false,"inline_featured_image":false,"gt_fse_maillage_image":"https:\/\/groupedelmar.fr\/wp-content\/uploads\/2024\/11\/location-hebergement-argeles-sur-mer-groupe-del-mar.webp","gt_fse_maillage_titre":"Comfortable accommodation to rent in Argel\u00e8s-sur-Mer","gt_fse_maillage_resume":"","_gt_maillage_image":0,"_gt_maillage_video":0,"_gt_maillage_title":"","footnotes":""},"categories":[],"tags":[],"class_list":["post-3830","page","type-page","status-publish","has-post-thumbnail","hentry"],"acf":[],"_links":{"self":[{"href":"https:\/\/groupedelmar.fr\/en\/wp-json\/wp\/v2\/pages\/3830","targetHints":{"allow":["GET"]}}],"collection":[{"href":"https:\/\/groupedelmar.fr\/en\/wp-json\/wp\/v2\/pages"}],"about":[{"href":"https:\/\/groupedelmar.fr\/en\/wp-json\/wp\/v2\/types\/page"}],"author":[{"embeddable":true,"href":"https:\/\/groupedelmar.fr\/en\/wp-json\/wp\/v2\/users\/1"}],"replies":[{"embeddable":true,"href":"https:\/\/groupedelmar.fr\/en\/wp-json\/wp\/v2\/comments?post=3830"}],"version-history":[{"count":7,"href":"https:\/\/groupedelmar.fr\/en\/wp-json\/wp\/v2\/pages\/3830\/revisions"}],"predecessor-version":[{"id":4022,"href":"https:\/\/groupedelmar.fr\/en\/wp-json\/wp\/v2\/pages\/3830\/revisions\/4022"}],"wp:featuredmedia":[{"embeddable":true,"href":"https:\/\/groupedelmar.fr\/en\/wp-json\/wp\/v2\/media\/2785"}],"wp:attachment":[{"href":"https:\/\/groupedelmar.fr\/en\/wp-json\/wp\/v2\/media?parent=3830"}],"wp:term":[{"taxonomy":"category","embeddable":true,"href":"https:\/\/groupedelmar.fr\/en\/wp-json\/wp\/v2\/categories?post=3830"},{"taxonomy":"post_tag","embeddable":true,"href":"https:\/\/groupedelmar.fr\/en\/wp-json\/wp\/v2\/tags?post=3830"}],"curies":[{"name":"wp","href":"https:\/\/api.w.org\/{rel}","templated":true}]}}