{"id":3828,"date":"2024-08-13T10:52:52","date_gmt":"2024-08-13T08:52:52","guid":{"rendered":"https:\/\/groupedelmar.fr\/become-an-owner-argeles-sur-mer\/"},"modified":"2025-01-15T15:23:56","modified_gmt":"2025-01-15T14:23:56","slug":"become-an-owner-argeles-sur-mer","status":"publish","type":"page","link":"https:\/\/groupedelmar.fr\/en\/become-an-owner-argeles-sur-mer\/","title":{"rendered":"Become a property owner in Argel\u00e8s-sur-Mer"},"content":{"rendered":"\n<div class=\"wp-block-group alignfull gt-reveal has-global-padding is-layout-constrained wp-container-core-group-is-layout-10 wp-block-group-is-layout-constrained\">\n<div style=\"height:6rem\" aria-hidden=\"true\" class=\"wp-block-spacer gt-hide-mobile\"><\/div>\n\n\n\n<div class=\"wp-block-group alignfull animated fadeIn slower is-layout-flow wp-block-group-is-layout-flow\" style=\"margin-top:0;margin-bottom:-33px;padding-right:0;padding-left:0\">\n<p class=\"has-text-align-center gt-sliding-text has-contrast-3-color has-text-color has-link-color has-sogo-font-family wp-elements-11843fd90c6c322957347bbb9599a391\" style=\"margin-top:0;margin-right:-33px;margin-bottom:0;margin-left:-33px;font-size:4.5vw;font-style:normal;font-weight:300;line-height:1;text-transform:uppercase\">Discover our establishments<\/p>\n<\/div>\n\n\n\n<div style=\"height:3rem\" aria-hidden=\"true\" class=\"wp-block-spacer gt-hide-mobile\"><\/div>\n\n\n\n<div data-swiper=\"{&quot;speed&quot;:400,&quot;spaceBetween&quot;:16,&quot;slidesPerView&quot;:3,&quot;createElements&quot;:true,&quot;loop&quot;:true,&quot;freemode&quot;:true,&quot;navigation&quot;:{&quot;nextEl&quot;:&quot;buttonNext&quot;,&quot;prevEl&quot;:&quot;buttonPrev&quot;},&quot;pagination&quot;:{&quot;el&quot;:&quot;.swiper-pagination&quot;,&quot;dynamicBullets&quot;:true},&quot;breakpoints&quot;:{&quot;0&quot;:{&quot;slidesPerView&quot;:1},&quot;380&quot;:{&quot;slidesPerView&quot;:2},&quot;1024&quot;:{&quot;slidesPerView&quot;:3}},&quot;autoplay&quot;:{&quot;delay&quot;:2000}}\" class=\"wp-block-group alignfull gt-logos-camping gt-is-slider gt-is-slider-mobile is-content-justification-center is-nowrap is-layout-flex wp-container-core-group-is-layout-5 wp-block-group-is-layout-flex\" style=\"margin-top:0;margin-bottom:0;padding-top:var(--wp--preset--spacing--30);padding-bottom:var(--wp--preset--spacing--30)\">\n<div class=\"wp-block-group gt-camping-logo gt-reveal-down is-vertical is-layout-flex wp-container-core-group-is-layout-2 wp-block-group-is-layout-flex\">\n<figure class=\"wp-block-image size-full is-resized wp-duotone-132f44-132f44-1\"><a href=\"https:\/\/camping-del-mar.com\/en\/\" target=\"_blank\" rel=\"noreferrer noopener\"><img data-dominant-color=\"d2cbb0\" data-has-transparency=\"true\" decoding=\"async\" width=\"158\" height=\"160\" src=\"https:\/\/groupedelmar.fr\/wp-content\/uploads\/2024\/08\/village-delmar.png\" alt=\"delmar village\" class=\"wp-image-124 has-transparency\" style=\"--dominant-color: #d2cbb0; object-fit:contain;width:160px;height:160px\"\/><\/a><\/figure>\n<\/div>\n\n\n\n<div class=\"wp-block-group gt-camping-logo gt-reveal-down is-vertical is-layout-flex wp-container-core-group-is-layout-3 wp-block-group-is-layout-flex\" data-scrolltrigger-start=\"top 80%\">\n<figure class=\"wp-block-image size-full is-resized wp-duotone-174c4f-174c4f-2\"><a href=\"https:\/\/campingclosduthym.com\/en\/\" target=\"_blank\" rel=\"noreferrer noopener\"><img data-dominant-color=\"e6e0cc\" data-has-transparency=\"true\" decoding=\"async\" width=\"295\" height=\"85\" src=\"https:\/\/groupedelmar.fr\/wp-content\/uploads\/2024\/08\/clos-du-thym.png\" alt=\"clos du thym\" class=\"wp-image-126 has-transparency\" style=\"--dominant-color: #e6e0cc; object-fit:contain;width:285px;height:85px\"\/><\/a><\/figure>\n<\/div>\n\n\n\n<div class=\"wp-block-group gt-camping-logo gt-reveal-down is-vertical is-layout-flex wp-container-core-group-is-layout-4 wp-block-group-is-layout-flex\" data-scrolltrigger-start=\"top 70%\">\n<figure class=\"wp-block-image size-full is-resized wp-duotone-a54122-a54122-3\"><a href=\"https:\/\/residence-argeles-sur-mer.com\/en\/\" target=\"_blank\" rel=\"noreferrer noopener\"><img data-dominant-color=\"e6e0cc\" data-has-transparency=\"true\" decoding=\"async\" width=\"125\" height=\"163\" src=\"https:\/\/groupedelmar.fr\/wp-content\/uploads\/2024\/08\/antinea-1.png\" alt=\"antinea\" class=\"wp-image-136 has-transparency\" style=\"--dominant-color: #e6e0cc; object-fit:contain;width:154px;height:154px\"\/><\/a><\/figure>\n<\/div>\n<\/div>\n\n\n\n<div style=\"height:var(--wp--preset--spacing--50)\" aria-hidden=\"true\" class=\"wp-block-spacer gt-hide-mobile\"><\/div>\n\n\n\n<div class=\"wp-block-group alignwide gt-break-mobile is-nowrap is-layout-flex wp-container-core-group-is-layout-9 wp-block-group-is-layout-flex\">\n<div class=\"wp-block-group has-global-padding is-layout-constrained wp-block-group-is-layout-constrained\">\n<div class=\"wp-block-group is-layout-flow wp-block-group-is-layout-flow\" style=\"padding-right:var(--wp--preset--spacing--30);padding-left:var(--wp--preset--spacing--30)\">\n<div style=\"height:10rem\" aria-hidden=\"true\" class=\"wp-block-spacer gt-hide-mobile\"><\/div>\n\n\n\n<figure class=\"wp-block-image aligncenter size-full gt-reveal-down\"><img data-dominant-color=\"b15526\" data-has-transparency=\"true\" style=\"--dominant-color: #b15526;\" decoding=\"async\" width=\"43\" height=\"21\" src=\"https:\/\/groupedelmar.fr\/wp-content\/uploads\/2024\/08\/separator.png\" alt=\"separator\" class=\"wp-image-150 has-transparency\"\/><\/figure>\n\n\n<h2 class=\"wp-block-heading has-text-align-center gt-reveal-down has-accent-color has-text-color has-link-color wp-elements-b445e1dd6fa15c2f9b10197dfacffff6\" id=\"our-mobile-homes-for-sale-at-camping-del-mar\">Our mobile homes for sale <br>at camping Del Mar<\/h2>\n\n\n<p class=\"has-text-align-center gt-reveal-down has-medium-font-size\">Become the <a href=\"https:\/\/camping-del-mar.com\/en\/become-an-owner-argeles-sur-mer\/\" target=\"_blank\" rel=\"noreferrer noopener\">owner of a mobile home in Argel\u00e8s-sur-Mer at Camping Del Mar<\/a>. Situated just <strong>500 meters from the beach<\/strong>, this <strong>family-run campsite<\/strong> of <a href=\"https:\/\/groupedelmar.fr\/en\/\">Groupe Del Mar Village in the Pyr\u00e9n\u00e9es-Orientales<\/a> offers the perfect <strong>seaside<\/strong> pied-\u00e0-terre. <\/p>\n\n\n\n<p class=\"has-text-align-center gt-reveal-down has-medium-font-size\">Open for nine months, it offers numerous <strong>events and activities<\/strong> in this resort ideally located <strong>between land and sea<\/strong>, <strong>an hour from the ski slopes<\/strong> and <strong>close to Spain<\/strong>. Enjoy the sunny climate, hiking, the beach and <strong>Catalan culture<\/strong>. <\/p>\n\n\n\n<p class=\"has-text-align-center gt-reveal-down has-medium-font-size\">The Del Mar campsite, with its <strong>8 hectares of greenery<\/strong>, invites you to <strong>relax<\/strong> and <strong>enjoy<\/strong>. <strong>Join this great family<\/strong> and create your own memories!<\/p>\n\n\n\n<p class=\"has-text-align-center gt-reveal-down has-medium-font-size\">Don&#8217;t hesitate to <a href=\"https:\/\/groupedelmar.fr\/en\/contact-access-argeles-sur-mer\/\">contact the Camping Del Mar team<\/a> for more information about purchasing your future mobile home. We&#8217;ll be delighted to advise you and answer any questions you may have. <\/p>\n\n\n\n<div style=\"height:1rem\" aria-hidden=\"true\" class=\"wp-block-spacer is-style-gt-hide-mobile gt-hide-mobile\"><\/div>\n\n\n\n<div class=\"wp-block-buttons is-content-justification-center is-layout-flex wp-container-core-buttons-is-layout-1 wp-block-buttons-is-layout-flex\">\n<div class=\"wp-block-button has-custom-font-size is-style-gt-contour-small has-sogo-font-family has-large-font-size\" style=\"font-style:normal;font-weight:300\"><a class=\"wp-block-button__link has-accent-color has-text-color has-link-color wp-element-button\" href=\"https:\/\/camping-del-mar.com\/en\/become-an-owner-argeles-sur-mer\/\" target=\"_blank\" rel=\"noreferrer noopener\">Camping Del Mar<\/a><\/div>\n<\/div>\n\n\n\n<div style=\"height:2rem\" aria-hidden=\"true\" class=\"wp-block-spacer is-style-gt-hide-mobile gt-hide-mobile\"><\/div>\n<\/div>\n<\/div>\n\n\n\n<div class=\"wp-block-group wp-container-content-1 is-layout-flow wp-block-group-is-layout-flow\">\n<figure class=\"wp-block-image size-full gt-reveal\"><img data-dominant-color=\"7c7151\" data-has-transparency=\"false\" style=\"--dominant-color: #7c7151;\" decoding=\"async\" width=\"640\" height=\"961\" src=\"https:\/\/groupedelmar.fr\/wp-content\/uploads\/2024\/11\/mobil-homes-a-vendre-clos-du-thym.webp\" alt=\"mobile homes for sale clos du thym\" class=\"wp-image-3135 not-transparent\" srcset=\"https:\/\/groupedelmar.fr\/wp-content\/uploads\/2024\/11\/mobil-homes-a-vendre-clos-du-thym.webp 640w, https:\/\/groupedelmar.fr\/wp-content\/uploads\/2024\/11\/mobil-homes-a-vendre-clos-du-thym-200x300.webp 200w\" sizes=\"(max-width: 640px) 100vw, 640px\" \/><\/figure>\n<\/div>\n<\/div>\n<\/div>\n\n<div class=\"wp-block-group alignfull gt-reveal has-global-padding is-layout-constrained wp-container-core-group-is-layout-16 wp-block-group-is-layout-constrained\">\n<div style=\"height:6rem\" aria-hidden=\"true\" class=\"wp-block-spacer gt-hide-mobile\"><\/div>\n\n\n\n<div class=\"wp-block-group alignwide animated fadeIn slower gt-hide-mobile is-layout-flow wp-block-group-is-layout-flow\" style=\"margin-top:0;margin-bottom:-33px;padding-right:0;padding-left:0\">\n<p class=\"gt-sliding-text has-contrast-3-color has-text-color has-link-color has-sogo-font-family wp-elements-9bc8dd6dae8d577615b591e07c69a7e9\" style=\"margin-top:0;margin-right:0;margin-bottom:0;margin-left:0;font-size:7vw;font-style:normal;font-weight:300;line-height:1;text-transform:uppercase\">YOUR OASIS<\/p>\n<\/div>\n\n\n\n<div class=\"wp-block-group alignwide gt-break-mobile is-nowrap is-layout-flex wp-container-core-group-is-layout-15 wp-block-group-is-layout-flex\">\n<div class=\"wp-block-group wp-container-content-2 is-layout-flow wp-block-group-is-layout-flow\">\n<figure class=\"wp-block-image size-full gt-reveal\"><img data-dominant-color=\"bea172\" data-has-transparency=\"false\" style=\"--dominant-color: #bea172;\" decoding=\"async\" width=\"640\" height=\"960\" src=\"https:\/\/groupedelmar.fr\/wp-content\/uploads\/2024\/11\/nos-hebergements-a-l-achat-au-clos-du-thym.webp\" alt=\"our lodgings for sale at clos du thym\" class=\"wp-image-2337 not-transparent\" srcset=\"https:\/\/groupedelmar.fr\/wp-content\/uploads\/2024\/11\/nos-hebergements-a-l-achat-au-clos-du-thym.webp 640w, https:\/\/groupedelmar.fr\/wp-content\/uploads\/2024\/11\/nos-hebergements-a-l-achat-au-clos-du-thym-200x300.webp 200w\" sizes=\"(max-width: 640px) 100vw, 640px\" \/><\/figure>\n<\/div>\n\n\n\n<div class=\"wp-block-group has-global-padding is-layout-constrained wp-block-group-is-layout-constrained\">\n<div class=\"wp-block-group is-layout-flow wp-block-group-is-layout-flow\" style=\"padding-right:var(--wp--preset--spacing--30);padding-left:var(--wp--preset--spacing--30)\">\n<div style=\"height:10rem\" aria-hidden=\"true\" class=\"wp-block-spacer gt-hide-mobile\"><\/div>\n\n\n\n<figure class=\"wp-block-image aligncenter size-full gt-reveal-down\"><img data-dominant-color=\"b15526\" data-has-transparency=\"true\" style=\"--dominant-color: #b15526;\" decoding=\"async\" width=\"43\" height=\"21\" src=\"https:\/\/groupedelmar.fr\/wp-content\/uploads\/2024\/08\/separator.png\" alt=\"separator\" class=\"wp-image-150 has-transparency\"\/><\/figure>\n\n\n<h2 class=\"wp-block-heading has-text-align-center gt-reveal-down has-accent-color has-text-color has-link-color wp-elements-d773123a5fe221899f8e02481e4c7d6e\" id=\"our-accommodation-options-au-clos-du-thym\">Our accommodation options <br>au Clos du Thym<\/h2>\n\n\n<p class=\"has-text-align-center gt-reveal-down has-medium-font-size\"><strong>&#8220;Your oasis of tranquility at Camping Clos du Thym&#8221;<\/strong><\/p>\n\n\n\n<p class=\"has-text-align-center gt-reveal-down has-medium-font-size\">Welcome to Camping Clos du Thym, a unique place where <strong>sea and mountains<\/strong> meet to offer an exceptional residential experience. With <strong>176 exclusively residential pitches<\/strong>, our campsite stands out for its <strong>warm, family<\/strong> atmosphere. Here, only the owners live, creating a <strong>warm and friendly atmosphere<\/strong>.  <\/p>\n\n\n\n<p class=\"has-text-align-center gt-reveal-down has-medium-font-size\"><strong>Less than 3 km from the beach<\/strong>, our exclusive mobile home village is the ideal place for a family vacation. Get away from the hustle and bustle of traditional tourist destinations and discover <strong>peace<\/strong> and <strong>serenity<\/strong>. <\/p>\n\n\n    <div id=\"gt-fse-lire-plus-69f0b981ca57e\" class=\"gt-fse-lire-plus\" data-min-height=\"130\" style=\"background-color: #fff;\">\n        <input id=\"gt-fse-lire-plus-69f0b981ca57e-toggle\" type=\"checkbox\" class=\"gt-fse-lire-plus__toggle\" \/>\n        <label for=\"gt-fse-lire-plus-69f0b981ca57e-toggle\" class=\"gt-fse-lire-plus__toggle-label\">\n            <span>Lire plus<\/span>\n            <span>Lire moins<\/span>\n        <\/label>\n        <div class=\"gt-fse-lire-plus__content\" style=\"height: 130px;\">\n            \n\n<p class=\"has-text-align-center gt-reveal-down has-medium-font-size\"><strong>900 m\u00b2 pool area:<\/strong> relax in our vast 900 m\u00b2 swimming pool. Enjoy the benefits of the whirlpool bench and let your children play safely in the dedicated paddling pool. <\/p>\n\n\n\n<p class=\"has-text-align-center gt-reveal-down has-medium-font-size\"><strong>Open all year round:<\/strong> as an owner, enjoy this <strong>peaceful atmosphere all year round<\/strong>. Our residential campsite is a destination where you can <strong>recharge your batteries at any time<\/strong>. <\/p>\n\n\n\n<p class=\"has-text-align-center gt-reveal-down has-medium-font-size\">Contact us to discover an authentic camping experience and <a href=\"https:\/\/campingclosduthym.com\/devenir-proprietaire-argeles-sur-mer\/\" target=\"_blank\" rel=\"noreferrer noopener\">become an owner at Camping Clos du Thym in Argel\u00e8s-sur-Mer<\/a>!<\/p>\n\n\n\n<div style=\"height:1rem\" aria-hidden=\"true\" class=\"wp-block-spacer is-style-gt-hide-mobile gt-hide-mobile\"><\/div>\n\n\n\n<div class=\"wp-block-buttons is-content-justification-center is-layout-flex wp-container-core-buttons-is-layout-2 wp-block-buttons-is-layout-flex\">\n<div class=\"wp-block-button has-custom-font-size is-style-gt-contour-small has-sogo-font-family has-large-font-size\" style=\"font-style:normal;font-weight:300\"><a class=\"wp-block-button__link has-accent-color has-text-color has-link-color wp-element-button\" href=\"https:\/\/campingclosduthym.com\/en\/become-an-owner-argeles-sur-mer\/\" target=\"_blank\" rel=\"noreferrer noopener\">Camping Clos du Thym<\/a><\/div>\n<\/div>\n\n            <div class=\"gt-fse-lire-plus__gradient\" style=\"background: linear-gradient(to bottom,rgba(255,255,255,0) 0%,rgba(255,255,255,1) 100%);\"><\/div>\n        <\/div>\n    <\/div>\n    \n\n\n<div style=\"height:2rem\" aria-hidden=\"true\" class=\"wp-block-spacer is-style-gt-hide-mobile gt-hide-mobile\"><\/div>\n<\/div>\n<\/div>\n<\/div>\n<\/div>\n\n<div style=\"height:6rem\" aria-hidden=\"true\" class=\"wp-block-spacer gt-hide-mobile\"><\/div>\n\n<div class=\"wp-block-group alignfull is-layout-flow wp-block-group-is-layout-flow\">\n<p class=\"has-text-align-center gt-reveal has-contrast-2-color has-text-color has-link-color has-sogo-font-family has-large-font-size wp-elements-e666ce27eb0262164a5eaf73fd6edbda\" style=\"text-transform:uppercase\">OUR ACCOMMODATIONS FOR SALE<\/p>\n\n\n\n<div class=\"wp-block-group alignfull gt-logos-camping gt-break-mobile is-content-justification-center is-layout-flex wp-container-core-group-is-layout-19 wp-block-group-is-layout-flex\" style=\"margin-top:0;margin-bottom:0;padding-top:var(--wp--preset--spacing--30);padding-bottom:var(--wp--preset--spacing--30)\">\n<div class=\"wp-block-group gt-camping-logo gt-reveal-down is-vertical is-layout-flex wp-container-core-group-is-layout-17 wp-block-group-is-layout-flex\">\n<figure class=\"wp-block-image size-full is-resized wp-duotone-132f44-132f44-4\"><a href=\"https:\/\/camping-del-mar.com\/en\/become-an-owner-argeles-sur-mer\/\" target=\"_blank\" rel=\" noreferrer noopener\"><img data-dominant-color=\"d2cbb0\" data-has-transparency=\"true\" decoding=\"async\" width=\"158\" height=\"160\" src=\"https:\/\/groupedelmar.fr\/wp-content\/uploads\/2024\/08\/village-delmar.png\" alt=\"delmar village\" class=\"wp-image-124 has-transparency\" style=\"--dominant-color: #d2cbb0; object-fit:contain;width:160px;height:160px\"\/><\/a><\/figure>\n<\/div>\n\n\n\n<div class=\"wp-block-group gt-camping-logo gt-reveal-down is-vertical is-layout-flex wp-container-core-group-is-layout-18 wp-block-group-is-layout-flex\" data-scrolltrigger-start=\"top 80%\">\n<figure class=\"wp-block-image size-full is-resized wp-duotone-174c4f-174c4f-5\"><a href=\"https:\/\/campingclosduthym.com\/en\/become-an-owner-argeles-sur-mer\/\" target=\"_blank\" rel=\" noreferrer noopener\"><img data-dominant-color=\"e6e0cc\" data-has-transparency=\"true\" decoding=\"async\" width=\"295\" height=\"85\" src=\"https:\/\/groupedelmar.fr\/wp-content\/uploads\/2024\/08\/clos-du-thym.png\" alt=\"clos du thym\" class=\"wp-image-126 has-transparency\" style=\"--dominant-color: #e6e0cc; object-fit:contain;width:285px;height:85px\"\/><\/a><\/figure>\n<\/div>\n<\/div>\n<\/div>\n\n<div style=\"height:6rem\" aria-hidden=\"true\" class=\"wp-block-spacer gt-hide-mobile\"><\/div>\n\n<div class=\"wp-block-group alignfull is-layout-flow wp-block-group-is-layout-flow\" style=\"padding-bottom:0\">\n<div class=\"wp-block-group alignwide animated fadeIn slower is-layout-flow wp-block-group-is-layout-flow\" style=\"margin-top:0;margin-bottom:-33px;padding-right:0;padding-left:0\">\n<p class=\"gt-sliding-text has-contrast-3-color has-text-color has-link-color has-sogo-font-family wp-elements-17ff8342ed545a1ec3d224dd1ef9ee21\" style=\"margin-top:0;margin-right:0;margin-bottom:0;margin-left:0;font-size:7vw;font-style:normal;font-weight:300;line-height:1;text-transform:uppercase\">OUR LOCATIONS<\/p>\n<\/div>\n\n\n\n<div class=\"wp-block-group gt-break-mobile is-layout-grid wp-container-core-group-is-layout-25 wp-block-group-is-layout-grid\" style=\"border-radius:2rem\">\n<div\n\tstyle=\"border-radius:0rem;\" class=\"gt-maillage-6 wp-block-gt-gt-fse-maillage\"\tdata-wp-interactive=\"gt\/maillage\"\n\tdata-wp-on--click=\"actions.ctaLoad\"\n\tdata-wp-context='{\"radius\":\"0rem\",\"hover_bg_color\":\"#132f44\",\"hover_text_color\":\"#ffffff\",\"hover_image_opacity\":0.5}'>\t\n\n\t\n\t\t\t\t\t\t\t\t\t<div \n\t\t\t\tclass=\"gt-fse-maillage-link gt-fse-maillage-image-zoom gt-fse-maillage-hover-background-color gt-fse-maillage-hover-text-color\"\n\t\t\t\tstyle=\"border-radius: 0rem\"\n\t\t\t\tdata-wp-on-async--mouseover=\"actions.mouseover\"\n\t\t\t>\n\t\t\t\t\t\t\t\t\t\t\t\n<div class=\"wp-block-group is-layout-flow wp-block-group-is-layout-flow\">\n<div style=\"aspect-ratio:16\/9;min-height:unset;aspect-ratio:16\/9;min-height:unset;\" class=\"wp-block-cover is-light has-custom-content-position is-position-bottom-right has-aspect-ratio\"><span aria-hidden=\"true\" class=\"wp-block-cover__background has-black-background-color has-background-dim\"><\/span><img decoding=\"async\" width=\"1920\" height=\"434\" src=\"https:\/\/groupedelmar.fr\/wp-content\/uploads\/2024\/11\/groupe-del-mar-contact-acces-argeles-sur-mer.webp\" class=\"wp-block-cover__image-background not-transparent wp-post-image\" alt=\"groupe del mar contact acces argeles sur mer\" data-object-fit=\"cover\" srcset=\"https:\/\/groupedelmar.fr\/wp-content\/uploads\/2024\/11\/groupe-del-mar-contact-acces-argeles-sur-mer.webp 1920w, https:\/\/groupedelmar.fr\/wp-content\/uploads\/2024\/11\/groupe-del-mar-contact-acces-argeles-sur-mer-300x68.webp 300w, https:\/\/groupedelmar.fr\/wp-content\/uploads\/2024\/11\/groupe-del-mar-contact-acces-argeles-sur-mer-1024x231.webp 1024w, https:\/\/groupedelmar.fr\/wp-content\/uploads\/2024\/11\/groupe-del-mar-contact-acces-argeles-sur-mer-768x174.webp 768w, https:\/\/groupedelmar.fr\/wp-content\/uploads\/2024\/11\/groupe-del-mar-contact-acces-argeles-sur-mer-1536x347.webp 1536w\" sizes=\"(max-width: 1920px) 100vw, 1920px\" data-has-transparency=\"false\" data-dominant-color=\"ae7368\" style=\"--dominant-color: #ae7368;\" \/><div class=\"wp-block-cover__inner-container has-global-padding is-layout-constrained wp-block-cover-is-layout-constrained\">\n\n\n\n<p style=\"font-weight:700;text-transform:uppercase;\" class=\"wp-elements-07611e8410ba885a13be86d25add2159 wp-block-gt-gt-fse-maillage-titre has-text-color has-base-color has-large-font-size has-sogo-font-family\">\n    Contact and access<\/p>\n\n<\/div><\/div>\n<\/div>\n\t\t\t\t\t\t\t<\/div>\n\t\t\t\t\t\t\t\t\t\t\t<div \n\t\t\t\tclass=\"gt-fse-maillage-link gt-fse-maillage-image-zoom gt-fse-maillage-hover-background-color gt-fse-maillage-hover-text-color\"\n\t\t\t\tstyle=\"border-radius: 0rem\"\n\t\t\t\tdata-wp-on-async--mouseover=\"actions.mouseover\"\n\t\t\t>\n\t\t\t\t\t\t\t\t\t\t\t\n<div class=\"wp-block-group is-layout-flow wp-block-group-is-layout-flow\">\n<div style=\"aspect-ratio:16\/9;min-height:unset;aspect-ratio:16\/9;min-height:unset;\" class=\"wp-block-cover is-light has-custom-content-position is-position-bottom-right has-aspect-ratio\"><span aria-hidden=\"true\" class=\"wp-block-cover__background has-black-background-color has-background-dim\"><\/span><img decoding=\"async\" width=\"1920\" height=\"434\" src=\"https:\/\/groupedelmar.fr\/wp-content\/uploads\/2024\/11\/groupe-familial-del-mar-argeles-sur-mer.webp\" class=\"wp-block-cover__image-background not-transparent wp-post-image\" alt=\"groupe familial del mar argeles sur mer\" data-object-fit=\"cover\" srcset=\"https:\/\/groupedelmar.fr\/wp-content\/uploads\/2024\/11\/groupe-familial-del-mar-argeles-sur-mer.webp 1920w, https:\/\/groupedelmar.fr\/wp-content\/uploads\/2024\/11\/groupe-familial-del-mar-argeles-sur-mer-300x68.webp 300w, https:\/\/groupedelmar.fr\/wp-content\/uploads\/2024\/11\/groupe-familial-del-mar-argeles-sur-mer-1024x231.webp 1024w, https:\/\/groupedelmar.fr\/wp-content\/uploads\/2024\/11\/groupe-familial-del-mar-argeles-sur-mer-768x174.webp 768w, https:\/\/groupedelmar.fr\/wp-content\/uploads\/2024\/11\/groupe-familial-del-mar-argeles-sur-mer-1536x347.webp 1536w\" sizes=\"(max-width: 1920px) 100vw, 1920px\" data-has-transparency=\"false\" data-dominant-color=\"596334\" style=\"--dominant-color: #596334;\" \/><div class=\"wp-block-cover__inner-container has-global-padding is-layout-constrained wp-block-cover-is-layout-constrained\">\n\n\n\n<p style=\"font-weight:700;text-transform:uppercase;\" class=\"wp-elements-07611e8410ba885a13be86d25add2159 wp-block-gt-gt-fse-maillage-titre has-text-color has-base-color has-large-font-size has-sogo-font-family\">\n    Three establishments, one ambition: to offer you a dream holiday in the Pyr\u00e9n\u00e9es-Orientales<\/p>\n\n<\/div><\/div>\n<\/div>\n\t\t\t\t\t\t\t<\/div>\n\t\t\t\t\t\t\t\t\t\t\t<div \n\t\t\t\tclass=\"gt-fse-maillage-link gt-fse-maillage-image-zoom gt-fse-maillage-hover-background-color gt-fse-maillage-hover-text-color\"\n\t\t\t\tstyle=\"border-radius: 0rem\"\n\t\t\t\tdata-wp-on-async--mouseover=\"actions.mouseover\"\n\t\t\t>\n\t\t\t\t\t\t\t\t\t\t\t\n<div class=\"wp-block-group is-layout-flow wp-block-group-is-layout-flow\">\n<div style=\"aspect-ratio:16\/9;min-height:unset;aspect-ratio:16\/9;min-height:unset;\" class=\"wp-block-cover is-light has-custom-content-position is-position-bottom-right has-aspect-ratio\"><span aria-hidden=\"true\" class=\"wp-block-cover__background has-black-background-color has-background-dim\"><\/span><img decoding=\"async\" width=\"1920\" height=\"434\" src=\"https:\/\/groupedelmar.fr\/wp-content\/uploads\/2024\/11\/groupe-del-mar-campings-residence-argeles-sur-mer.webp\" class=\"wp-block-cover__image-background not-transparent wp-post-image\" alt=\"groupe del mar campings residence argeles sur mer\" data-object-fit=\"cover\" srcset=\"https:\/\/groupedelmar.fr\/wp-content\/uploads\/2024\/11\/groupe-del-mar-campings-residence-argeles-sur-mer.webp 1920w, https:\/\/groupedelmar.fr\/wp-content\/uploads\/2024\/11\/groupe-del-mar-campings-residence-argeles-sur-mer-300x68.webp 300w, https:\/\/groupedelmar.fr\/wp-content\/uploads\/2024\/11\/groupe-del-mar-campings-residence-argeles-sur-mer-1024x231.webp 1024w, https:\/\/groupedelmar.fr\/wp-content\/uploads\/2024\/11\/groupe-del-mar-campings-residence-argeles-sur-mer-768x174.webp 768w, https:\/\/groupedelmar.fr\/wp-content\/uploads\/2024\/11\/groupe-del-mar-campings-residence-argeles-sur-mer-1536x347.webp 1536w\" sizes=\"(max-width: 1920px) 100vw, 1920px\" data-has-transparency=\"false\" data-dominant-color=\"8a7c76\" style=\"--dominant-color: #8a7c76;\" \/><div class=\"wp-block-cover__inner-container has-global-padding is-layout-constrained wp-block-cover-is-layout-constrained\">\n\n\n\n<p style=\"font-weight:700;text-transform:uppercase;\" class=\"wp-elements-07611e8410ba885a13be86d25add2159 wp-block-gt-gt-fse-maillage-titre has-text-color has-base-color has-large-font-size has-sogo-font-family\">\n    Welcome to our three establishments ideally located in Argel\u00e8s-sur-Mer<\/p>\n\n<\/div><\/div>\n<\/div>\n\t\t\t\t\t\t\t<\/div>\n\t\t\t\t\t\t\t\t<\/div><\/div>\n\n\n\n<div style=\"height:6rem\" aria-hidden=\"true\" class=\"wp-block-spacer gt-hide-mobile\"><\/div>\n<\/div>\n","protected":false},"excerpt":{"rendered":"<p>Discover our establishments Our mobile homes for sale at camping Del Mar Become the owner of a mobile home in Argel\u00e8s-sur-Mer at Camping Del Mar. Situated just 500 meters from the beach, this family-run campsite of Groupe Del Mar Village in the Pyr\u00e9n\u00e9es-Orientales offers the perfect seaside pied-\u00e0-terre. Open for nine months, it offers numerous [&hellip;]<\/p>\n","protected":false},"author":1,"featured_media":2550,"parent":0,"menu_order":0,"comment_status":"closed","ping_status":"closed","template":"","meta":{"_acf_changed":false,"_seopress_robots_primary_cat":"","_seopress_titles_title":"Becoming a homeowner in Argel\u00e8s-sur-Mer, Pyr\u00e9n\u00e9es-Orientales","_seopress_titles_desc":"Looking for a holiday home by the sea? Become the owner of a mobile home in Argel\u00e8s-sur-Mer, in a family campsite in the Pyr\u00e9n\u00e9es-Orientales region. ","_seopress_robots_index":"","_gt_ctv_global_id":"","_gt_ctv_id_group":false,"inline_featured_image":false,"gt_fse_maillage_image":"https:\/\/groupedelmar.fr\/wp-content\/uploads\/2024\/11\/groupe-del-mar-devenir-proprietaire-argeles-sur-mer.webp","gt_fse_maillage_titre":"Become a property owner in Argel\u00e8s-sur-Mer","gt_fse_maillage_resume":"","_gt_maillage_image":0,"_gt_maillage_video":0,"_gt_maillage_title":"","footnotes":""},"categories":[],"tags":[],"class_list":["post-3828","page","type-page","status-publish","has-post-thumbnail","hentry"],"acf":[],"_links":{"self":[{"href":"https:\/\/groupedelmar.fr\/en\/wp-json\/wp\/v2\/pages\/3828","targetHints":{"allow":["GET"]}}],"collection":[{"href":"https:\/\/groupedelmar.fr\/en\/wp-json\/wp\/v2\/pages"}],"about":[{"href":"https:\/\/groupedelmar.fr\/en\/wp-json\/wp\/v2\/types\/page"}],"author":[{"embeddable":true,"href":"https:\/\/groupedelmar.fr\/en\/wp-json\/wp\/v2\/users\/1"}],"replies":[{"embeddable":true,"href":"https:\/\/groupedelmar.fr\/en\/wp-json\/wp\/v2\/comments?post=3828"}],"version-history":[{"count":8,"href":"https:\/\/groupedelmar.fr\/en\/wp-json\/wp\/v2\/pages\/3828\/revisions"}],"predecessor-version":[{"id":4020,"href":"https:\/\/groupedelmar.fr\/en\/wp-json\/wp\/v2\/pages\/3828\/revisions\/4020"}],"wp:featuredmedia":[{"embeddable":true,"href":"https:\/\/groupedelmar.fr\/en\/wp-json\/wp\/v2\/media\/2550"}],"wp:attachment":[{"href":"https:\/\/groupedelmar.fr\/en\/wp-json\/wp\/v2\/media?parent=3828"}],"wp:term":[{"taxonomy":"category","embeddable":true,"href":"https:\/\/groupedelmar.fr\/en\/wp-json\/wp\/v2\/categories?post=3828"},{"taxonomy":"post_tag","embeddable":true,"href":"https:\/\/groupedelmar.fr\/en\/wp-json\/wp\/v2\/tags?post=3828"}],"curies":[{"name":"wp","href":"https:\/\/api.w.org\/{rel}","templated":true}]}}