{"id":3726,"date":"2024-08-13T10:52:52","date_gmt":"2024-08-13T08:52:52","guid":{"rendered":"https:\/\/groupedelmar.fr\/tourism-pyrenees-orientales\/"},"modified":"2025-01-15T15:23:24","modified_gmt":"2025-01-15T14:23:24","slug":"tourism-pyrenees-orientales","status":"publish","type":"page","link":"https:\/\/groupedelmar.fr\/en\/tourism-pyrenees-orientales\/","title":{"rendered":"The Pyr\u00e9n\u00e9es-Orientales, a region to discover"},"content":{"rendered":"\n<div class=\"wp-block-group alignfull gt-reveal has-global-padding is-layout-constrained wp-container-core-group-is-layout-10 wp-block-group-is-layout-constrained\">\n<div style=\"height:6rem\" aria-hidden=\"true\" class=\"wp-block-spacer\"><\/div>\n\n\n\n<div class=\"wp-block-group alignfull animated fadeIn slower is-layout-flow wp-block-group-is-layout-flow\" style=\"margin-top:0;margin-bottom:-33px;padding-right:0;padding-left:0\">\n<p class=\"has-text-align-center gt-sliding-text has-contrast-3-color has-text-color has-link-color has-sogo-font-family wp-elements-11843fd90c6c322957347bbb9599a391\" style=\"margin-top:0;margin-right:-33px;margin-bottom:0;margin-left:-33px;font-size:4.5vw;font-style:normal;font-weight:300;line-height:1;text-transform:uppercase\">Discover our establishments<\/p>\n<\/div>\n\n\n\n<div style=\"height:3rem\" aria-hidden=\"true\" class=\"wp-block-spacer\"><\/div>\n\n\n\n<div data-swiper=\"{&quot;speed&quot;:400,&quot;spaceBetween&quot;:16,&quot;slidesPerView&quot;:3,&quot;createElements&quot;:true,&quot;loop&quot;:true,&quot;freemode&quot;:true,&quot;navigation&quot;:{&quot;nextEl&quot;:&quot;buttonNext&quot;,&quot;prevEl&quot;:&quot;buttonPrev&quot;},&quot;pagination&quot;:{&quot;el&quot;:&quot;.swiper-pagination&quot;,&quot;dynamicBullets&quot;:true},&quot;breakpoints&quot;:{&quot;0&quot;:{&quot;slidesPerView&quot;:1},&quot;380&quot;:{&quot;slidesPerView&quot;:2},&quot;1024&quot;:{&quot;slidesPerView&quot;:3}},&quot;autoplay&quot;:{&quot;delay&quot;:2000}}\" class=\"wp-block-group alignfull gt-logos-camping gt-is-slider gt-is-slider-mobile is-content-justification-center is-nowrap is-layout-flex wp-container-core-group-is-layout-5 wp-block-group-is-layout-flex\" style=\"margin-top:0;margin-bottom:0;padding-top:var(--wp--preset--spacing--30);padding-bottom:var(--wp--preset--spacing--30)\">\n<div class=\"wp-block-group gt-camping-logo gt-reveal-down is-vertical is-layout-flex wp-container-core-group-is-layout-2 wp-block-group-is-layout-flex\">\n<figure class=\"wp-block-image size-full is-resized wp-duotone-132f44-132f44-1\"><a href=\"https:\/\/camping-del-mar.com\/en\/\" target=\"_blank\" rel=\"noreferrer noopener\"><img data-dominant-color=\"d2cbb0\" data-has-transparency=\"true\" decoding=\"async\" width=\"158\" height=\"160\" src=\"https:\/\/groupedelmar.fr\/wp-content\/uploads\/2024\/08\/village-delmar.png\" alt=\"delmar village\" class=\"wp-image-124 has-transparency\" style=\"--dominant-color: #d2cbb0; object-fit:contain;width:160px;height:160px\"\/><\/a><\/figure>\n<\/div>\n\n\n\n<div class=\"wp-block-group gt-camping-logo gt-reveal-down is-vertical is-layout-flex wp-container-core-group-is-layout-3 wp-block-group-is-layout-flex\" data-scrolltrigger-start=\"top 80%\">\n<figure class=\"wp-block-image size-full is-resized wp-duotone-174c4f-174c4f-2\"><a href=\"https:\/\/campingclosduthym.com\/en\/\" target=\"_blank\" rel=\"noreferrer noopener\"><img data-dominant-color=\"e6e0cc\" data-has-transparency=\"true\" decoding=\"async\" width=\"295\" height=\"85\" src=\"https:\/\/groupedelmar.fr\/wp-content\/uploads\/2024\/08\/clos-du-thym.png\" alt=\"clos du thym\" class=\"wp-image-126 has-transparency\" style=\"--dominant-color: #e6e0cc; object-fit:contain;width:285px;height:85px\"\/><\/a><\/figure>\n<\/div>\n\n\n\n<div class=\"wp-block-group gt-camping-logo gt-reveal-down is-vertical is-layout-flex wp-container-core-group-is-layout-4 wp-block-group-is-layout-flex\" data-scrolltrigger-start=\"top 70%\">\n<figure class=\"wp-block-image size-full is-resized wp-duotone-a54122-a54122-3\"><a href=\"https:\/\/residence-argeles-sur-mer.com\/en\/\" target=\"_blank\" rel=\"noreferrer noopener\"><img data-dominant-color=\"e6e0cc\" data-has-transparency=\"true\" decoding=\"async\" width=\"125\" height=\"163\" src=\"https:\/\/groupedelmar.fr\/wp-content\/uploads\/2024\/08\/antinea-1.png\" alt=\"antinea\" class=\"wp-image-136 has-transparency\" style=\"--dominant-color: #e6e0cc; object-fit:contain;width:154px;height:154px\"\/><\/a><\/figure>\n<\/div>\n<\/div>\n\n\n\n<div style=\"height:var(--wp--preset--spacing--50)\" aria-hidden=\"true\" class=\"wp-block-spacer\"><\/div>\n\n\n\n<div class=\"wp-block-group alignwide gt-break-mobile is-nowrap is-layout-flex wp-container-core-group-is-layout-9 wp-block-group-is-layout-flex\" id=\"sites-incontournables\">\n<div class=\"wp-block-group has-global-padding is-layout-constrained wp-block-group-is-layout-constrained\">\n<div class=\"wp-block-group is-layout-flow wp-block-group-is-layout-flow\" style=\"padding-right:var(--wp--preset--spacing--30);padding-left:var(--wp--preset--spacing--30)\">\n<div style=\"height:10rem\" aria-hidden=\"true\" class=\"wp-block-spacer gt-hide-mobile\"><\/div>\n\n\n\n<figure class=\"wp-block-image aligncenter size-full gt-reveal-down\"><img data-dominant-color=\"b15526\" data-has-transparency=\"true\" style=\"--dominant-color: #b15526;\" decoding=\"async\" width=\"43\" height=\"21\" src=\"https:\/\/groupedelmar.fr\/wp-content\/uploads\/2024\/08\/separator.png\" alt=\"separator\" class=\"wp-image-150 has-transparency\"\/><\/figure>\n\n\n\n<p class=\"has-text-align-center gt-reveal-down has-medium-font-size\">The exceptional location of the establishments of <a href=\"https:\/\/groupedelmar.fr\/en\/\">Groupe Del Mar Village, in Argel\u00e8s-sur-Mer<\/a> means you can make the most of your stay in the Pyr\u00e9n\u00e9es-Orientales, a region <strong>to be experienced&#8230; and discovered<\/strong>!<\/p>\n\n\n<h2 class=\"wp-block-heading has-text-align-center gt-reveal-down has-accent-color has-text-color has-link-color wp-elements-83d70a0e8cb157cda500a970be1d01ea\" id=\"our-selection-of-must-see-sites\">Our selection <br>of must-see sites<\/h2>\n\n<h3 class=\"wp-block-heading has-text-align-center gt-reveal-down has-accent-color has-text-color has-link-color wp-elements-69be8c8247a0d74d76b30869bd960586\" id=\"towns-and-villages-to-visit\">Towns and villages to visit<\/h3>\n\n\n<p class=\"has-text-align-center gt-reveal-down has-medium-font-size\">In addition to <strong>Collioure<\/strong>, <strong>Port-Vendres<\/strong> and <strong>Banyuls-sur-Mer<\/strong>, the Pyr\u00e9n\u00e9es-Orientales region is brimming with <strong>treasures to discover<\/strong>. Here are some of the <strong>most beautiful villages and must-see sites<\/strong> you should visit during your stay: <\/p>\n\n\n\n<div style=\"height:2rem\" aria-hidden=\"true\" class=\"wp-block-spacer is-style-gt-hide-mobile\"><\/div>\n<\/div>\n<\/div>\n\n\n\n<div class=\"wp-block-group wp-container-content-1 is-layout-flow wp-block-group-is-layout-flow\">\n<figure class=\"wp-block-image size-full gt-reveal\"><img data-dominant-color=\"5c787f\" data-has-transparency=\"false\" style=\"--dominant-color: #5c787f;\" decoding=\"async\" width=\"640\" height=\"961\" src=\"https:\/\/groupedelmar.fr\/wp-content\/uploads\/2024\/11\/notre-selection-de-sites-incontournables.webp\" alt=\"our selection of must-see sites\" class=\"wp-image-2292 not-transparent\" srcset=\"https:\/\/groupedelmar.fr\/wp-content\/uploads\/2024\/11\/notre-selection-de-sites-incontournables.webp 640w, https:\/\/groupedelmar.fr\/wp-content\/uploads\/2024\/11\/notre-selection-de-sites-incontournables-200x300.webp 200w\" sizes=\"(max-width: 640px) 100vw, 640px\" \/><\/figure>\n<\/div>\n<\/div>\n<\/div>\n\n<div class=\"wp-block-group alignfull is-layout-flow wp-block-group-is-layout-flow\" style=\"padding-right:var(--wp--preset--spacing--20);padding-left:var(--wp--preset--spacing--20)\">\n<div style=\"height:6rem\" aria-hidden=\"true\" class=\"wp-block-spacer\"><\/div>\n\n\n\n<div class=\"wp-block-group alignwide animated fadeIn slower is-layout-flow wp-block-group-is-layout-flow\" style=\"margin-top:0;padding-right:0;padding-left:0\">\n<p class=\"gt-sliding-text has-contrast-3-color has-text-color has-link-color has-sogo-font-family wp-elements-5b43db1ea2c294571996c65ef16eb934\" style=\"margin-top:0;margin-right:0;margin-bottom:0;margin-left:0;font-size:7vw;font-style:normal;font-weight:300;line-height:1;text-transform:uppercase\">Pyr\u00e9n\u00e9es-Orientales<\/p>\n<\/div>\n\n\n\n<figure class=\"wp-block-gallery alignfull has-nested-images columns-3 is-cropped wp-block-gallery-4 is-layout-flex wp-block-gallery-is-layout-flex\">\n<figure data-wp-context=\"{&quot;imageId&quot;:&quot;69f0b7d91f69c&quot;}\" data-wp-interactive=\"core\/image\" class=\"wp-block-image size-full gt-reveal wp-lightbox-container\"><img data-dominant-color=\"948663\" data-has-transparency=\"false\" style=\"--dominant-color: #948663;\" decoding=\"async\" width=\"606\" height=\"960\" data-wp-class--hide=\"state.isContentHidden\" data-wp-class--show=\"state.isContentVisible\" data-wp-init=\"callbacks.setButtonStyles\" data-wp-on-async--click=\"actions.showLightbox\" data-wp-on-async--load=\"callbacks.setButtonStyles\" data-wp-on-async-window--resize=\"callbacks.setButtonStyles\" src=\"https:\/\/groupedelmar.fr\/wp-content\/uploads\/2024\/11\/ruelle-port-vendres.webp\" alt=\"ruelle port vendres\" class=\"wp-image-2303 not-transparent\" srcset=\"https:\/\/groupedelmar.fr\/wp-content\/uploads\/2024\/11\/ruelle-port-vendres.webp 606w, https:\/\/groupedelmar.fr\/wp-content\/uploads\/2024\/11\/ruelle-port-vendres-189x300.webp 189w\" sizes=\"(max-width: 606px) 100vw, 606px\" \/><button\n\t\t\tclass=\"lightbox-trigger\"\n\t\t\ttype=\"button\"\n\t\t\taria-haspopup=\"dialog\"\n\t\t\taria-label=\"Enlarge image: ruelle port vendres\"\n\t\t\tdata-wp-init=\"callbacks.initTriggerButton\"\n\t\t\tdata-wp-on-async--click=\"actions.showLightbox\"\n\t\t\tdata-wp-style--right=\"state.imageButtonRight\"\n\t\t\tdata-wp-style--top=\"state.imageButtonTop\"\n\t\t>\n\t\t\t<svg xmlns=\"http:\/\/www.w3.org\/2000\/svg\" width=\"12\" height=\"12\" fill=\"none\" viewBox=\"0 0 12 12\">\n\t\t\t\t<path fill=\"#fff\" d=\"M2 0a2 2 0 0 0-2 2v2h1.5V2a.5.5 0 0 1 .5-.5h2V0H2Zm2 10.5H2a.5.5 0 0 1-.5-.5V8H0v2a2 2 0 0 0 2 2h2v-1.5ZM8 12v-1.5h2a.5.5 0 0 0 .5-.5V8H12v2a2 2 0 0 1-2 2H8Zm2-12a2 2 0 0 1 2 2v2h-1.5V2a.5.5 0 0 0-.5-.5H8V0h2Z\" \/>\n\t\t\t<\/svg>\n\t\t<\/button><\/figure>\n\n\n\n<figure data-wp-context=\"{&quot;imageId&quot;:&quot;69f0b7d91fb8e&quot;}\" data-wp-interactive=\"core\/image\" class=\"wp-block-image size-full gt-reveal-down wp-lightbox-container\"><img data-dominant-color=\"6f7a8b\" data-has-transparency=\"false\" style=\"--dominant-color: #6f7a8b;\" decoding=\"async\" width=\"606\" height=\"960\" data-wp-class--hide=\"state.isContentHidden\" data-wp-class--show=\"state.isContentVisible\" data-wp-init=\"callbacks.setButtonStyles\" data-wp-on-async--click=\"actions.showLightbox\" data-wp-on-async--load=\"callbacks.setButtonStyles\" data-wp-on-async-window--resize=\"callbacks.setButtonStyles\" src=\"https:\/\/groupedelmar.fr\/wp-content\/uploads\/2024\/11\/prades.webp\" alt=\"prades\" class=\"wp-image-2305 not-transparent\" srcset=\"https:\/\/groupedelmar.fr\/wp-content\/uploads\/2024\/11\/prades.webp 606w, https:\/\/groupedelmar.fr\/wp-content\/uploads\/2024\/11\/prades-189x300.webp 189w\" sizes=\"(max-width: 606px) 100vw, 606px\" \/><button\n\t\t\tclass=\"lightbox-trigger\"\n\t\t\ttype=\"button\"\n\t\t\taria-haspopup=\"dialog\"\n\t\t\taria-label=\"Enlarge image: prades\"\n\t\t\tdata-wp-init=\"callbacks.initTriggerButton\"\n\t\t\tdata-wp-on-async--click=\"actions.showLightbox\"\n\t\t\tdata-wp-style--right=\"state.imageButtonRight\"\n\t\t\tdata-wp-style--top=\"state.imageButtonTop\"\n\t\t>\n\t\t\t<svg xmlns=\"http:\/\/www.w3.org\/2000\/svg\" width=\"12\" height=\"12\" fill=\"none\" viewBox=\"0 0 12 12\">\n\t\t\t\t<path fill=\"#fff\" d=\"M2 0a2 2 0 0 0-2 2v2h1.5V2a.5.5 0 0 1 .5-.5h2V0H2Zm2 10.5H2a.5.5 0 0 1-.5-.5V8H0v2a2 2 0 0 0 2 2h2v-1.5ZM8 12v-1.5h2a.5.5 0 0 0 .5-.5V8H12v2a2 2 0 0 1-2 2H8Zm2-12a2 2 0 0 1 2 2v2h-1.5V2a.5.5 0 0 0-.5-.5H8V0h2Z\" \/>\n\t\t\t<\/svg>\n\t\t<\/button><\/figure>\n\n\n\n<figure data-wp-context=\"{&quot;imageId&quot;:&quot;69f0b7d920012&quot;}\" data-wp-interactive=\"core\/image\" class=\"wp-block-image size-full gt-reveal wp-lightbox-container\"><img data-dominant-color=\"787378\" data-has-transparency=\"false\" style=\"--dominant-color: #787378;\" decoding=\"async\" width=\"606\" height=\"960\" data-wp-class--hide=\"state.isContentHidden\" data-wp-class--show=\"state.isContentVisible\" data-wp-init=\"callbacks.setButtonStyles\" data-wp-on-async--click=\"actions.showLightbox\" data-wp-on-async--load=\"callbacks.setButtonStyles\" data-wp-on-async-window--resize=\"callbacks.setButtonStyles\" src=\"https:\/\/groupedelmar.fr\/wp-content\/uploads\/2024\/11\/marche-port-vendres.webp\" alt=\"port vendres market\" class=\"wp-image-2307 not-transparent\" srcset=\"https:\/\/groupedelmar.fr\/wp-content\/uploads\/2024\/11\/marche-port-vendres.webp 606w, https:\/\/groupedelmar.fr\/wp-content\/uploads\/2024\/11\/marche-port-vendres-189x300.webp 189w\" sizes=\"(max-width: 606px) 100vw, 606px\" \/><button\n\t\t\tclass=\"lightbox-trigger\"\n\t\t\ttype=\"button\"\n\t\t\taria-haspopup=\"dialog\"\n\t\t\taria-label=\"Enlarge image: port vendres market\"\n\t\t\tdata-wp-init=\"callbacks.initTriggerButton\"\n\t\t\tdata-wp-on-async--click=\"actions.showLightbox\"\n\t\t\tdata-wp-style--right=\"state.imageButtonRight\"\n\t\t\tdata-wp-style--top=\"state.imageButtonTop\"\n\t\t>\n\t\t\t<svg xmlns=\"http:\/\/www.w3.org\/2000\/svg\" width=\"12\" height=\"12\" fill=\"none\" viewBox=\"0 0 12 12\">\n\t\t\t\t<path fill=\"#fff\" d=\"M2 0a2 2 0 0 0-2 2v2h1.5V2a.5.5 0 0 1 .5-.5h2V0H2Zm2 10.5H2a.5.5 0 0 1-.5-.5V8H0v2a2 2 0 0 0 2 2h2v-1.5ZM8 12v-1.5h2a.5.5 0 0 0 .5-.5V8H12v2a2 2 0 0 1-2 2H8Zm2-12a2 2 0 0 1 2 2v2h-1.5V2a.5.5 0 0 0-.5-.5H8V0h2Z\" \/>\n\t\t\t<\/svg>\n\t\t<\/button><\/figure>\n\n\n\n<figure data-wp-context=\"{&quot;imageId&quot;:&quot;69f0b7d9204be&quot;}\" data-wp-interactive=\"core\/image\" class=\"wp-block-image size-full gt-reveal wp-lightbox-container\"><img data-dominant-color=\"6c94a0\" data-has-transparency=\"false\" style=\"--dominant-color: #6c94a0;\" decoding=\"async\" width=\"918\" height=\"918\" data-wp-class--hide=\"state.isContentHidden\" data-wp-class--show=\"state.isContentVisible\" data-wp-init=\"callbacks.setButtonStyles\" data-wp-on-async--click=\"actions.showLightbox\" data-wp-on-async--load=\"callbacks.setButtonStyles\" data-wp-on-async-window--resize=\"callbacks.setButtonStyles\" src=\"https:\/\/groupedelmar.fr\/wp-content\/uploads\/2024\/11\/bateaux-port-vendres.webp\" alt=\"boats port vendres\" class=\"wp-image-2309 not-transparent\" srcset=\"https:\/\/groupedelmar.fr\/wp-content\/uploads\/2024\/11\/bateaux-port-vendres.webp 918w, https:\/\/groupedelmar.fr\/wp-content\/uploads\/2024\/11\/bateaux-port-vendres-300x300.webp 300w, https:\/\/groupedelmar.fr\/wp-content\/uploads\/2024\/11\/bateaux-port-vendres-150x150.webp 150w, https:\/\/groupedelmar.fr\/wp-content\/uploads\/2024\/11\/bateaux-port-vendres-768x768.webp 768w, https:\/\/groupedelmar.fr\/wp-content\/uploads\/2024\/11\/bateaux-port-vendres-400x400.webp 400w, https:\/\/groupedelmar.fr\/wp-content\/uploads\/2024\/11\/bateaux-port-vendres-600x600.webp 600w\" sizes=\"(max-width: 918px) 100vw, 918px\" \/><button\n\t\t\tclass=\"lightbox-trigger\"\n\t\t\ttype=\"button\"\n\t\t\taria-haspopup=\"dialog\"\n\t\t\taria-label=\"Enlarge image: boats port vendres\"\n\t\t\tdata-wp-init=\"callbacks.initTriggerButton\"\n\t\t\tdata-wp-on-async--click=\"actions.showLightbox\"\n\t\t\tdata-wp-style--right=\"state.imageButtonRight\"\n\t\t\tdata-wp-style--top=\"state.imageButtonTop\"\n\t\t>\n\t\t\t<svg xmlns=\"http:\/\/www.w3.org\/2000\/svg\" width=\"12\" height=\"12\" fill=\"none\" viewBox=\"0 0 12 12\">\n\t\t\t\t<path fill=\"#fff\" d=\"M2 0a2 2 0 0 0-2 2v2h1.5V2a.5.5 0 0 1 .5-.5h2V0H2Zm2 10.5H2a.5.5 0 0 1-.5-.5V8H0v2a2 2 0 0 0 2 2h2v-1.5ZM8 12v-1.5h2a.5.5 0 0 0 .5-.5V8H12v2a2 2 0 0 1-2 2H8Zm2-12a2 2 0 0 1 2 2v2h-1.5V2a.5.5 0 0 0-.5-.5H8V0h2Z\" \/>\n\t\t\t<\/svg>\n\t\t<\/button><\/figure>\n\n\n\n<figure data-wp-context=\"{&quot;imageId&quot;:&quot;69f0b7d920939&quot;}\" data-wp-interactive=\"core\/image\" class=\"wp-block-image size-full gt-reveal-down wp-lightbox-container\"><img data-dominant-color=\"677a76\" data-has-transparency=\"false\" style=\"--dominant-color: #677a76;\" decoding=\"async\" width=\"918\" height=\"918\" data-wp-class--hide=\"state.isContentHidden\" data-wp-class--show=\"state.isContentVisible\" data-wp-init=\"callbacks.setButtonStyles\" data-wp-on-async--click=\"actions.showLightbox\" data-wp-on-async--load=\"callbacks.setButtonStyles\" data-wp-on-async-window--resize=\"callbacks.setButtonStyles\" src=\"https:\/\/groupedelmar.fr\/wp-content\/uploads\/2024\/11\/petite-plage-mediterranee.webp\" alt=\"petite plage mediterranee\" class=\"wp-image-2311 not-transparent\" srcset=\"https:\/\/groupedelmar.fr\/wp-content\/uploads\/2024\/11\/petite-plage-mediterranee.webp 918w, https:\/\/groupedelmar.fr\/wp-content\/uploads\/2024\/11\/petite-plage-mediterranee-300x300.webp 300w, https:\/\/groupedelmar.fr\/wp-content\/uploads\/2024\/11\/petite-plage-mediterranee-150x150.webp 150w, https:\/\/groupedelmar.fr\/wp-content\/uploads\/2024\/11\/petite-plage-mediterranee-768x768.webp 768w, https:\/\/groupedelmar.fr\/wp-content\/uploads\/2024\/11\/petite-plage-mediterranee-400x400.webp 400w, https:\/\/groupedelmar.fr\/wp-content\/uploads\/2024\/11\/petite-plage-mediterranee-600x600.webp 600w\" sizes=\"(max-width: 918px) 100vw, 918px\" \/><button\n\t\t\tclass=\"lightbox-trigger\"\n\t\t\ttype=\"button\"\n\t\t\taria-haspopup=\"dialog\"\n\t\t\taria-label=\"Enlarge image: petite plage mediterranee\"\n\t\t\tdata-wp-init=\"callbacks.initTriggerButton\"\n\t\t\tdata-wp-on-async--click=\"actions.showLightbox\"\n\t\t\tdata-wp-style--right=\"state.imageButtonRight\"\n\t\t\tdata-wp-style--top=\"state.imageButtonTop\"\n\t\t>\n\t\t\t<svg xmlns=\"http:\/\/www.w3.org\/2000\/svg\" width=\"12\" height=\"12\" fill=\"none\" viewBox=\"0 0 12 12\">\n\t\t\t\t<path fill=\"#fff\" d=\"M2 0a2 2 0 0 0-2 2v2h1.5V2a.5.5 0 0 1 .5-.5h2V0H2Zm2 10.5H2a.5.5 0 0 1-.5-.5V8H0v2a2 2 0 0 0 2 2h2v-1.5ZM8 12v-1.5h2a.5.5 0 0 0 .5-.5V8H12v2a2 2 0 0 1-2 2H8Zm2-12a2 2 0 0 1 2 2v2h-1.5V2a.5.5 0 0 0-.5-.5H8V0h2Z\" \/>\n\t\t\t<\/svg>\n\t\t<\/button><\/figure>\n<\/figure>\n\n\n\n<div style=\"height:2rem\" aria-hidden=\"true\" class=\"wp-block-spacer\"><\/div>\n<\/div>\n\n<div class=\"wp-block-group alignfull gt-reveal has-global-padding is-layout-constrained wp-container-core-group-is-layout-18 wp-block-group-is-layout-constrained\">\n<div style=\"height:6rem\" aria-hidden=\"true\" class=\"wp-block-spacer\"><\/div>\n\n\n\n<div class=\"wp-block-group alignwide animated fadeIn slower gt-hide-mobile is-layout-flow wp-block-group-is-layout-flow\" style=\"margin-top:0;margin-bottom:-33px;padding-right:0;padding-left:0\">\n<p class=\"gt-sliding-text has-contrast-3-color has-text-color has-link-color has-sogo-font-family wp-elements-b84cf9de70543b686b8f43327c167700\" style=\"margin-top:0;margin-right:0;margin-bottom:0;margin-left:0;font-size:7vw;font-style:normal;font-weight:300;line-height:1;text-transform:uppercase\">MUST-HAVES<\/p>\n<\/div>\n\n\n\n<div class=\"wp-block-group alignwide gt-break-mobile is-nowrap is-layout-flex wp-container-core-group-is-layout-17 wp-block-group-is-layout-flex\">\n<div class=\"wp-block-group wp-container-content-2 is-layout-flow wp-block-group-is-layout-flow\">\n<figure class=\"wp-block-image size-full gt-reveal\"><img data-dominant-color=\"5f7676\" data-has-transparency=\"false\" style=\"--dominant-color: #5f7676;\" decoding=\"async\" width=\"640\" height=\"960\" src=\"https:\/\/groupedelmar.fr\/wp-content\/uploads\/2024\/11\/villes-et-villages.webp\" alt=\"towns and villages\" class=\"wp-image-2944 not-transparent\" srcset=\"https:\/\/groupedelmar.fr\/wp-content\/uploads\/2024\/11\/villes-et-villages.webp 640w, https:\/\/groupedelmar.fr\/wp-content\/uploads\/2024\/11\/villes-et-villages-200x300.webp 200w\" sizes=\"(max-width: 640px) 100vw, 640px\" \/><\/figure>\n<\/div>\n\n\n\n<div class=\"wp-block-group has-global-padding is-layout-constrained wp-block-group-is-layout-constrained\">\n<div class=\"wp-block-group is-layout-flow wp-block-group-is-layout-flow\" style=\"padding-right:var(--wp--preset--spacing--30);padding-left:var(--wp--preset--spacing--30)\">\n<div style=\"height:10rem\" aria-hidden=\"true\" class=\"wp-block-spacer gt-hide-mobile\"><\/div>\n\n\n\n<figure class=\"wp-block-image aligncenter size-full gt-reveal-down\"><img data-dominant-color=\"b15526\" data-has-transparency=\"true\" style=\"--dominant-color: #b15526;\" decoding=\"async\" width=\"43\" height=\"21\" src=\"https:\/\/groupedelmar.fr\/wp-content\/uploads\/2024\/08\/separator.png\" alt=\"separator\" class=\"wp-image-150 has-transparency\"\/><\/figure>\n\n\n\n<p class=\"has-text-align-center gt-reveal-down has-medium-font-size\"><strong>Banyuls-sur-Mer<\/strong>: nestled at the foot of a terraced vineyard, <a href=\"https:\/\/www.banyuls-sur-mer.com\/\" target=\"_blank\" rel=\"noreferrer noopener\">Banyuls-sur-Mer<\/a> is a <strong>charming seaside resort<\/strong>. Known as the birthplace of Aristide Maillol, the town also attracts visitors with its palm-fringed <strong>marina<\/strong> and numerous family activities. You can visit its <strong>wine cellars<\/strong>, the <strong>Cerb\u00e8re-Banyuls marine nature reserve<\/strong>, the <a href=\"https:\/\/museemaillol.com\/\" target=\"_blank\" rel=\"noreferrer noopener\">museum of the famous Banyuls sculptor<\/a> and its seafront shops and caf\u00e9s.  <\/p>\n\n\n\n<p class=\"has-text-align-center gt-reveal-down has-medium-font-size\"><a href=\"https:\/\/www.tourisme-pyrenees-mediterranee.com\/explorer\/les-villages-incontournables-en-pyrenees-mediterranee\/port-vendres\/\" target=\"_blank\" rel=\"noreferrer noopener\">Port-Vendres<\/a>: 3 km from Collioure, this beautiful village has preserved its <strong>Catalan heritage<\/strong>. Its <strong>vineyards stretching as far as the eye can see<\/strong>, its <strong>sandy coves<\/strong> and numerous <strong>hiking trails<\/strong> give it a singular magic. The arrival of the fishing boats and the unloading of fish for the <strong>fish auction<\/strong> are the daily rhythms of the town.  <\/p>\n\n\n    <div id=\"gt-fse-lire-plus-69f0b7d921133\" class=\"gt-fse-lire-plus\" data-min-height=\"130\" style=\"background-color: #fff;\">\n        <input id=\"gt-fse-lire-plus-69f0b7d921133-toggle\" type=\"checkbox\" class=\"gt-fse-lire-plus__toggle\" \/>\n        <label for=\"gt-fse-lire-plus-69f0b7d921133-toggle\" class=\"gt-fse-lire-plus__toggle-label\">\n            <span>Lire plus<\/span>\n            <span>Lire moins<\/span>\n        <\/label>\n        <div class=\"gt-fse-lire-plus__content\" style=\"height: 130px;\">\n            \n\n<p class=\"has-text-align-center gt-reveal-down has-medium-font-size\"><strong>Cerb\u00e8re<\/strong>: an authentic Catalan town, <a href=\"https:\/\/www.tourisme-pyreneesorientales.com\/cerbere\" target=\"_blank\" rel=\"noreferrer noopener\">Cerb\u00e8re<\/a> is <strong>one of the most beautiful villages around Collioure<\/strong>. Its unique <strong>architectural heritage<\/strong> and <strong>unspoilt environment<\/strong> make it an ideal place to explore. Visit its <strong>international train station<\/strong>, <strong>Art Deco buildings<\/strong> such as the <strong>Cap Cerb\u00e8re lighthouse<\/strong> or the <strong>Hotel du Belv\u00e9d\u00e8re du Rayon Vert<\/strong>. Hiking enthusiasts will also appreciate the <strong>Cerb\u00e8re vineyards<\/strong> and the grouper-filled <strong>marine nature reserve<\/strong>, a delight for <strong>divers<\/strong>.   <\/p>\n\n\n\n<p class=\"has-text-align-center gt-reveal-down has-medium-font-size\">In addition to these villages, explore the <strong>organs of Ille-sur-T\u00eat<\/strong>, the <strong>yellow train<\/strong>, Les <strong>Bouillouses<\/strong>, the <strong>Saint-Martin du Canig\u00f3 abbey<\/strong>, and discover the hidden treasures of <strong>Prades <\/strong>and <strong>Villefranche-de-Conflent<\/strong> and much more&#8230;.<\/p>\n\n            <div class=\"gt-fse-lire-plus__gradient\" style=\"background: linear-gradient(to bottom,rgba(255,255,255,0) 0%,rgba(255,255,255,1) 100%);\"><\/div>\n        <\/div>\n    <\/div>\n    \n\n\n<div style=\"height:2rem\" aria-hidden=\"true\" class=\"wp-block-spacer is-style-gt-hide-mobile\"><\/div>\n<\/div>\n<\/div>\n<\/div>\n<\/div>\n\n<div class=\"wp-block-group alignfull gt-reveal is-nowrap is-layout-flex wp-container-core-group-is-layout-21 wp-block-group-is-layout-flex\">\n<div class=\"wp-block-cover gt-hide-mobile wp-container-content-3\" style=\"min-height:100vh;aspect-ratio:unset;aspect-ratio:unset;\"><img data-dominant-color=\"859693\" data-has-transparency=\"false\" style=\"--dominant-color: #859693;\" decoding=\"async\" width=\"381\" height=\"1065\" class=\"wp-block-cover__image-background wp-image-2297 not-transparent\" alt=\"les visites culturelles\" src=\"https:\/\/groupedelmar.fr\/wp-content\/uploads\/2024\/11\/les-visites-culturelles.webp\" data-object-fit=\"cover\" srcset=\"https:\/\/groupedelmar.fr\/wp-content\/uploads\/2024\/11\/les-visites-culturelles.webp 381w, https:\/\/groupedelmar.fr\/wp-content\/uploads\/2024\/11\/les-visites-culturelles-107x300.webp 107w, https:\/\/groupedelmar.fr\/wp-content\/uploads\/2024\/11\/les-visites-culturelles-366x1024.webp 366w\" sizes=\"(max-width: 381px) 100vw, 381px\" \/><span aria-hidden=\"true\" class=\"wp-block-cover__background has-background-dim-20 has-background-dim\"><\/span><div class=\"wp-block-cover__inner-container has-global-padding is-layout-constrained wp-block-cover-is-layout-constrained\">\n<p class=\"has-text-align-center has-large-font-size\"><\/p>\n<\/div><\/div>\n\n\n\n<div class=\"wp-block-cover has-custom-content-position is-position-top-center wp-container-content-4\" style=\"padding-top:0;padding-bottom:0;min-height:100vh;aspect-ratio:unset;aspect-ratio:unset;\"><img data-dominant-color=\"58838d\" data-has-transparency=\"false\" style=\"--dominant-color: #58838d;\" decoding=\"async\" width=\"1514\" height=\"1065\" class=\"wp-block-cover__image-background wp-image-2299 not-transparent\" alt=\"massif du canigou\" src=\"https:\/\/groupedelmar.fr\/wp-content\/uploads\/2024\/11\/massif-du-canigou.webp\" data-object-fit=\"cover\" srcset=\"https:\/\/groupedelmar.fr\/wp-content\/uploads\/2024\/11\/massif-du-canigou.webp 1514w, https:\/\/groupedelmar.fr\/wp-content\/uploads\/2024\/11\/massif-du-canigou-300x211.webp 300w, https:\/\/groupedelmar.fr\/wp-content\/uploads\/2024\/11\/massif-du-canigou-1024x720.webp 1024w, https:\/\/groupedelmar.fr\/wp-content\/uploads\/2024\/11\/massif-du-canigou-768x540.webp 768w\" sizes=\"(max-width: 1514px) 100vw, 1514px\" \/><span aria-hidden=\"true\" class=\"wp-block-cover__background has-background-dim-30 has-background-dim\"><\/span><div class=\"wp-block-cover__inner-container has-global-padding is-layout-constrained wp-container-core-cover-is-layout-2 wp-block-cover-is-layout-constrained\">\n<div class=\"wp-block-group gt-reveal-down has-global-padding is-layout-constrained wp-container-core-group-is-layout-20 wp-block-group-is-layout-constrained\">\n<div class=\"wp-block-group has-contrast-3-background-color has-background is-layout-flow wp-block-group-is-layout-flow\" style=\"min-height:12rem\"><\/div>\n<\/div>\n\n\n\n<figure class=\"wp-block-image aligncenter size-full gt-reveal-down wp-duotone-e5e0ce-ffffff-5\"><img data-dominant-color=\"b15526\" data-has-transparency=\"true\" style=\"--dominant-color: #b15526;\" decoding=\"async\" width=\"43\" height=\"21\" src=\"https:\/\/groupedelmar.fr\/wp-content\/uploads\/2024\/08\/separator.png\" alt=\"separator\" class=\"wp-image-150 has-transparency\"\/><\/figure>\n\n\n\n<div style=\"height:1rem\" aria-hidden=\"true\" class=\"wp-block-spacer\"><\/div>\n\n\n<h3 class=\"wp-block-heading has-text-align-center has-base-color has-text-color has-link-color has-large-font-size wp-elements-6f947da314e734f39408604e6f54d1fe\" id=\"cultural-visits\">Cultural visits<\/h3>\n\n\n<p class=\"has-text-align-center has-base-color has-text-color has-link-color has-medium-font-size wp-elements-f7b643b64f2e5568fd33f062d9e1f257\">The Pyr\u00e9n\u00e9es-Orientales region is brimming with <strong>cultural treasures to explore<\/strong>. Here are just a few of the must-see places you should visit during your stay: <\/p>\n\n\n\n<p class=\"has-text-align-center has-base-color has-text-color has-link-color has-medium-font-size wp-elements-b4acdc89cac0020db44c0d016b958bd6\"><strong>Collioure<\/strong>: this charming coastal village is famous for its colorful alleyways, <strong>royal castle<\/strong> and <strong>artistic history<\/strong> linked to painters such as <strong>Matisse and Derain<\/strong>.<\/p>\n\n\n\n<p class=\"has-text-align-center has-base-color has-text-color has-link-color has-medium-font-size wp-elements-c556ce31dc2fe7409a2865c4be37f96b\"><a href=\"https:\/\/www.tourisme-pyreneesorientales.com\/le-train-jaune-0\" target=\"_blank\" rel=\"noreferrer noopener\">The yellow train<\/a>: board this <strong>picturesque train<\/strong> as it winds its way through the mountains, offering <strong>spectacular views <\/strong>of the Pyrenean landscape.<\/p>\n\n\n\n<p class=\"has-text-align-center has-base-color has-text-color has-link-color has-medium-font-size wp-elements-554f2d6b48020adc52ce774f003e63ef\"><strong>Canig\u00f3 Grand Site<\/strong>: explore the Canigou massif, an exceptional hiking area with breathtaking panoramas.<\/p>\n\n\n\n<div style=\"height:var(--wp--preset--spacing--40)\" aria-hidden=\"true\" class=\"wp-block-spacer\"><\/div>\n<\/div><\/div>\n<\/div>\n\n<div class=\"wp-block-group alignfull gt-break-mobile is-content-justification-right is-nowrap is-layout-flex wp-container-core-group-is-layout-27 wp-block-group-is-layout-flex\">\n<div class=\"wp-block-group alignwide gt-absolute-text gt-hide-mobile wp-container-content-5 is-content-justification-right is-nowrap is-layout-flex wp-container-core-group-is-layout-22 wp-block-group-is-layout-flex\" style=\"margin-top:0;padding-right:0;padding-left:0\">\n<p class=\"gt-sliding-text-y has-contrast-3-color has-text-color has-link-color has-sogo-font-family wp-elements-63b50c14940852f7176de0854e83cd38\" style=\"margin-top:0;margin-right:0;margin-bottom:0;margin-left:0;font-size:7vw;font-style:normal;font-weight:300;line-height:1;text-transform:uppercase\">Visits<\/p>\n<\/div>\n\n\n\n<div class=\"wp-block-group has-accent-2-background-color has-background wp-container-content-6 is-layout-flow wp-block-group-is-layout-flow\">\n<div class=\"wp-block-group is-layout-flow wp-block-group-is-layout-flow\" style=\"padding-top:0;padding-right:var(--wp--preset--spacing--60);padding-bottom:var(--wp--preset--spacing--30);padding-left:var(--wp--preset--spacing--60)\">\n<div class=\"wp-block-group gt-reveal-down has-global-padding is-layout-constrained wp-container-core-group-is-layout-24 wp-block-group-is-layout-constrained\" style=\"margin-top:-3rem\">\n<div class=\"wp-block-group has-contrast-3-background-color has-background is-layout-flow wp-block-group-is-layout-flow\" style=\"min-height:6rem\"><\/div>\n<\/div>\n\n\n\n<figure class=\"wp-block-image aligncenter size-full gt-reveal-down wp-duotone-a55a32-a55a32-6\"><img data-dominant-color=\"b15526\" data-has-transparency=\"true\" style=\"--dominant-color: #b15526;\" decoding=\"async\" width=\"43\" height=\"21\" src=\"https:\/\/groupedelmar.fr\/wp-content\/uploads\/2024\/08\/separator.png\" alt=\"separator\" class=\"wp-image-150 has-transparency\"\/><\/figure>\n\n\n\n<p class=\"has-text-align-center gt-reveal-down has-medium-font-size\"><a href=\"https:\/\/www.tourisme-pyreneesorientales.com\/site-classe-des-bouillouses\" target=\"_blank\" rel=\"noreferrer noopener\">Les Bouillouses<\/a>: hike around this <strong>mountain lake<\/strong>, surrounded by <strong>magnificent Alpine scenery<\/strong>.<\/p>\n\n\n\n<p class=\"has-text-align-center gt-reveal-down has-medium-font-size\"><a href=\"https:\/\/www.tourisme-pyreneesorientales.com\/abbaye-saint-martin-du-canigo\" target=\"_blank\" rel=\"noreferrer noopener\">Abbaye Saint-Martin-du-Canig\u00f3<\/a>: nestled in a peaceful setting, this <strong>medieval abbey<\/strong> offers a <strong>unique spiritual experience<\/strong>.<\/p>\n\n\n\n<p class=\"has-text-align-center gt-reveal-down has-medium-font-size\"><a href=\"https:\/\/www.memorialcamprivesaltes.eu\/\" target=\"_blank\" rel=\"noreferrer noopener\">Camp de Rivesaltes Memorial <\/a>: discover the history of the Rivesaltes concentration camp and its role in the <strong>Second World War<\/strong>.<\/p>\n\n\n\n<p class=\"has-text-align-center gt-reveal-down has-medium-font-size\"><a href=\"https:\/\/www.forteresse-salses.fr\/\" target=\"_blank\" rel=\"noreferrer noopener\">Salses fortress<\/a>: explore this <strong><sup>15th-century<\/sup> military fortress<\/strong>, an impressive example of military architecture.<\/p>\n\n\n\n<p class=\"has-text-align-center gt-reveal-down has-medium-font-size\"><a href=\"https:\/\/www.tourisme-pyreneesorientales.com\/palais-des-rois-de-majorque\" target=\"_blank\" rel=\"noreferrer noopener\">Palais des Rois de Majorque<\/a>: immerse yourself in history with a visit to this <strong>Gothic palace<\/strong> in Perpignan, <strong>former residence of the kings of Majorca<\/strong>.<\/p>\n\n\n\n<p class=\"has-text-align-center gt-reveal-down has-medium-font-size\"><a href=\"https:\/\/450000ans.com\/\" target=\"_blank\" rel=\"noreferrer noopener\">Tautavel Prehistory Museum<\/a>: immerse yourself in <strong>humanity&#8217;s distant past<\/strong> as you explore this <strong>fascinating museum<\/strong>.<\/p>\n\n\n\n<p class=\"has-text-align-center gt-reveal-down has-medium-font-size\">Make the most of your trip to this beautiful region.<\/p>\n<\/div>\n\n\n\n<div style=\"height:6rem\" aria-hidden=\"true\" class=\"wp-block-spacer\"><\/div>\n<\/div>\n<\/div>\n\n<div class=\"wp-block-group alignfull has-global-padding is-layout-constrained wp-block-group-is-layout-constrained\">\n<div style=\"height:6rem\" aria-hidden=\"true\" class=\"wp-block-spacer\"><\/div>\n\n\n\n<div class=\"wp-block-group alignfull gt-reveal gt-break-mobile is-content-justification-center is-nowrap is-layout-flex wp-container-core-group-is-layout-33 wp-block-group-is-layout-flex\">\n<div class=\"wp-block-group is-nowrap is-layout-flex wp-container-core-group-is-layout-32 wp-block-group-is-layout-flex\" style=\"padding-right:var(--wp--preset--spacing--20);padding-left:var(--wp--preset--spacing--20)\">\n<div class=\"wp-block-group has-global-padding is-layout-constrained wp-block-group-is-layout-constrained\">\n<div class=\"wp-block-group animated fadeInDown slow gt-reveal-down has-global-padding is-layout-constrained wp-container-core-group-is-layout-29 wp-block-group-is-layout-constrained\">\n<div class=\"wp-block-group gt-reveal-down has-contrast-3-background-color has-background is-layout-flow wp-block-group-is-layout-flow\" style=\"min-height:30rem\"><\/div>\n<\/div>\n\n\n\n<figure class=\"wp-block-image aligncenter size-full gt-reveal-down wp-duotone-e5e0ce-ffffff-7\"><img data-dominant-color=\"b15526\" data-has-transparency=\"true\" style=\"--dominant-color: #b15526;\" decoding=\"async\" width=\"43\" height=\"21\" src=\"https:\/\/groupedelmar.fr\/wp-content\/uploads\/2024\/08\/separator.png\" alt=\"separator\" class=\"wp-image-150 has-transparency\"\/><\/figure>\n<\/div>\n\n\n\n<div class=\"wp-block-group has-global-padding is-layout-constrained wp-block-group-is-layout-constrained\"><h3 class=\"wp-block-heading has-accent-color has-text-color has-link-color wp-elements-ae561459d80590a15f0824108154db5a\" id=\"family-visits\">Family visits<\/h3>\n\n\n<p class=\"has-medium-font-size\">The Pyr\u00e9n\u00e9es-Orientales offers a wide variety of family activities to make <strong>the most of your stay with the kids<\/strong>. Here are just a few ideas: <\/p>\n\n\n\n<p class=\"has-medium-font-size\"><a href=\"https:\/\/www.exterieur-nature.com\/\" target=\"_blank\" rel=\"noreferrer noopener\">Parc de loisirs Ext\u00e9rieur Nature in Marquixanes<\/a>: this park offers <strong>outdoor adventures<\/strong> such as <strong>accrobranche<\/strong>, <strong>canyoning<\/strong> and<strong>climbing<\/strong>. A day of adventure with friends or family! <\/p>\n\n\n\n<p class=\"has-medium-font-size\"><a href=\"https:\/\/www.ledepartement66.fr\/dossier\/le-chateau-royal-de-collioure\/\" target=\"_blank\" rel=\"noreferrer noopener\">Ch\u00e2teau royal de Collioure<\/a>: visit this historic castle with its breathtaking sea views. The town of Collioure is also well worth exploring. <\/p>\n\n\n    <div id=\"gt-fse-lire-plus-69f0b7d9228b9\" class=\"gt-fse-lire-plus\" data-min-height=\"130\" style=\"background-color: #fff;\">\n        <input id=\"gt-fse-lire-plus-69f0b7d9228b9-toggle\" type=\"checkbox\" class=\"gt-fse-lire-plus__toggle\" \/>\n        <label for=\"gt-fse-lire-plus-69f0b7d9228b9-toggle\" class=\"gt-fse-lire-plus__toggle-label\">\n            <span>Lire plus<\/span>\n            <span>Lire moins<\/span>\n        <\/label>\n        <div class=\"gt-fse-lire-plus__content\" style=\"height: 130px;\">\n            \n\n<p class=\"has-medium-font-size\"><strong>Orgues-d&#8217;Ille-sur-T\u00eat<\/strong>: discover these <strong>astonishing geological formations<\/strong>, sculpted by erosion and resembling <strong>giant organs<\/strong>, during a 45-minute walk.<\/p>\n\n\n\n<p class=\"has-medium-font-size\"><a href=\"https:\/\/www.pyrenees-cerdagne.com\/activites-pleine-nature\/la-randonnee-dans-les-pyrenees\/le-lac-des-bouillouses\" target=\"_blank\" rel=\"noreferrer noopener\">Lac des Bouillouses<\/a>: enjoy a walk around this <strong>mountain lake<\/strong>, surrounded by <strong>magnificent scenery<\/strong>.<\/p>\n\n\n\n<p class=\"has-medium-font-size\"><a href=\"https:\/\/www.grottescanalettes.com\/\" target=\"_blank\" rel=\"noreferrer noopener\">Grotte des Canalettes<\/a>: explore this cave with a <strong>sound and light show<\/strong> highlighting its natural architecture.<\/p>\n\n\n\n<p class=\"has-medium-font-size\"><a href=\"https:\/\/parc-animalier.faune-pyreneenne.fr\/\" target=\"_blank\" rel=\"noreferrer noopener\">Parc animalier des Angles<\/a>: get up close to the animals in this <strong>mountain nature park<\/strong><\/p>\n\n\n\n<p class=\"has-medium-font-size\"><a href=\"https:\/\/www.lavalleedestortues.fr\/\" target=\"_blank\" rel=\"noreferrer noopener\">La Vall\u00e9e des Tortues<\/a>: discover <strong>turtles and tortoises<\/strong> for the pleasure of young and old.<\/p>\n\n\n\n<p class=\"has-medium-font-size\">Enjoy family activities in this beautiful region!<\/p>\n\n            <div class=\"gt-fse-lire-plus__gradient\" style=\"background: linear-gradient(to bottom,rgba(255,255,255,0) 0%,rgba(255,255,255,1) 100%);\"><\/div>\n        <\/div>\n    <\/div>\n    <\/div>\n<\/div>\n\n\n\n<figure class=\"wp-block-image size-full\"><img data-dominant-color=\"919281\" data-has-transparency=\"false\" style=\"--dominant-color: #919281;\" decoding=\"async\" width=\"1108\" height=\"738\" src=\"https:\/\/groupedelmar.fr\/wp-content\/uploads\/2024\/11\/visites-familiales.webp\" alt=\"family visits\" class=\"wp-image-2947 not-transparent\" srcset=\"https:\/\/groupedelmar.fr\/wp-content\/uploads\/2024\/11\/visites-familiales.webp 1108w, https:\/\/groupedelmar.fr\/wp-content\/uploads\/2024\/11\/visites-familiales-300x200.webp 300w, https:\/\/groupedelmar.fr\/wp-content\/uploads\/2024\/11\/visites-familiales-1024x682.webp 1024w, https:\/\/groupedelmar.fr\/wp-content\/uploads\/2024\/11\/visites-familiales-768x512.webp 768w\" sizes=\"(max-width: 1108px) 100vw, 1108px\" \/><\/figure>\n<\/div>\n\n\n\n<div style=\"height:6rem\" aria-hidden=\"true\" class=\"wp-block-spacer\"><\/div>\n<\/div>\n\n<div class=\"wp-block-group alignfull has-global-padding is-layout-constrained wp-block-group-is-layout-constrained\" id=\"activites\">\n<div class=\"wp-block-group alignfull gt-reveal gt-break-mobile is-content-justification-center is-nowrap is-layout-flex wp-container-core-group-is-layout-37 wp-block-group-is-layout-flex\">\n<figure class=\"wp-block-image size-full\"><img data-dominant-color=\"869d96\" data-has-transparency=\"false\" style=\"--dominant-color: #869d96;\" decoding=\"async\" width=\"662\" height=\"531\" src=\"https:\/\/groupedelmar.fr\/wp-content\/uploads\/2024\/11\/activites-familiales-pour-des-moments-ludiques.webp\" alt=\"family activities for fun times\" class=\"wp-image-2951 not-transparent\" srcset=\"https:\/\/groupedelmar.fr\/wp-content\/uploads\/2024\/11\/activites-familiales-pour-des-moments-ludiques.webp 662w, https:\/\/groupedelmar.fr\/wp-content\/uploads\/2024\/11\/activites-familiales-pour-des-moments-ludiques-300x241.webp 300w\" sizes=\"(max-width: 662px) 100vw, 662px\" \/><\/figure>\n\n\n\n<div class=\"wp-block-group is-nowrap is-layout-flex wp-container-core-group-is-layout-36 wp-block-group-is-layout-flex\" style=\"padding-right:var(--wp--preset--spacing--20);padding-left:var(--wp--preset--spacing--20)\">\n<div class=\"wp-block-group has-global-padding is-layout-constrained wp-block-group-is-layout-constrained\"><h2 class=\"wp-block-heading has-accent-color has-text-color has-link-color wp-elements-521d8bb89dfe07c0ef1fdb8aebb6cd79\" id=\"activities-near-our-facilitiesin-argeles-sur-mer\">Activities <br>near our facilities<br>in Argel\u00e8s-sur-Mer<\/h2>\n\n\n<p class=\"has-medium-font-size\">Argel\u00e8s-sur-Mer, located in the Pyr\u00e9n\u00e9es-Orientales region, offers a wide variety of <strong>activities to suit all tastes<\/strong>. Here are just a few of the <strong>must-sees<\/strong> near your establishment: <\/p>\n\n\n    <div id=\"gt-fse-lire-plus-69f0b7d9230bc\" class=\"gt-fse-lire-plus\" data-min-height=\"130\" style=\"background-color: #fff;\">\n        <input id=\"gt-fse-lire-plus-69f0b7d9230bc-toggle\" type=\"checkbox\" class=\"gt-fse-lire-plus__toggle\" \/>\n        <label for=\"gt-fse-lire-plus-69f0b7d9230bc-toggle\" class=\"gt-fse-lire-plus__toggle-label\">\n            <span>Lire plus<\/span>\n            <span>Lire moins<\/span>\n        <\/label>\n        <div class=\"gt-fse-lire-plus__content\" style=\"height: 130px;\">\n            \n\n<p class=\"has-medium-font-size\"><strong>Sentier du Littoral<\/strong>:<a href=\"https:\/\/www.tripadvisor.fr\/Attractions-g196598-Activities-Argeles_sur_Mer_Pyrenees_Orientales_Occitanie.html\" target=\"_blank\" rel=\"noreferrer noopener\"> enjoy a beautiful walk along the coast, with <strong>panoramic views<\/strong> of the sea and surrounding countryside.<\/a> <br\/><a href=\"https:\/\/www.paradise-aventures.com\/fr\/parcs-et-attractions\/canyoning-park\/\" target=\"_blank\" rel=\"noreferrer noopener\">Canyoning Park<\/a>: for adventure-seekers, try canyoning in an<strong> exceptional natural setting<\/strong>. <br\/><strong>Tour de la Massane<\/strong>: hike up to this tower for <strong>spectacular views<\/strong> over the region. <br\/><strong>Seafront promenade<\/strong>: stroll along the beach, enjoy the shade of the pedestrian walkways and admire the sea view. <br\/><a href=\"https:\/\/www.ferme-de-decouverte.fr\/\" target=\"_blank\" rel=\"noreferrer noopener\">Ferme de D\u00e9couverte Saint-Andr\u00e9<\/a>: get up close to the animals and take part in <strong>fun activities<\/strong> for your family. <br\/><strong>Plage du Racou <\/strong>: relax on this <strong>picturesque beach<\/strong>, ideal for swimming and walking. <br\/><strong>Parc de Valmy <\/strong>: with its <strong>green spaces<\/strong> and <strong>picnic areas<\/strong>, this is the perfect place to <strong>relax<\/strong>.<\/p>\n\n\n\n<p class=\"has-medium-font-size\">Make the most of your stay in Argel\u00e8s-sur-Mer!<\/p>\n\n            <div class=\"gt-fse-lire-plus__gradient\" style=\"background: linear-gradient(to bottom,rgba(255,255,255,0) 0%,rgba(255,255,255,1) 100%);\"><\/div>\n        <\/div>\n    <\/div>\n    <\/div>\n<\/div>\n<\/div>\n\n\n\n<div class=\"wp-block-group alignfull gt-reveal gt-break-mobile is-content-justification-center is-nowrap is-layout-flex wp-container-core-group-is-layout-40 wp-block-group-is-layout-flex\">\n<div class=\"wp-block-group is-nowrap is-layout-flex wp-container-core-group-is-layout-39 wp-block-group-is-layout-flex\" style=\"padding-right:var(--wp--preset--spacing--20);padding-left:var(--wp--preset--spacing--20)\">\n<div class=\"wp-block-group has-global-padding is-layout-constrained wp-block-group-is-layout-constrained\"><h3 class=\"wp-block-heading has-accent-color has-text-color has-link-color wp-elements-92db2eecf154396eb2f2f8b568ef9c9f\" id=\"family-activities-for-fun-and-friendship\">Family activities <br>for fun and friendship<\/h3>\n\n\n<p class=\"has-medium-font-size\">Argel\u00e8s-sur-Mer and the Del Mar campsite offer a multitude of <strong>family activities in July and August<\/strong> for fun-filled moments:<\/p>\n\n\n\n<p class=\"has-medium-font-size\"><a href=\"https:\/\/camping-del-mar.com\/en\/camping-activities-entertainment-argeles-sur-mer\/#club-enfant\" target=\"_blank\" rel=\"noreferrer noopener\">Kids&#8217; Club<\/a>; free entertainment for children aged 6 and over, with mini-discos, treasure hunts and more. <br\/><a href=\"https:\/\/camping-del-mar.com\/en\/camping-activities-entertainment-argeles-sur-mer\/#soirees-animees\" target=\"_blank\" rel=\"noreferrer noopener\">Evening Shows<\/a>; enjoy lively evenings with dancing, interactive games and karaoke. <br\/><a href=\"https:\/\/camping-del-mar.com\/en\/camping-activities-entertainment-argeles-sur-mer\/#activites\" target=\"_blank\" rel=\"noreferrer noopener\">Sports activities<\/a>: soccer, p\u00e9tanque, tennis and table tennis <strong>tournaments<\/strong> for <strong>all levels<\/strong>. <br\/>Close to <a href=\"https:\/\/www.paradise-aventures.com\/fr\/parcs-et-attractions\/argeles-aventure\/\" target=\"_blank\" rel=\"noreferrer noopener\">Argel\u00e8s Aventure<\/a>: just 550 m from the campsite, discover sensational activities such as <strong>canyoning<\/strong> and <strong>accrobranche<\/strong>.<\/p>\n\n\n\n<p class=\"has-medium-font-size\">Enjoy a fun-filled family vacation! <\/p>\n<\/div>\n<\/div>\n\n\n\n<figure class=\"wp-block-image size-full\"><img data-dominant-color=\"8aa0ab\" data-has-transparency=\"false\" style=\"--dominant-color: #8aa0ab;\" decoding=\"async\" width=\"662\" height=\"531\" src=\"https:\/\/groupedelmar.fr\/wp-content\/uploads\/2024\/11\/activites-a-retrouver-pres-de-nos-etablissements.webp\" alt=\"activities to be found near our facilities\" class=\"wp-image-2953 not-transparent\" srcset=\"https:\/\/groupedelmar.fr\/wp-content\/uploads\/2024\/11\/activites-a-retrouver-pres-de-nos-etablissements.webp 662w, https:\/\/groupedelmar.fr\/wp-content\/uploads\/2024\/11\/activites-a-retrouver-pres-de-nos-etablissements-300x241.webp 300w\" sizes=\"(max-width: 662px) 100vw, 662px\" \/><\/figure>\n<\/div>\n\n\n\n<div style=\"height:6rem\" aria-hidden=\"true\" class=\"wp-block-spacer\"><\/div>\n<\/div>\n\n<div class=\"wp-block-group alignfull gt-reveal is-nowrap is-layout-flex wp-container-core-group-is-layout-44 wp-block-group-is-layout-flex\">\n<div class=\"wp-block-cover gt-hide-mobile wp-container-content-7\" style=\"min-height:100vh;aspect-ratio:unset;aspect-ratio:unset;\"><img data-dominant-color=\"708a80\" data-has-transparency=\"false\" style=\"--dominant-color: #708a80;\" decoding=\"async\" width=\"333\" height=\"1332\" class=\"wp-block-cover__image-background wp-image-2956 not-transparent\" alt=\"randonnees et activites de plein air\" src=\"https:\/\/groupedelmar.fr\/wp-content\/uploads\/2024\/11\/randonnees-et-activites-de-plein-air.webp\" data-object-fit=\"cover\" srcset=\"https:\/\/groupedelmar.fr\/wp-content\/uploads\/2024\/11\/randonnees-et-activites-de-plein-air.webp 333w, https:\/\/groupedelmar.fr\/wp-content\/uploads\/2024\/11\/randonnees-et-activites-de-plein-air-75x300.webp 75w, https:\/\/groupedelmar.fr\/wp-content\/uploads\/2024\/11\/randonnees-et-activites-de-plein-air-256x1024.webp 256w\" sizes=\"(max-width: 333px) 100vw, 333px\" \/><span aria-hidden=\"true\" class=\"wp-block-cover__background has-background-dim-10 has-background-dim\"><\/span><div class=\"wp-block-cover__inner-container has-global-padding is-layout-constrained wp-block-cover-is-layout-constrained\">\n<p class=\"has-text-align-center has-large-font-size\"><\/p>\n<\/div><\/div>\n\n\n\n<div class=\"wp-block-cover has-custom-content-position is-position-top-center wp-container-content-8\" style=\"padding-top:0;padding-bottom:0;min-height:100vh;aspect-ratio:unset;aspect-ratio:unset;\"><img data-dominant-color=\"83845e\" data-has-transparency=\"false\" style=\"--dominant-color: #83845e;\" decoding=\"async\" width=\"1562\" height=\"1332\" class=\"wp-block-cover__image-background wp-image-2958 not-transparent\" alt=\"vtt activites de plein air\" src=\"https:\/\/groupedelmar.fr\/wp-content\/uploads\/2024\/11\/vtt-activites-de-plein-air.webp\" data-object-fit=\"cover\" srcset=\"https:\/\/groupedelmar.fr\/wp-content\/uploads\/2024\/11\/vtt-activites-de-plein-air.webp 1562w, https:\/\/groupedelmar.fr\/wp-content\/uploads\/2024\/11\/vtt-activites-de-plein-air-300x256.webp 300w, https:\/\/groupedelmar.fr\/wp-content\/uploads\/2024\/11\/vtt-activites-de-plein-air-1024x873.webp 1024w, https:\/\/groupedelmar.fr\/wp-content\/uploads\/2024\/11\/vtt-activites-de-plein-air-768x655.webp 768w, https:\/\/groupedelmar.fr\/wp-content\/uploads\/2024\/11\/vtt-activites-de-plein-air-1536x1310.webp 1536w\" sizes=\"(max-width: 1562px) 100vw, 1562px\" \/><span aria-hidden=\"true\" class=\"wp-block-cover__background has-background-dim-20 has-background-dim\"><\/span><div class=\"wp-block-cover__inner-container has-global-padding is-layout-constrained wp-container-core-cover-is-layout-4 wp-block-cover-is-layout-constrained\">\n<div class=\"wp-block-group gt-reveal-down has-global-padding is-layout-constrained wp-container-core-group-is-layout-43 wp-block-group-is-layout-constrained\">\n<div class=\"wp-block-group has-contrast-3-background-color has-background is-layout-flow wp-block-group-is-layout-flow\" style=\"min-height:12rem\"><\/div>\n<\/div>\n\n\n\n<figure class=\"wp-block-image aligncenter size-full gt-reveal-down wp-duotone-e5e0ce-ffffff-8\"><img data-dominant-color=\"b15526\" data-has-transparency=\"true\" style=\"--dominant-color: #b15526;\" decoding=\"async\" width=\"43\" height=\"21\" src=\"https:\/\/groupedelmar.fr\/wp-content\/uploads\/2024\/08\/separator.png\" alt=\"separator\" class=\"wp-image-150 has-transparency\"\/><\/figure>\n\n\n\n<div style=\"height:1rem\" aria-hidden=\"true\" class=\"wp-block-spacer\"><\/div>\n\n\n<h3 class=\"wp-block-heading has-text-align-center has-base-color has-text-color has-link-color has-large-font-size wp-elements-33985e701d58a199fe8c23c5f41d01fb\" id=\"hiking-and-outdoor-activities-for-a-dynamic-vacation\">Hiking and outdoor activities <br>for a dynamic vacation<\/h3>\n\n\n<p class=\"has-text-align-center has-base-color has-text-color has-link-color has-medium-font-size wp-elements-135fe62d21487f66680221e5adfec7c9\">When you stay at one of the Del Mar Village Group establishments in Argel\u00e8s-sur-Mer, you&#8217;ll be able to take advantage of a wide range of facilities, including<strong> <\/strong><strong>outdoor activities<\/strong> for a <strong>dynamic vacation<\/strong>. Here are a few suggestions: <\/p>\n\n\n\n<p class=\"has-text-align-center has-base-color has-text-color has-link-color has-medium-font-size wp-elements-ba8aa55e0fe5331cccd8231a1c170a2d\"><strong>Tour de la Massane<\/strong>: a <strong>must-do hike<\/strong> with <strong>panoramic views<\/strong> of the Alb\u00e8res massif, Roussillon, Canigou and the Mediterranean.<\/p>\n\n\n\n<p class=\"has-text-align-center has-base-color has-text-color has-link-color has-medium-font-size wp-elements-abc4f23b5c3c2f0d78cf482307d254be\"><strong>Sentier du Littoral<\/strong>: enjoy a walk along the coast with spectacular views.<\/p>\n\n\n\n<p class=\"has-text-align-center has-base-color has-text-color has-link-color has-medium-font-size wp-elements-577d6d8da13f3ba222a5d89b78ad0dbf\"><strong>Massif du Canigou<\/strong>: explore this mountain range for nature hikes.<\/p>\n\n\n\n<p class=\"has-text-align-center has-base-color has-text-color has-link-color has-medium-font-size wp-elements-91b450a75735862c38e218920da1fae7\"><strong>Gorges de la Caran\u00e7a<\/strong>: discover these impressive gorges on a hike.<\/p>\n\n\n\n<div style=\"height:var(--wp--preset--spacing--40)\" aria-hidden=\"true\" class=\"wp-block-spacer\"><\/div>\n<\/div><\/div>\n<\/div>\n\n<div class=\"wp-block-group alignfull gt-reveal has-global-padding is-layout-constrained wp-container-core-group-is-layout-49 wp-block-group-is-layout-constrained\">\n<div style=\"height:6rem\" aria-hidden=\"true\" class=\"wp-block-spacer\"><\/div>\n\n\n\n<div class=\"wp-block-group alignwide gt-break-mobile is-nowrap is-layout-flex wp-container-core-group-is-layout-48 wp-block-group-is-layout-flex\">\n<div class=\"wp-block-group wp-container-content-9 is-layout-flow wp-block-group-is-layout-flow\">\n<figure class=\"wp-block-image size-full gt-reveal\"><img data-dominant-color=\"b7c1d5\" data-has-transparency=\"false\" style=\"--dominant-color: #b7c1d5;\" decoding=\"async\" width=\"640\" height=\"960\" src=\"https:\/\/groupedelmar.fr\/wp-content\/uploads\/2024\/11\/les-activites-nautiques-pour-instants-aqualudiques-sous-le-soleil-mediterraneen.webp\" alt=\"water sports activities for aquatic moments under the Mediterranean sun\" class=\"wp-image-2321 not-transparent\" srcset=\"https:\/\/groupedelmar.fr\/wp-content\/uploads\/2024\/11\/les-activites-nautiques-pour-instants-aqualudiques-sous-le-soleil-mediterraneen.webp 640w, https:\/\/groupedelmar.fr\/wp-content\/uploads\/2024\/11\/les-activites-nautiques-pour-instants-aqualudiques-sous-le-soleil-mediterraneen-200x300.webp 200w\" sizes=\"(max-width: 640px) 100vw, 640px\" \/><\/figure>\n<\/div>\n\n\n\n<div class=\"wp-block-group has-global-padding is-layout-constrained wp-block-group-is-layout-constrained\">\n<div class=\"wp-block-group is-layout-flow wp-block-group-is-layout-flow\" style=\"padding-right:var(--wp--preset--spacing--30);padding-left:var(--wp--preset--spacing--30)\">\n<div style=\"height:10rem\" aria-hidden=\"true\" class=\"wp-block-spacer gt-hide-mobile\"><\/div>\n\n\n\n<figure class=\"wp-block-image aligncenter size-full gt-reveal-down\"><img data-dominant-color=\"b15526\" data-has-transparency=\"true\" style=\"--dominant-color: #b15526;\" decoding=\"async\" width=\"43\" height=\"21\" src=\"https:\/\/groupedelmar.fr\/wp-content\/uploads\/2024\/08\/separator.png\" alt=\"separator\" class=\"wp-image-150 has-transparency\"\/><\/figure>\n\n\n<h3 class=\"wp-block-heading has-accent-color has-text-color has-link-color wp-elements-241e5a1fd4cfb70143861a1f3f76ed63\" id=\"water-sports-activities-for-water-fun-under-the-mediterranean-sun\">Water sports activities for <br>water fun under <br>the Mediterranean sun<\/h3>\n\n\n<p class=\"has-medium-font-size\">Here are a few options, some of which are offered by <a href=\"https:\/\/aqua-plage-argeles.fr\/\" target=\"_blank\" rel=\"noreferrer noopener\">Club Aqua Plage Argel\u00e8s<\/a>:<\/p>\n\n\n\n<p class=\"has-medium-font-size\">Argel\u00e8s-sur-Mer, on the shores of the Mediterranean, is a seaside resort particularly suited to <strong>water sports<\/strong>. An ideal location for <strong>aquatic moments in the sun<\/strong>. <\/p>\n\n\n\n<p class=\"has-medium-font-size\"><strong>Sea kayaking <\/strong>: explore the rocky coastline, the creeks of Collioure, Paulilles Bay and the Banyuls marine reserve with an instructor. <br\/><strong>Stand Up Paddle<\/strong> (SUP): rent a SUP and enjoy the beauty of the coast and Collioure on your own. <br\/><strong>Scuba diving<\/strong>: discover marine life with local diving schools. <br\/><strong>Boat trips<\/strong>: <a href=\"https:\/\/www.argeles-sur-mer.com\/cap-mediteranee\/les-activites-mer\/toutes-les-activites-nautiques\/\" target=\"_blank\" rel=\"noreferrer noopener\">embark on sea excursions and explore the riches of the marine park.<\/a> <br\/>Motorboat <strong>rental<\/strong>: if you prefer to sail in complete freedom, opt for boat rental with or without a license.<\/p>\n\n\n\n<p class=\"has-medium-font-size\">Make the most of your active vacation on the Mediterranean!<\/p>\n\n\n\n<div style=\"height:2rem\" aria-hidden=\"true\" class=\"wp-block-spacer is-style-gt-hide-mobile\"><\/div>\n<\/div>\n<\/div>\n<\/div>\n<\/div>\n\n<div style=\"height:6rem\" aria-hidden=\"true\" class=\"wp-block-spacer\"><\/div>\n\n<div class=\"wp-block-group alignfull is-layout-flow wp-block-group-is-layout-flow\" style=\"padding-bottom:0\">\n<div class=\"wp-block-group alignwide animated fadeIn slower is-layout-flow wp-block-group-is-layout-flow\" style=\"margin-top:0;margin-bottom:-33px;padding-right:0;padding-left:0\">\n<p class=\"gt-sliding-text has-contrast-3-color has-text-color has-link-color has-sogo-font-family wp-elements-b0a741a9e9fb60b5ab7efc0f9f29396c\" style=\"margin-top:0;margin-right:0;margin-bottom:0;margin-left:0;font-size:7vw;font-style:normal;font-weight:300;line-height:1;text-transform:uppercase\">DISCOVER<\/p>\n<\/div>\n\n\n\n<div class=\"wp-block-group gt-break-mobile is-layout-grid wp-container-core-group-is-layout-54 wp-block-group-is-layout-grid\" style=\"border-radius:2rem\">\n<div\n\tstyle=\"border-radius:0rem;\" class=\"gt-maillage-9 wp-block-gt-gt-fse-maillage\"\tdata-wp-interactive=\"gt\/maillage\"\n\tdata-wp-on--click=\"actions.ctaLoad\"\n\tdata-wp-context='{\"radius\":\"0rem\",\"hover_bg_color\":\"#132f44\",\"hover_text_color\":\"#ffffff\",\"hover_image_opacity\":0.5}'>\t\n\n\t\n\t\t\t\t\t\t\t\t\t<div \n\t\t\t\tclass=\"gt-fse-maillage-link gt-fse-maillage-image-zoom gt-fse-maillage-hover-background-color gt-fse-maillage-hover-text-color\"\n\t\t\t\tstyle=\"border-radius: 0rem\"\n\t\t\t\tdata-wp-on-async--mouseover=\"actions.mouseover\"\n\t\t\t>\n\t\t\t\t\t\t\t\t\t\t\t\n<div class=\"wp-block-group is-layout-flow wp-block-group-is-layout-flow\">\n<div style=\"aspect-ratio:16\/9;min-height:unset;aspect-ratio:16\/9;min-height:unset;\" class=\"wp-block-cover is-light has-custom-content-position is-position-bottom-right has-aspect-ratio\"><span aria-hidden=\"true\" class=\"wp-block-cover__background has-black-background-color has-background-dim\"><\/span><img decoding=\"async\" width=\"1920\" height=\"434\" src=\"https:\/\/groupedelmar.fr\/wp-content\/uploads\/2024\/11\/location-hebergement-argeles-sur-mer-groupe-del-mar.webp\" class=\"wp-block-cover__image-background not-transparent wp-post-image\" alt=\"accommodation rental argeles sur mer groupe del mar\" data-object-fit=\"cover\" srcset=\"https:\/\/groupedelmar.fr\/wp-content\/uploads\/2024\/11\/location-hebergement-argeles-sur-mer-groupe-del-mar.webp 1920w, https:\/\/groupedelmar.fr\/wp-content\/uploads\/2024\/11\/location-hebergement-argeles-sur-mer-groupe-del-mar-300x68.webp 300w, https:\/\/groupedelmar.fr\/wp-content\/uploads\/2024\/11\/location-hebergement-argeles-sur-mer-groupe-del-mar-1024x231.webp 1024w, https:\/\/groupedelmar.fr\/wp-content\/uploads\/2024\/11\/location-hebergement-argeles-sur-mer-groupe-del-mar-768x174.webp 768w, https:\/\/groupedelmar.fr\/wp-content\/uploads\/2024\/11\/location-hebergement-argeles-sur-mer-groupe-del-mar-1536x347.webp 1536w\" sizes=\"(max-width: 1920px) 100vw, 1920px\" data-has-transparency=\"false\" data-dominant-color=\"b4a381\" style=\"--dominant-color: #b4a381;\" \/><div class=\"wp-block-cover__inner-container has-global-padding is-layout-constrained wp-block-cover-is-layout-constrained\">\n\n\n\n<p style=\"font-weight:700;text-transform:uppercase;\" class=\"wp-elements-07611e8410ba885a13be86d25add2159 wp-block-gt-gt-fse-maillage-titre has-text-color has-base-color has-large-font-size has-sogo-font-family\">\n    Comfortable accommodation to rent in Argel\u00e8s-sur-Mer<\/p>\n\n<\/div><\/div>\n<\/div>\n\t\t\t\t\t\t\t<\/div>\n\t\t\t\t\t\t\t\t\t\t\t<div \n\t\t\t\tclass=\"gt-fse-maillage-link gt-fse-maillage-image-zoom gt-fse-maillage-hover-background-color gt-fse-maillage-hover-text-color\"\n\t\t\t\tstyle=\"border-radius: 0rem\"\n\t\t\t\tdata-wp-on-async--mouseover=\"actions.mouseover\"\n\t\t\t>\n\t\t\t\t\t\t\t\t\t\t\t\n<div class=\"wp-block-group is-layout-flow wp-block-group-is-layout-flow\">\n<div style=\"aspect-ratio:16\/9;min-height:unset;aspect-ratio:16\/9;min-height:unset;\" class=\"wp-block-cover is-light has-custom-content-position is-position-bottom-right has-aspect-ratio\"><span aria-hidden=\"true\" class=\"wp-block-cover__background has-black-background-color has-background-dim\"><\/span><img decoding=\"async\" width=\"1920\" height=\"434\" src=\"https:\/\/groupedelmar.fr\/wp-content\/uploads\/2024\/11\/piscine-groupe-del-mar.webp\" class=\"wp-block-cover__image-background not-transparent wp-post-image\" alt=\"piscine groupe del mar\" data-object-fit=\"cover\" srcset=\"https:\/\/groupedelmar.fr\/wp-content\/uploads\/2024\/11\/piscine-groupe-del-mar.webp 1920w, https:\/\/groupedelmar.fr\/wp-content\/uploads\/2024\/11\/piscine-groupe-del-mar-300x68.webp 300w, https:\/\/groupedelmar.fr\/wp-content\/uploads\/2024\/11\/piscine-groupe-del-mar-1024x231.webp 1024w, https:\/\/groupedelmar.fr\/wp-content\/uploads\/2024\/11\/piscine-groupe-del-mar-768x174.webp 768w, https:\/\/groupedelmar.fr\/wp-content\/uploads\/2024\/11\/piscine-groupe-del-mar-1536x347.webp 1536w\" sizes=\"(max-width: 1920px) 100vw, 1920px\" data-has-transparency=\"false\" data-dominant-color=\"6fb0ab\" style=\"--dominant-color: #6fb0ab;\" \/><div class=\"wp-block-cover__inner-container has-global-padding is-layout-constrained wp-block-cover-is-layout-constrained\">\n\n\n\n<p style=\"font-weight:700;text-transform:uppercase;\" class=\"wp-elements-07611e8410ba885a13be86d25add2159 wp-block-gt-gt-fse-maillage-titre has-text-color has-base-color has-large-font-size has-sogo-font-family\">\n    Aquatic area and swimming pool designed for your well-being in Pyr\u00e9n\u00e9es-Orientales, France<\/p>\n\n<\/div><\/div>\n<\/div>\n\t\t\t\t\t\t\t<\/div>\n\t\t\t\t\t\t\t\t\t\t\t<div \n\t\t\t\tclass=\"gt-fse-maillage-link gt-fse-maillage-image-zoom gt-fse-maillage-hover-background-color gt-fse-maillage-hover-text-color\"\n\t\t\t\tstyle=\"border-radius: 0rem\"\n\t\t\t\tdata-wp-on-async--mouseover=\"actions.mouseover\"\n\t\t\t>\n\t\t\t\t\t\t\t\t\t\t\t\n<div class=\"wp-block-group is-layout-flow wp-block-group-is-layout-flow\">\n<div style=\"aspect-ratio:16\/9;min-height:unset;aspect-ratio:16\/9;min-height:unset;\" class=\"wp-block-cover is-light has-custom-content-position is-position-bottom-right has-aspect-ratio\"><span aria-hidden=\"true\" class=\"wp-block-cover__background has-black-background-color has-background-dim\"><\/span><img decoding=\"async\" width=\"1920\" height=\"434\" src=\"https:\/\/groupedelmar.fr\/wp-content\/uploads\/2024\/11\/campings-residence-bord-de-plage.webp\" class=\"wp-block-cover__image-background not-transparent wp-post-image\" alt=\"campings residence bord de plage\" data-object-fit=\"cover\" srcset=\"https:\/\/groupedelmar.fr\/wp-content\/uploads\/2024\/11\/campings-residence-bord-de-plage.webp 1920w, https:\/\/groupedelmar.fr\/wp-content\/uploads\/2024\/11\/campings-residence-bord-de-plage-300x68.webp 300w, https:\/\/groupedelmar.fr\/wp-content\/uploads\/2024\/11\/campings-residence-bord-de-plage-1024x231.webp 1024w, https:\/\/groupedelmar.fr\/wp-content\/uploads\/2024\/11\/campings-residence-bord-de-plage-768x174.webp 768w, https:\/\/groupedelmar.fr\/wp-content\/uploads\/2024\/11\/campings-residence-bord-de-plage-1536x347.webp 1536w\" sizes=\"(max-width: 1920px) 100vw, 1920px\" data-has-transparency=\"false\" data-dominant-color=\"6a95a4\" style=\"--dominant-color: #6a95a4;\" \/><div class=\"wp-block-cover__inner-container has-global-padding is-layout-constrained wp-block-cover-is-layout-constrained\">\n\n\n\n<p style=\"font-weight:700;text-transform:uppercase;\" class=\"wp-elements-07611e8410ba885a13be86d25add2159 wp-block-gt-gt-fse-maillage-titre has-text-color has-base-color has-large-font-size has-sogo-font-family\">\n    Your holiday in paradise at campsites near the beaches of the Pyr\u00e9n\u00e9es-Orientales<\/p>\n\n<\/div><\/div>\n<\/div>\n\t\t\t\t\t\t\t<\/div>\n\t\t\t\t\t\t\t\t<\/div><\/div>\n\n\n\n<div style=\"height:6rem\" aria-hidden=\"true\" class=\"wp-block-spacer\"><\/div>\n<\/div>\n","protected":false},"excerpt":{"rendered":"<p>Discover our establishments The exceptional location of the establishments of Groupe Del Mar Village, in Argel\u00e8s-sur-Mer means you can make the most of your stay in the Pyr\u00e9n\u00e9es-Orientales, a region to be experienced&#8230; and discovered! Our selection of must-see sites Towns and villages to visit In addition to Collioure, Port-Vendres and Banyuls-sur-Mer, the Pyr\u00e9n\u00e9es-Orientales region [&hellip;]<\/p>\n","protected":false},"author":1,"featured_media":2545,"parent":0,"menu_order":0,"comment_status":"closed","ping_status":"closed","template":"","meta":{"_acf_changed":false,"_seopress_robots_primary_cat":"","_seopress_titles_title":"Discover the Pyr\u00e9n\u00e9es-Orientales: visits and activities","_seopress_titles_desc":"Enjoy an exceptional stay in one of our establishments ideally located in the Pyr\u00e9n\u00e9es-Orientales: typical villages, family visits and activities, outdoor activities...","_seopress_robots_index":"","_gt_ctv_global_id":"","_gt_ctv_id_group":false,"inline_featured_image":false,"gt_fse_maillage_image":"https:\/\/groupedelmar.fr\/wp-content\/uploads\/2024\/11\/tourisme-pyrenees-orientales.webp","gt_fse_maillage_titre":"The Pyr\u00e9n\u00e9es-Orientales, a region to discover","gt_fse_maillage_resume":"","_gt_maillage_image":0,"_gt_maillage_video":0,"_gt_maillage_title":"","footnotes":""},"categories":[],"tags":[],"class_list":["post-3726","page","type-page","status-publish","has-post-thumbnail","hentry"],"acf":[],"_links":{"self":[{"href":"https:\/\/groupedelmar.fr\/en\/wp-json\/wp\/v2\/pages\/3726","targetHints":{"allow":["GET"]}}],"collection":[{"href":"https:\/\/groupedelmar.fr\/en\/wp-json\/wp\/v2\/pages"}],"about":[{"href":"https:\/\/groupedelmar.fr\/en\/wp-json\/wp\/v2\/types\/page"}],"author":[{"embeddable":true,"href":"https:\/\/groupedelmar.fr\/en\/wp-json\/wp\/v2\/users\/1"}],"replies":[{"embeddable":true,"href":"https:\/\/groupedelmar.fr\/en\/wp-json\/wp\/v2\/comments?post=3726"}],"version-history":[{"count":7,"href":"https:\/\/groupedelmar.fr\/en\/wp-json\/wp\/v2\/pages\/3726\/revisions"}],"predecessor-version":[{"id":3991,"href":"https:\/\/groupedelmar.fr\/en\/wp-json\/wp\/v2\/pages\/3726\/revisions\/3991"}],"wp:featuredmedia":[{"embeddable":true,"href":"https:\/\/groupedelmar.fr\/en\/wp-json\/wp\/v2\/media\/2545"}],"wp:attachment":[{"href":"https:\/\/groupedelmar.fr\/en\/wp-json\/wp\/v2\/media?parent=3726"}],"wp:term":[{"taxonomy":"category","embeddable":true,"href":"https:\/\/groupedelmar.fr\/en\/wp-json\/wp\/v2\/categories?post=3726"},{"taxonomy":"post_tag","embeddable":true,"href":"https:\/\/groupedelmar.fr\/en\/wp-json\/wp\/v2\/tags?post=3726"}],"curies":[{"name":"wp","href":"https:\/\/api.w.org\/{rel}","templated":true}]}}